



{"id":1222,"date":"2014-12-17T01:06:42","date_gmt":"2014-12-17T01:06:42","guid":{"rendered":"http:\/\/www.faustyna.pl\/zmbm\/?page_id=1222"},"modified":"2025-12-29T21:33:17","modified_gmt":"2025-12-29T20:33:17","slug":"dziela-milosierdzia","status":"publish","type":"page","link":"https:\/\/www.faustyna.pl\/zmbm\/dziela-milosierdzia\/","title":{"rendered":"Dzie\u0142a Mi\u0142osierdzia"},"content":{"rendered":"\n<p><strong>D\u0118BLIN<br>Hospicjum \u015bw. Siostry Faustyny<\/strong><\/p>\n\n\n\n<div class=\"wp-block-media-text alignwide is-stacked-on-mobile\"><figure class=\"wp-block-media-text__media\"><img loading=\"lazy\" decoding=\"async\" width=\"1024\" height=\"610\" src=\"https:\/\/www.faustyna.pl\/zmbm\/wp-content\/uploads\/2023\/04\/Hospicjum_Deblin.jpg\" alt=\"\" class=\"wp-image-26116 size-full\" srcset=\"https:\/\/www.faustyna.pl\/zmbm\/wp-content\/uploads\/2023\/04\/Hospicjum_Deblin.jpg 1024w, https:\/\/www.faustyna.pl\/zmbm\/wp-content\/uploads\/2023\/04\/Hospicjum_Deblin-560x334.jpg 560w, https:\/\/www.faustyna.pl\/zmbm\/wp-content\/uploads\/2023\/04\/Hospicjum_Deblin-140x83.jpg 140w\" sizes=\"auto, (max-width: 1024px) 100vw, 1024px\" \/><\/figure><div class=\"wp-block-media-text__content\">\n<p>ul. Stawska 322<br>08-530 D\u0119blin<br>Tel.: 690 429 129<br>E-mail: hospicjum.deblin@gmail.com<\/p>\n\n\n\n<p><\/p>\n<\/div><\/div>\n\n\n\n<p><strong>E\u0141K<br>Dom \u015bw. Faustyny \u201ePomocna D\u0142o\u0144\u201d Caritas Diecezji E\u0142ckiej<\/strong><\/p>\n\n\n\n<div class=\"wp-block-media-text alignwide is-stacked-on-mobile\"><figure class=\"wp-block-media-text__media\"><img loading=\"lazy\" decoding=\"async\" width=\"1024\" height=\"609\" src=\"https:\/\/www.faustyna.pl\/zmbm\/wp-content\/uploads\/2021\/06\/Elk-dziela-milosierdzia.jpg\" alt=\"\" class=\"wp-image-21039 size-full\" srcset=\"https:\/\/www.faustyna.pl\/zmbm\/wp-content\/uploads\/2021\/06\/Elk-dziela-milosierdzia.jpg 1024w, https:\/\/www.faustyna.pl\/zmbm\/wp-content\/uploads\/2021\/06\/Elk-dziela-milosierdzia-560x333.jpg 560w, https:\/\/www.faustyna.pl\/zmbm\/wp-content\/uploads\/2021\/06\/Elk-dziela-milosierdzia-140x83.jpg 140w\" sizes=\"auto, (max-width: 1024px) 100vw, 1024px\" \/><\/figure><div class=\"wp-block-media-text__content\">\n<p>Wojska Polskiego 45<br>19-300 E\u0142k<br>woj. warmi\u0144sko-mazurskie<br>tel.: (0-87) 610 04 96<br>fax: (0-87) 610 04 96<\/p>\n<\/div><\/div>\n\n\n\n<p><strong>GI\u017bYCKO<br>Dom \u015bw. Faustyny \u201eWielkie Serce\u201d Caritas Diecezji E\u0142ckiej<\/strong><\/p>\n\n\n\n<div class=\"wp-block-media-text alignwide is-stacked-on-mobile\"><figure class=\"wp-block-media-text__media\"><img loading=\"lazy\" decoding=\"async\" width=\"1024\" height=\"608\" src=\"https:\/\/www.faustyna.pl\/zmbm\/wp-content\/uploads\/2021\/06\/Gizycko.jpg\" alt=\"\" class=\"wp-image-21040 size-full\" srcset=\"https:\/\/www.faustyna.pl\/zmbm\/wp-content\/uploads\/2021\/06\/Gizycko.jpg 1024w, https:\/\/www.faustyna.pl\/zmbm\/wp-content\/uploads\/2021\/06\/Gizycko-560x333.jpg 560w, https:\/\/www.faustyna.pl\/zmbm\/wp-content\/uploads\/2021\/06\/Gizycko-140x83.jpg 140w\" sizes=\"auto, (max-width: 1024px) 100vw, 1024px\" \/><\/figure><div class=\"wp-block-media-text__content\">\n<p>ul. Staszica 13<br>11-500 Gi\u017cycko<br>tel.: (0-87) 428 54 97<br>e-mail.: dom_sw_faustyny@poczta.onet.pl<\/p>\n<\/div><\/div>\n\n\n\n<p><strong>G\u0141OG\u00d3W<br>Parafialna \u015awietlica Socjoterapeutyczna im. \u015bw. Faustyny<\/strong><\/p>\n\n\n\n<div class=\"wp-block-media-text alignwide is-stacked-on-mobile\"><figure class=\"wp-block-media-text__media\"><img loading=\"lazy\" decoding=\"async\" width=\"1024\" height=\"609\" src=\"https:\/\/www.faustyna.pl\/zmbm\/wp-content\/uploads\/2021\/06\/Glogow-swietlica-sw-Faustyny.jpg\" alt=\"\" class=\"wp-image-21041 size-full\" srcset=\"https:\/\/www.faustyna.pl\/zmbm\/wp-content\/uploads\/2021\/06\/Glogow-swietlica-sw-Faustyny.jpg 1024w, https:\/\/www.faustyna.pl\/zmbm\/wp-content\/uploads\/2021\/06\/Glogow-swietlica-sw-Faustyny-560x333.jpg 560w, https:\/\/www.faustyna.pl\/zmbm\/wp-content\/uploads\/2021\/06\/Glogow-swietlica-sw-Faustyny-140x83.jpg 140w\" sizes=\"auto, (max-width: 1024px) 100vw, 1024px\" \/><\/figure><div class=\"wp-block-media-text__content\">\n<p>Parafii pw. Mi\u0142osierdzia Bo\u017cego<br>ul. Kr\u00f3lowej Jadwigi 1<br>67-200 G\u0142og\u00f3w<br>tel.: (0-76) 834 71 46<\/p>\n<\/div><\/div>\n\n\n\n<p><strong>GO\u0141DAP<br>Dom \u015bw. Faustyny \u201eNie L\u0119kajcie Si\u0119\u201d Caritas Diecezji E\u0142ckiej<\/strong><\/p>\n\n\n\n<div class=\"wp-block-media-text alignwide is-stacked-on-mobile\"><figure class=\"wp-block-media-text__media\"><img loading=\"lazy\" decoding=\"async\" width=\"1024\" height=\"609\" src=\"https:\/\/www.faustyna.pl\/zmbm\/wp-content\/uploads\/2021\/06\/Goldap-dom-SF.jpg\" alt=\"\" class=\"wp-image-21042 size-full\" srcset=\"https:\/\/www.faustyna.pl\/zmbm\/wp-content\/uploads\/2021\/06\/Goldap-dom-SF.jpg 1024w, https:\/\/www.faustyna.pl\/zmbm\/wp-content\/uploads\/2021\/06\/Goldap-dom-SF-560x333.jpg 560w, https:\/\/www.faustyna.pl\/zmbm\/wp-content\/uploads\/2021\/06\/Goldap-dom-SF-140x83.jpg 140w\" sizes=\"auto, (max-width: 1024px) 100vw, 1024px\" \/><\/figure><div class=\"wp-block-media-text__content\">\n<p>ul. Wojska Polskiego 16<br>19-500 Go\u0142dap<br>tel.: (0-87) 615 03 05<\/p>\n<\/div><\/div>\n\n\n\n<p><strong>KRASNOBR\u00d3D<br>Dom Pomocy Spo\u0142ecznej im. \u015bw. Siostry Faustyny<\/strong><\/p>\n\n\n\n<div class=\"wp-block-media-text alignwide is-stacked-on-mobile\"><figure class=\"wp-block-media-text__media\"><img loading=\"lazy\" decoding=\"async\" width=\"1024\" height=\"609\" src=\"https:\/\/www.faustyna.pl\/zmbm\/wp-content\/uploads\/2021\/06\/Krasnobrod.jpg\" alt=\"\" class=\"wp-image-21043 size-full\" srcset=\"https:\/\/www.faustyna.pl\/zmbm\/wp-content\/uploads\/2021\/06\/Krasnobrod.jpg 1024w, https:\/\/www.faustyna.pl\/zmbm\/wp-content\/uploads\/2021\/06\/Krasnobrod-560x333.jpg 560w, https:\/\/www.faustyna.pl\/zmbm\/wp-content\/uploads\/2021\/06\/Krasnobrod-140x83.jpg 140w\" sizes=\"auto, (max-width: 1024px) 100vw, 1024px\" \/><\/figure><div class=\"wp-block-media-text__content\">\n<p>ul Sanatoryjna 34<br>22-440 Krasnobr\u00f3d<br>tel.: 084-6607685<br>fax:084-6607686<br>e-mail: dpskrasnobrod@poczta.onet.pl<\/p>\n<\/div><\/div>\n\n\n\n<p><strong>\u0141\u0118CZNA<br>Powiatowy Szpital w \u0141\u0119cznej im. \u015bw. Siostry Faustyny<\/strong><\/p>\n\n\n\n<div class=\"wp-block-media-text alignwide is-stacked-on-mobile\"><figure class=\"wp-block-media-text__media\"><img loading=\"lazy\" decoding=\"async\" width=\"1024\" height=\"610\" src=\"https:\/\/www.faustyna.pl\/zmbm\/wp-content\/uploads\/2021\/06\/Leczna-szpital.jpg\" alt=\"\" class=\"wp-image-21044 size-full\" srcset=\"https:\/\/www.faustyna.pl\/zmbm\/wp-content\/uploads\/2021\/06\/Leczna-szpital.jpg 1024w, https:\/\/www.faustyna.pl\/zmbm\/wp-content\/uploads\/2021\/06\/Leczna-szpital-560x334.jpg 560w, https:\/\/www.faustyna.pl\/zmbm\/wp-content\/uploads\/2021\/06\/Leczna-szpital-140x83.jpg 140w\" sizes=\"auto, (max-width: 1024px) 100vw, 1024px\" \/><\/figure><div class=\"wp-block-media-text__content\">\n<p>Krasnystawska 52<br>21-010 \u0141\u0119czna<br>tel.: (0-81) 752 63 00<\/p>\n<\/div><\/div>\n\n\n\n<p><strong>\u0141\u0118CZYCA<br>Szpital im. \u015aw. Faustyny Kowalskiej<\/strong><\/p>\n\n\n\n<div class=\"wp-block-media-text alignwide is-stacked-on-mobile\"><figure class=\"wp-block-media-text__media\"><img loading=\"lazy\" decoding=\"async\" width=\"1024\" height=\"609\" src=\"https:\/\/www.faustyna.pl\/zmbm\/wp-content\/uploads\/2021\/06\/Leczyca-szpital.png\" alt=\"\" class=\"wp-image-21045 size-full\" srcset=\"https:\/\/www.faustyna.pl\/zmbm\/wp-content\/uploads\/2021\/06\/Leczyca-szpital.png 1024w, https:\/\/www.faustyna.pl\/zmbm\/wp-content\/uploads\/2021\/06\/Leczyca-szpital-560x333.png 560w, https:\/\/www.faustyna.pl\/zmbm\/wp-content\/uploads\/2021\/06\/Leczyca-szpital-140x83.png 140w\" sizes=\"auto, (max-width: 1024px) 100vw, 1024px\" \/><\/figure><div class=\"wp-block-media-text__content\">\n<p>ul. Zachodnia 6<br>99-100 \u0141\u0119czyca<br>tel.: (24) 388 26 01<br>powiat: \u0142\u0119czycki<br>wojew\u00f3dztwo: \u0142\u00f3dzkie<br>archidiecezja: \u0142\u00f3dzka<\/p>\n<\/div><\/div>\n\n\n\n<p><strong>\u0141OM\u017bA<br>O\u015brodek wsparcia rodziny im. \u015bw. Faustyny Kowalskiej<br>Caritas Diecezji \u0141om\u017cy\u0144skiej<\/strong><\/p>\n\n\n\n<div class=\"wp-block-media-text alignwide is-stacked-on-mobile\"><figure class=\"wp-block-media-text__media\"><img loading=\"lazy\" decoding=\"async\" width=\"1024\" height=\"610\" src=\"https:\/\/www.faustyna.pl\/zmbm\/wp-content\/uploads\/2021\/06\/Lomza-osrodek-wsparcia-rodziny.jpg\" alt=\"\" class=\"wp-image-21059 size-full\" srcset=\"https:\/\/www.faustyna.pl\/zmbm\/wp-content\/uploads\/2021\/06\/Lomza-osrodek-wsparcia-rodziny.jpg 1024w, https:\/\/www.faustyna.pl\/zmbm\/wp-content\/uploads\/2021\/06\/Lomza-osrodek-wsparcia-rodziny-560x334.jpg 560w, https:\/\/www.faustyna.pl\/zmbm\/wp-content\/uploads\/2021\/06\/Lomza-osrodek-wsparcia-rodziny-140x83.jpg 140w\" sizes=\"auto, (max-width: 1024px) 100vw, 1024px\" \/><\/figure><div class=\"wp-block-media-text__content\">\n<p>ul. Gie\u0142czy\u0144ska 20<br>18-400 \u0141om\u017ca<br>tel.: (0-86) 216 52 08<\/p>\n<\/div><\/div>\n\n\n\n<p><strong>MALBORK<br>Stowarzyszenie \u015aw. Faustyny \u201eFides\u201d \u2013 Centrum Socjalne<br>Dom Fides \u2013 Malbork<\/strong><\/p>\n\n\n\n<div class=\"wp-block-media-text alignwide is-stacked-on-mobile\"><figure class=\"wp-block-media-text__media\"><img loading=\"lazy\" decoding=\"async\" width=\"1024\" height=\"610\" src=\"https:\/\/www.faustyna.pl\/zmbm\/wp-content\/uploads\/2021\/06\/Malbork.jpg\" alt=\"\" class=\"wp-image-21046 size-full\" srcset=\"https:\/\/www.faustyna.pl\/zmbm\/wp-content\/uploads\/2021\/06\/Malbork.jpg 1024w, https:\/\/www.faustyna.pl\/zmbm\/wp-content\/uploads\/2021\/06\/Malbork-560x334.jpg 560w, https:\/\/www.faustyna.pl\/zmbm\/wp-content\/uploads\/2021\/06\/Malbork-140x83.jpg 140w\" sizes=\"auto, (max-width: 1024px) 100vw, 1024px\" \/><\/figure><div class=\"wp-block-media-text__content\">\n<p>ul. Rolnicza 1<br>82-200 Malbork<br>tel.: (0-55) 273 40 65<br>fax: (0-55) 273 40 65<\/p>\n<\/div><\/div>\n\n\n\n<p><strong>OBORNIKI WLKP.<br>Dom i Jad\u0142odajnia im. \u015bw. Faustyny \u201eCaritas Parafialna\u201d<br>przy parafii pw. Mi\u0142osierdzia Bo\u017cego<\/strong><\/p>\n\n\n\n<div class=\"wp-block-media-text alignwide is-stacked-on-mobile\"><figure class=\"wp-block-media-text__media\"><img loading=\"lazy\" decoding=\"async\" width=\"1024\" height=\"610\" src=\"https:\/\/www.faustyna.pl\/zmbm\/wp-content\/uploads\/2021\/06\/Oborniki.jpg\" alt=\"\" class=\"wp-image-21047 size-full\" srcset=\"https:\/\/www.faustyna.pl\/zmbm\/wp-content\/uploads\/2021\/06\/Oborniki.jpg 1024w, https:\/\/www.faustyna.pl\/zmbm\/wp-content\/uploads\/2021\/06\/Oborniki-560x334.jpg 560w, https:\/\/www.faustyna.pl\/zmbm\/wp-content\/uploads\/2021\/06\/Oborniki-140x83.jpg 140w\" sizes=\"auto, (max-width: 1024px) 100vw, 1024px\" \/><\/figure><div class=\"wp-block-media-text__content\">\n<p>ul. Droga Le\u015bna 60<br>64-600 Oborniki Wlkp.<br>tel. (0-61) 296 01 61<br>dekanat: obornicki<br>archidiecezja: pozna\u0144ska<\/p>\n<\/div><\/div>\n\n\n\n<p><strong>RABA WY\u017bNA<br>Zak\u0142ad opieku\u0144czo-leczniczy im. \u015bw. Siostry Faustyny Kowalskiej<\/strong><\/p>\n\n\n\n<div class=\"wp-block-media-text alignwide is-stacked-on-mobile\"><figure class=\"wp-block-media-text__media\"><img loading=\"lazy\" decoding=\"async\" width=\"1024\" height=\"609\" src=\"https:\/\/www.faustyna.pl\/zmbm\/wp-content\/uploads\/2021\/06\/Raba.jpg\" alt=\"\" class=\"wp-image-21048 size-full\" srcset=\"https:\/\/www.faustyna.pl\/zmbm\/wp-content\/uploads\/2021\/06\/Raba.jpg 1024w, https:\/\/www.faustyna.pl\/zmbm\/wp-content\/uploads\/2021\/06\/Raba-560x333.jpg 560w, https:\/\/www.faustyna.pl\/zmbm\/wp-content\/uploads\/2021\/06\/Raba-140x83.jpg 140w\" sizes=\"auto, (max-width: 1024px) 100vw, 1024px\" \/><\/figure><div class=\"wp-block-media-text__content\">\n<p>34-721 Raba Wy\u017cna 435a<br>woj. ma\u0142opolskie<br>tel.\/fax: (0-18) 267-15-20<br>e-mail: zolrabawyzna@poland.com<\/p>\n<\/div><\/div>\n\n\n\n<p><strong>RUMIA<br>Centrum im. \u015bw. Siostry Faustyny<\/strong><\/p>\n\n\n\n<div class=\"wp-block-media-text alignwide is-stacked-on-mobile\"><figure class=\"wp-block-media-text__media\"><img loading=\"lazy\" decoding=\"async\" width=\"1024\" height=\"609\" src=\"https:\/\/www.faustyna.pl\/zmbm\/wp-content\/uploads\/2021\/06\/Rumia.jpg\" alt=\"\" class=\"wp-image-21049 size-full\" srcset=\"https:\/\/www.faustyna.pl\/zmbm\/wp-content\/uploads\/2021\/06\/Rumia.jpg 1024w, https:\/\/www.faustyna.pl\/zmbm\/wp-content\/uploads\/2021\/06\/Rumia-560x333.jpg 560w, https:\/\/www.faustyna.pl\/zmbm\/wp-content\/uploads\/2021\/06\/Rumia-140x83.jpg 140w\" sizes=\"auto, (max-width: 1024px) 100vw, 1024px\" \/><\/figure><div class=\"wp-block-media-text__content\">\n<p>ul. Zawadzkiego 8a<br>84-230 Rumia<br>tel.: (0-58) 671 48 30<br>e-mail: rumia@caritas.pl<\/p>\n<\/div><\/div>\n\n\n\n<p><strong>SOPOT<br>Hospicyjny Zak\u0142ad Opieki Zdrowotnej im. \u015aw. Siostry Faustyny<\/strong><\/p>\n\n\n\n<div class=\"wp-block-media-text alignwide is-stacked-on-mobile\"><figure class=\"wp-block-media-text__media\"><img loading=\"lazy\" decoding=\"async\" width=\"1024\" height=\"610\" src=\"https:\/\/www.faustyna.pl\/zmbm\/wp-content\/uploads\/2021\/06\/Sopot.jpg\" alt=\"\" class=\"wp-image-21050 size-full\" srcset=\"https:\/\/www.faustyna.pl\/zmbm\/wp-content\/uploads\/2021\/06\/Sopot.jpg 1024w, https:\/\/www.faustyna.pl\/zmbm\/wp-content\/uploads\/2021\/06\/Sopot-560x334.jpg 560w, https:\/\/www.faustyna.pl\/zmbm\/wp-content\/uploads\/2021\/06\/Sopot-140x83.jpg 140w\" sizes=\"auto, (max-width: 1024px) 100vw, 1024px\" \/><\/figure><div class=\"wp-block-media-text__content\">\n<p>ul. Mieszka I 1\/1<br>81-785 Sopot (woj.pomorskie)<br>tel.: (058) 555 11 86<br>e-mail: biuro@hds.vti.p<\/p>\n<\/div><\/div>\n\n\n\n<p><strong>TYCHY<br>Caritas Archidiecezji Katowickiej O\u015brodek \u015awi\u0119ta Faustyna<\/strong><\/p>\n\n\n\n<div class=\"wp-block-media-text alignwide is-stacked-on-mobile\"><figure class=\"wp-block-media-text__media\"><img loading=\"lazy\" decoding=\"async\" width=\"1024\" height=\"609\" src=\"https:\/\/www.faustyna.pl\/zmbm\/wp-content\/uploads\/2021\/06\/Tychy.jpg\" alt=\"\" class=\"wp-image-21051 size-full\" srcset=\"https:\/\/www.faustyna.pl\/zmbm\/wp-content\/uploads\/2021\/06\/Tychy.jpg 1024w, https:\/\/www.faustyna.pl\/zmbm\/wp-content\/uploads\/2021\/06\/Tychy-560x333.jpg 560w, https:\/\/www.faustyna.pl\/zmbm\/wp-content\/uploads\/2021\/06\/Tychy-140x83.jpg 140w\" sizes=\"auto, (max-width: 1024px) 100vw, 1024px\" \/><\/figure><div class=\"wp-block-media-text__content\">\n<p>ul. Nowoko\u015bcielna 56<br>43-100 Tychy<br>tel\/fax.: (0-32) 227 18 36; 327 09 17<br>dekanat: Tychy Stare<br>archidiecezja: katowicka<\/p>\n<\/div><\/div>\n\n\n\n<p><strong>WARSZAWA<br>Caritas Polska<\/strong><\/p>\n\n\n\n<div class=\"wp-block-media-text alignwide is-stacked-on-mobile\"><figure class=\"wp-block-media-text__media\"><img loading=\"lazy\" decoding=\"async\" width=\"1024\" height=\"610\" src=\"https:\/\/www.faustyna.pl\/zmbm\/wp-content\/uploads\/2021\/06\/Warszawa-caritas.jpg\" alt=\"\" class=\"wp-image-21052 size-full\" srcset=\"https:\/\/www.faustyna.pl\/zmbm\/wp-content\/uploads\/2021\/06\/Warszawa-caritas.jpg 1024w, https:\/\/www.faustyna.pl\/zmbm\/wp-content\/uploads\/2021\/06\/Warszawa-caritas-560x334.jpg 560w, https:\/\/www.faustyna.pl\/zmbm\/wp-content\/uploads\/2021\/06\/Warszawa-caritas-140x83.jpg 140w\" sizes=\"auto, (max-width: 1024px) 100vw, 1024px\" \/><\/figure><div class=\"wp-block-media-text__content\">\n<p>ul. Skwer Kard. Stefana Wyszy\u0144skiego 9<br>01-015 Warszawa<br>tel.: (0-22) 334 85 00<br>(0-22) 334 85 85<br>fax: (0-22) 334 85 58<br>e-mail: caritaspolska@caritas.pl<\/p>\n<\/div><\/div>\n\n\n\n<p><strong>ZAWADA<br>Parafialny Zesp\u00f3\u0142 Caritas im. \u015bw. Faustyny Kowalskiej<\/strong><\/p>\n\n\n\n<div class=\"wp-block-media-text alignwide is-stacked-on-mobile\"><figure class=\"wp-block-media-text__media\"><img loading=\"lazy\" decoding=\"async\" width=\"1024\" height=\"610\" src=\"https:\/\/www.faustyna.pl\/zmbm\/wp-content\/uploads\/2021\/06\/Zawada.jpg\" alt=\"\" class=\"wp-image-21053 size-full\" srcset=\"https:\/\/www.faustyna.pl\/zmbm\/wp-content\/uploads\/2021\/06\/Zawada.jpg 1024w, https:\/\/www.faustyna.pl\/zmbm\/wp-content\/uploads\/2021\/06\/Zawada-560x334.jpg 560w, https:\/\/www.faustyna.pl\/zmbm\/wp-content\/uploads\/2021\/06\/Zawada-140x83.jpg 140w\" sizes=\"auto, (max-width: 1024px) 100vw, 1024px\" \/><\/figure><div class=\"wp-block-media-text__content\">\n<p>Parafia Narodzenia NMP<br>ul. Ko\u017cuchowska 1<br>66-001 Zawada<br>tel. (0-68) 321 12 12<br>Dekanat: Zielona G\u00f3ra \u2013 \u015bw. Jadwigi<br>Diecezja: zielonog\u00f3rsko \u2013 gorzowska<\/p>\n<\/div><\/div>\n\n\n\n<p><strong>\u017bUKOWICE<br>Przytulisko dla Najubo\u017cszych im. \u015aw. Siostry Faustyny<\/strong><\/p>\n\n\n\n<div class=\"wp-block-media-text alignwide is-stacked-on-mobile\"><figure class=\"wp-block-media-text__media\"><img loading=\"lazy\" decoding=\"async\" width=\"1024\" height=\"610\" src=\"https:\/\/www.faustyna.pl\/zmbm\/wp-content\/uploads\/2021\/06\/Zukowice.jpg\" alt=\"\" class=\"wp-image-21054 size-full\" srcset=\"https:\/\/www.faustyna.pl\/zmbm\/wp-content\/uploads\/2021\/06\/Zukowice.jpg 1024w, https:\/\/www.faustyna.pl\/zmbm\/wp-content\/uploads\/2021\/06\/Zukowice-560x334.jpg 560w, https:\/\/www.faustyna.pl\/zmbm\/wp-content\/uploads\/2021\/06\/Zukowice-140x83.jpg 140w\" sizes=\"auto, (max-width: 1024px) 100vw, 1024px\" \/><\/figure><div class=\"wp-block-media-text__content\">\n<p>67-231 \u017bukowice 139<br>tel.: (076) 831 43 88<\/p>\n<\/div><\/div>\n\n\n\n<p><strong>\u017bYWIEC<br>Hospicjum \u017cywieckie im. \u015bw. Siostry Faustyny Kowalskiej<\/strong><\/p>\n\n\n\n<div class=\"wp-block-media-text alignwide is-stacked-on-mobile\"><figure class=\"wp-block-media-text__media\"><img loading=\"lazy\" decoding=\"async\" width=\"1024\" height=\"610\" src=\"https:\/\/www.faustyna.pl\/zmbm\/wp-content\/uploads\/2021\/06\/Zywiec.jpg\" alt=\"\" class=\"wp-image-21055 size-full\" srcset=\"https:\/\/www.faustyna.pl\/zmbm\/wp-content\/uploads\/2021\/06\/Zywiec.jpg 1024w, https:\/\/www.faustyna.pl\/zmbm\/wp-content\/uploads\/2021\/06\/Zywiec-560x334.jpg 560w, https:\/\/www.faustyna.pl\/zmbm\/wp-content\/uploads\/2021\/06\/Zywiec-140x83.jpg 140w\" sizes=\"auto, (max-width: 1024px) 100vw, 1024px\" \/><\/figure><div class=\"wp-block-media-text__content\">\n<p>Parafii \u015bw. Floriana<br>ul. Browarna 3<br>34-300 \u017bywiec<br>tel.: 0605 623 204<\/p>\n<\/div><\/div>\n\n\n\n<p><strong>ITALIA<br>Casa per ragazzi e famiglie santa Faustina<\/strong><\/p>\n\n\n\n<div class=\"wp-block-media-text alignwide is-stacked-on-mobile\"><figure class=\"wp-block-media-text__media\"><img loading=\"lazy\" decoding=\"async\" width=\"1024\" height=\"609\" src=\"https:\/\/www.faustyna.pl\/zmbm\/wp-content\/uploads\/2021\/06\/Italia-Dom-dla-chlopcow-i-rodzin.jpg\" alt=\"\" class=\"wp-image-21057 size-full\" srcset=\"https:\/\/www.faustyna.pl\/zmbm\/wp-content\/uploads\/2021\/06\/Italia-Dom-dla-chlopcow-i-rodzin.jpg 1024w, https:\/\/www.faustyna.pl\/zmbm\/wp-content\/uploads\/2021\/06\/Italia-Dom-dla-chlopcow-i-rodzin-560x333.jpg 560w, https:\/\/www.faustyna.pl\/zmbm\/wp-content\/uploads\/2021\/06\/Italia-Dom-dla-chlopcow-i-rodzin-140x83.jpg 140w\" sizes=\"auto, (max-width: 1024px) 100vw, 1024px\" \/><\/figure><div class=\"wp-block-media-text__content\">\n<p>Casa per ragazzi e famiglie s. Faustina e s. Giovanni Paolo II<br>Ca\u2019nova di ebbio 12<br>29021 Bettola (PC)<br>ItaliaTelefono: 3475312475<br>E-mail: donmarco.germa@libero.it<\/p>\n<\/div><\/div>\n\n\n\n<p><strong>Hungary<br>Szent Fausztina Irgalmass\u00e1g H\u00e1za<\/strong><\/p>\n\n\n\n<div class=\"wp-block-media-text is-stacked-on-mobile\"><figure class=\"wp-block-media-text__media\"><img loading=\"lazy\" decoding=\"async\" width=\"1024\" height=\"609\" src=\"https:\/\/www.faustyna.pl\/zmbm\/wp-content\/uploads\/2025\/06\/Hungary_patronat-SF_dzielo_milosierdzia.jpg\" alt=\"\" class=\"wp-image-30877 size-full\" srcset=\"https:\/\/www.faustyna.pl\/zmbm\/wp-content\/uploads\/2025\/06\/Hungary_patronat-SF_dzielo_milosierdzia.jpg 1024w, https:\/\/www.faustyna.pl\/zmbm\/wp-content\/uploads\/2025\/06\/Hungary_patronat-SF_dzielo_milosierdzia-560x333.jpg 560w, https:\/\/www.faustyna.pl\/zmbm\/wp-content\/uploads\/2025\/06\/Hungary_patronat-SF_dzielo_milosierdzia-140x83.jpg 140w\" sizes=\"auto, (max-width: 1024px) 100vw, 1024px\" \/><\/figure><div class=\"wp-block-media-text__content\">\n<p>7400 Kaposv\u00e1r,<br>N\u00e9meth Istv\u00e1n fasor 2.<br>Hungary<br>Telefon: +36 82 900 055<br>webb. www.irgalmassaghaza.hu<\/p>\n<\/div><\/div>\n\n\n\n<p><strong>ITALIA<br>Centro per bambini in difficolta&#8217; s. Faustina<\/strong><\/p>\n\n\n\n<div class=\"wp-block-media-text alignwide is-stacked-on-mobile\"><figure class=\"wp-block-media-text__media\"><img loading=\"lazy\" decoding=\"async\" width=\"1024\" height=\"609\" src=\"https:\/\/www.faustyna.pl\/zmbm\/wp-content\/uploads\/2021\/06\/Italia-Bertola.jpg\" alt=\"\" class=\"wp-image-21056 size-full\" srcset=\"https:\/\/www.faustyna.pl\/zmbm\/wp-content\/uploads\/2021\/06\/Italia-Bertola.jpg 1024w, https:\/\/www.faustyna.pl\/zmbm\/wp-content\/uploads\/2021\/06\/Italia-Bertola-560x333.jpg 560w, https:\/\/www.faustyna.pl\/zmbm\/wp-content\/uploads\/2021\/06\/Italia-Bertola-140x83.jpg 140w\" sizes=\"auto, (max-width: 1024px) 100vw, 1024px\" \/><\/figure><div class=\"wp-block-media-text__content\">\n<p>via Dogana 14<br>22073 Fino Mornasco (CO)<br>ItaliaTel.: 3475312475<br>E-mail: donmarco.germa@libero.it<\/p>\n<\/div><\/div>\n\n\n\n<p><strong>ITALIA<br>Figli del Cuore Misericordioso di Ges\u00f9<\/strong><\/p>\n\n\n\n<div class=\"wp-block-media-text is-stacked-on-mobile\"><figure class=\"wp-block-media-text__media\"><img loading=\"lazy\" decoding=\"async\" width=\"1024\" height=\"610\" src=\"https:\/\/www.faustyna.pl\/zmbm\/wp-content\/uploads\/2025\/01\/Italia_Patronat.jpg\" alt=\"\" class=\"wp-image-30210 size-full\" srcset=\"https:\/\/www.faustyna.pl\/zmbm\/wp-content\/uploads\/2025\/01\/Italia_Patronat.jpg 1024w, https:\/\/www.faustyna.pl\/zmbm\/wp-content\/uploads\/2025\/01\/Italia_Patronat-560x334.jpg 560w, https:\/\/www.faustyna.pl\/zmbm\/wp-content\/uploads\/2025\/01\/Italia_Patronat-140x83.jpg 140w\" sizes=\"auto, (max-width: 1024px) 100vw, 1024px\" \/><\/figure><div class=\"wp-block-media-text__content\">\n<p>81036 Vico 2 Buonarroti, 8<br>San Cipriano d&#8217;Aversa<br>Tel.: 3381236814<br>e-mail: Figlidelcuoremisericordiosodigesu@hotmail.com<\/p>\n\n\n\n<p><\/p>\n<\/div><\/div>\n\n\n\n<p><strong>M\u00c9XICO<br>proVida Santa Faustina<\/strong><\/p>\n\n\n\n<div class=\"wp-block-media-text is-stacked-on-mobile\"><figure class=\"wp-block-media-text__media\"><img loading=\"lazy\" decoding=\"async\" width=\"1024\" height=\"610\" src=\"https:\/\/www.faustyna.pl\/zmbm\/wp-content\/uploads\/2025\/12\/Meksyk_dzielo_milosierdzia.png\" alt=\"\" class=\"wp-image-31498 size-full\" srcset=\"https:\/\/www.faustyna.pl\/zmbm\/wp-content\/uploads\/2025\/12\/Meksyk_dzielo_milosierdzia.png 1024w, https:\/\/www.faustyna.pl\/zmbm\/wp-content\/uploads\/2025\/12\/Meksyk_dzielo_milosierdzia-560x334.png 560w, https:\/\/www.faustyna.pl\/zmbm\/wp-content\/uploads\/2025\/12\/Meksyk_dzielo_milosierdzia-140x83.png 140w\" sizes=\"auto, (max-width: 1024px) 100vw, 1024px\" \/><\/figure><div class=\"wp-block-media-text__content\">\n<p>22000 Tijuana, Baja California<br>Santa Rosa<br>M\u00e9xico<br>Tel.: 664-5082154<br>E-mail providatijuana@gmail.com<\/p>\n\n\n\n<p><\/p>\n<\/div><\/div>\n","protected":false},"excerpt":{"rendered":"<p>D\u0118BLINHospicjum \u015bw. Siostry Faustyny ul. Stawska 32208-530 D\u0119blinTel.: 690 429 129E-mail: hospicjum.deblin@gmail.com E\u0141KDom \u015bw. Faustyny \u201ePomocna D\u0142o\u0144\u201d Caritas Diecezji E\u0142ckiej Wojska Polskiego 4519-300 E\u0142kwoj. warmi\u0144sko-mazurskietel.: (0-87) 610 04 96fax: (0-87) 610 04 96 GI\u017bYCKODom \u015bw. Faustyny \u201eWielkie Serce\u201d Caritas Diecezji E\u0142ckiej ul. Staszica 1311-500 Gi\u017cyckotel.: (0-87) 428 54 97e-mail.: dom_sw_faustyny@poczta.onet.pl G\u0141OG\u00d3WParafialna \u015awietlica Socjoterapeutyczna im. \u015bw. [&hellip;]<\/p>\n","protected":false},"author":1,"featured_media":0,"parent":0,"menu_order":0,"comment_status":"closed","ping_status":"closed","template":"","meta":{"footnotes":""},"categories":[36],"tags":[],"class_list":["post-1222","page","type-page","status-publish","hentry","category-patronat-sw-siostry-faustyny"],"_links":{"self":[{"href":"https:\/\/www.faustyna.pl\/zmbm\/wp-json\/wp\/v2\/pages\/1222","targetHints":{"allow":["GET"]}}],"collection":[{"href":"https:\/\/www.faustyna.pl\/zmbm\/wp-json\/wp\/v2\/pages"}],"about":[{"href":"https:\/\/www.faustyna.pl\/zmbm\/wp-json\/wp\/v2\/types\/page"}],"author":[{"embeddable":true,"href":"https:\/\/www.faustyna.pl\/zmbm\/wp-json\/wp\/v2\/users\/1"}],"replies":[{"embeddable":true,"href":"https:\/\/www.faustyna.pl\/zmbm\/wp-json\/wp\/v2\/comments?post=1222"}],"version-history":[{"count":21,"href":"https:\/\/www.faustyna.pl\/zmbm\/wp-json\/wp\/v2\/pages\/1222\/revisions"}],"predecessor-version":[{"id":31500,"href":"https:\/\/www.faustyna.pl\/zmbm\/wp-json\/wp\/v2\/pages\/1222\/revisions\/31500"}],"wp:attachment":[{"href":"https:\/\/www.faustyna.pl\/zmbm\/wp-json\/wp\/v2\/media?parent=1222"}],"wp:term":[{"taxonomy":"category","embeddable":true,"href":"https:\/\/www.faustyna.pl\/zmbm\/wp-json\/wp\/v2\/categories?post=1222"},{"taxonomy":"post_tag","embeddable":true,"href":"https:\/\/www.faustyna.pl\/zmbm\/wp-json\/wp\/v2\/tags?post=1222"}],"curies":[{"name":"wp","href":"https:\/\/api.w.org\/{rel}","templated":true}]}}