



{"id":1423,"date":"2014-12-18T23:18:37","date_gmt":"2014-12-18T23:18:37","guid":{"rendered":"http:\/\/www.faustyna.pl\/zmbm\/?page_id=1423"},"modified":"2023-03-08T16:08:02","modified_gmt":"2023-03-08T15:08:02","slug":"klasztor-zgromadzenia-siostr-matki-bozej-milosierdzia","status":"publish","type":"page","link":"https:\/\/www.faustyna.pl\/zmbm\/klasztor-zgromadzenia-siostr-matki-bozej-milosierdzia\/","title":{"rendered":"Klasztor Zgromadzenia Si\u00f3str Matki Bo\u017cej Mi\u0142osierdzia"},"content":{"rendered":"<p style=\"text-align: justify\" align=\"justify\"><a href=\"https:\/\/www.faustyna.pl\/zmbm\/wp-content\/uploads\/2014\/12\/Klasztor-ZMBM-w-Swinicach-Warckich.jpg\" data-gallery><img loading=\"lazy\" decoding=\"async\" class=\"size-medium wp-image-10796 alignnone\" src=\"https:\/\/www.faustyna.pl\/zmbm\/wp-content\/uploads\/2014\/12\/Klasztor-ZMBM-w-Swinicach-Warckich-560x328.jpg\" alt=\"\" width=\"560\" height=\"328\" srcset=\"https:\/\/www.faustyna.pl\/zmbm\/wp-content\/uploads\/2014\/12\/Klasztor-ZMBM-w-Swinicach-Warckich-560x328.jpg 560w, https:\/\/www.faustyna.pl\/zmbm\/wp-content\/uploads\/2014\/12\/Klasztor-ZMBM-w-Swinicach-Warckich-140x82.jpg 140w, https:\/\/www.faustyna.pl\/zmbm\/wp-content\/uploads\/2014\/12\/Klasztor-ZMBM-w-Swinicach-Warckich.jpg 1024w\" sizes=\"auto, (max-width: 560px) 100vw, 560px\" \/><\/a><\/p>\n<p style=\"text-align: justify\" align=\"justify\">Odpowiadaj\u0105c na zaproszenie ordynariusza diecezji w\u0142oc\u0142awskiej bpa Bronis\u0142awa Dembowskiego, 25 sierpnia 2001 roku Zgromadzenie podj\u0119\u0142o pos\u0142ug\u0119 w rodzinnej parafii \u015bw. Siostry Faustyny w \u015awinicach Warckich. Pocz\u0105tkowo 4 siostry\u00a0 zamieszka\u0142y w domu parafialnym przy ul. Ko\u015bciuszki 11 i rozpocz\u0119\u0142y charyzmatyczn\u0105 misj\u0119 g\u0142oszenia or\u0119dzia Mi\u0142osierdzia czynem, s\u0142owem i modlitw\u0105. W Dekrecie ustanawiaj\u0105cym Sanktuarium Urodzin i Chrztu\u00a0 \u015bw. Faustyny w ko\u015bciele parafialnym w \u015awinicach Warckich (25 wrze\u015bnia 2002) Biskup W\u0142oc\u0142awski trosk\u0119 o to Sanktuarium powierzy\u0142 <i style=\"font-weight: normal\">Ksi\u0119dzu Proboszczowi oraz Siostrom Zgromadzenia Matki Bo\u017cej Mi\u0142osierdzia, w kt\u00f3rym \u015bw. Faustyna po\u015bwi\u0119ci\u0142a Panu Bogu \u017cycie tu pocz\u0119te. Niech z tego miejsca<\/i> \u2013 napisa\u0142 \u2013 <i style=\"font-weight: normal\">rozchodzi si\u0119 przes\u0142anie o mi\u0142osiernej mi\u0142o\u015bci Boga, og\u0142oszone \u015bwiatu za jej po\u015brednictwem i nieustannie trwa b\u0142aganie o mi\u0142osierdzie Bo\u017ce dla nas i ca\u0142ego \u015bwiata.<\/i><\/p>\n<p style=\"text-align: justify\">Od pocz\u0105tku pos\u0142ugi\u00a0 Zgromadzenia w \u015awinicach Warckich\u00a0 zrodzi\u0142a si\u0119 my\u015bl wzniesienia w tym miejscu klasztoru kontemplacyjnego. Jego budow\u0119 podj\u0119to jako wotum Zgromadzenia na 100. rocznic\u0119 urodzin \u015bw. Siostry Faustyny. Diecezja W\u0142oc\u0142awska przekaza\u0142a Zgromadzeniu cz\u0119\u015b\u0107 ziemi parafialnej przy ul. Chopina, gdzie rozpocz\u0119to budow\u0119 wed\u0142ug projektu in\u017c. Edwarda Warcaby z Zakopanego. 8 grudnia 2005 roku, w uroczysto\u015b\u0107 Niepokalanego Pocz\u0119cia Naj\u015bwi\u0119tszej Maryi Panny, siostry przeprowadzi\u0142y si\u0119 do nowego klasztoru, a jego po\u015bwiecenia wraz z kaplic\u0105 dokona\u0142 25 sierpnia 2006 roku ordynariusz diecezji w\u0142oc\u0142awskiej bp Wies\u0142aw Mering.<\/p>\n<p style=\"text-align: justify\" align=\"justify\"><a href=\"https:\/\/www.faustyna.pl\/zmbm\/wp-content\/uploads\/2014\/12\/Kaplica-klasztorna-ZMBM-w-Swinicach-Warckich.jpg\" data-gallery><img loading=\"lazy\" decoding=\"async\" class=\"size-medium wp-image-10797 alignnone\" src=\"https:\/\/www.faustyna.pl\/zmbm\/wp-content\/uploads\/2014\/12\/Kaplica-klasztorna-ZMBM-w-Swinicach-Warckich-560x331.jpg\" alt=\"\" width=\"560\" height=\"331\" srcset=\"https:\/\/www.faustyna.pl\/zmbm\/wp-content\/uploads\/2014\/12\/Kaplica-klasztorna-ZMBM-w-Swinicach-Warckich-560x331.jpg 560w, https:\/\/www.faustyna.pl\/zmbm\/wp-content\/uploads\/2014\/12\/Kaplica-klasztorna-ZMBM-w-Swinicach-Warckich-140x83.jpg 140w, https:\/\/www.faustyna.pl\/zmbm\/wp-content\/uploads\/2014\/12\/Kaplica-klasztorna-ZMBM-w-Swinicach-Warckich.jpg 1024w\" sizes=\"auto, (max-width: 560px) 100vw, 560px\" \/><\/a><\/p>\n<p style=\"text-align: justify\" align=\"justify\">25 sierpnia 2008\u00a0 roku\u00a0 decyzj\u0105 Rady Generalnej Zgromadzenia zosta\u0142a otwarta klauzurowa cz\u0119\u015b\u0107 klasztoru w \u015awinicach Warckich. Tak zacz\u0119\u0142a si\u0119 realizowa\u0107 w Zgromadzeniu idea klasztoru klauzurowego, o kt\u00f3rym pisa\u0142a w \u201eDzienniczku\u201d \u015bw. Siostra Faustyna. Decyzje o powstaniu klasztoru kontemplacyjnego o charakterze rotacyjnym podj\u0119\u0142a ju\u017c w 1998 roku XIV Kapitu\u0142a Generalna, a statut w 2004 roku zatwierdzi\u0142a XV Kapitu\u0142a Generalna Zgromadzenia. W Statucie zapisano m.in.: <i style=\"font-weight: normal\">Podstawowym celem klasztoru kontemplacyjnego w Zgromadzeniu Si\u00f3str Matki Bo\u017cej Mi\u0142osierdzia jest realizacja charyzmatu Zgromadzenia przez modlitw\u0119, czyli wypraszanie mi\u0142osierdzia dla \u015bwiata<\/i> (\u2026). <i style=\"font-weight: normal\">Drugorz\u0119dnym celem jest odnowienie duchowe si\u00f3str pos\u0142anych do realizacji charyzmatu przez s\u0142owo i czyn, czemu ma s\u0142u\u017cy\u0107 intelektualne zg\u0142\u0119bianie i kontemplacja tajemnicy mi\u0142osierdzia Bo\u017cego.<\/i><\/p>\n<p style=\"text-align: justify\">Siostry\u00a0czynne\u00a0ze\u00a0wsp\u00f3lnoty w \u015awinicach\u00a0 Warckich\u00a0 pe\u0142ni\u0105\u00a0 pos\u0142ug\u0119 w Parafii i przy\u00a0 Sanktuarium\u00a0 na\u00a0 licznych\u00a0 odcinkach\u00a0 pracy\u00a0 wychowawczej i duszpasterskiej, apostolskiej i charytatywnej. Wypraszaj\u0105 mi\u0142osierdzie Bo\u017ce w zakonnej kaplicy i ko\u015bciele parafialnym, katechizuj\u0105, g\u0142osz\u0105 or\u0119dzie Mi\u0142osierdzia przybywaj\u0105cym tutaj pielgrzymom i troszcz\u0105 si\u0119 o dom rodzinny \u015bw. Siostry Faustyny w G\u0142ogowcu.<\/p>\n<p align=\"right\"><i style=\"font-weight: normal\">s. M. El\u017cbieta Siepak ISMM<\/i><\/p>\n<p style=\"text-align: left\" align=\"right\"><a href=\"https:\/\/www.faustyna.pl\/zmbm\/sanktuaria\/\">Sanktuaria\/Sanktuarium Chrztu i Narodzin \u015bw. Siostry Faustyny w \u015awinicach Warckich<\/a><\/p>\n","protected":false},"excerpt":{"rendered":"<p>Odpowiadaj\u0105c na zaproszenie ordynariusza diecezji w\u0142oc\u0142awskiej bpa Bronis\u0142awa Dembowskiego, 25 sierpnia 2001 roku Zgromadzenie podj\u0119\u0142o pos\u0142ug\u0119 w rodzinnej parafii \u015bw. Siostry Faustyny w \u015awinicach Warckich. Pocz\u0105tkowo 4 siostry\u00a0 zamieszka\u0142y w domu parafialnym przy ul. Ko\u015bciuszki 11 i rozpocz\u0119\u0142y charyzmatyczn\u0105 misj\u0119 g\u0142oszenia or\u0119dzia Mi\u0142osierdzia czynem, s\u0142owem i modlitw\u0105. W Dekrecie ustanawiaj\u0105cym Sanktuarium Urodzin i Chrztu\u00a0 \u015bw. [&hellip;]<\/p>\n","protected":false},"author":1,"featured_media":0,"parent":0,"menu_order":0,"comment_status":"closed","ping_status":"closed","template":"","meta":{"footnotes":""},"categories":[42],"tags":[],"class_list":["post-1423","page","type-page","status-publish","hentry","category-swinice-warckie"],"_links":{"self":[{"href":"https:\/\/www.faustyna.pl\/zmbm\/wp-json\/wp\/v2\/pages\/1423","targetHints":{"allow":["GET"]}}],"collection":[{"href":"https:\/\/www.faustyna.pl\/zmbm\/wp-json\/wp\/v2\/pages"}],"about":[{"href":"https:\/\/www.faustyna.pl\/zmbm\/wp-json\/wp\/v2\/types\/page"}],"author":[{"embeddable":true,"href":"https:\/\/www.faustyna.pl\/zmbm\/wp-json\/wp\/v2\/users\/1"}],"replies":[{"embeddable":true,"href":"https:\/\/www.faustyna.pl\/zmbm\/wp-json\/wp\/v2\/comments?post=1423"}],"version-history":[{"count":8,"href":"https:\/\/www.faustyna.pl\/zmbm\/wp-json\/wp\/v2\/pages\/1423\/revisions"}],"predecessor-version":[{"id":25930,"href":"https:\/\/www.faustyna.pl\/zmbm\/wp-json\/wp\/v2\/pages\/1423\/revisions\/25930"}],"wp:attachment":[{"href":"https:\/\/www.faustyna.pl\/zmbm\/wp-json\/wp\/v2\/media?parent=1423"}],"wp:term":[{"taxonomy":"category","embeddable":true,"href":"https:\/\/www.faustyna.pl\/zmbm\/wp-json\/wp\/v2\/categories?post=1423"},{"taxonomy":"post_tag","embeddable":true,"href":"https:\/\/www.faustyna.pl\/zmbm\/wp-json\/wp\/v2\/tags?post=1423"}],"curies":[{"name":"wp","href":"https:\/\/api.w.org\/{rel}","templated":true}]}}