



{"id":1610,"date":"2014-12-20T00:07:31","date_gmt":"2014-12-20T00:07:31","guid":{"rendered":"http:\/\/www.faustyna.pl\/zmbm\/?page_id=1610"},"modified":"2024-12-28T11:23:32","modified_gmt":"2024-12-28T10:23:32","slug":"kalendarium-historia","status":"publish","type":"page","link":"https:\/\/www.faustyna.pl\/zmbm\/kalendarium-historia\/","title":{"rendered":"Kalendarium"},"content":{"rendered":"<p style=\"text-align: left\"><strong><span style=\"color: #003300\">1 listopada 1862<br \/>\n<\/span><\/strong>Za\u0142o\u017cenie\u00a0 Zgromadzenia\u00a0 Si\u00f3str Matki Bo\u017cej\u00a0 Mi\u0142osierdzia\u00a0 w Polsce przez m. Teres\u0119\u00a0 Ew\u0119 z\u00a0 ksi\u0105\u017c\u0105t Su\u0142kowskich\u00a0 hrabin\u0119 Potock\u0105. Po\u015bwi\u0119cenie domu i kaplicy w klasztorze przy ul. \u017bytniej w Warszawie przez abpa Zygmunta Szcz\u0119snego Feli\u0144skiego.<\/p>\n<div style=\"text-align: left\" align=\"justify\">\u00a0<span style=\"color: #003300\"><strong>8 maja 1868<\/strong><\/span><\/div>\n<div style=\"text-align: left\" align=\"justify\">Za\u0142o\u017cenie domu Zgromadzenia w Krakowie. Pierwsz\u0105 prze\u0142o\u017con\u0105 by\u0142a m. Kunegunda K\u0142obukowska.<\/div>\n<div style=\"text-align: left\" align=\"justify\"><\/div>\n<div style=\"text-align: left\"><strong><span style=\"color: #003300\">7 wrze\u015bnia 1878<\/span><\/strong><\/div>\n<div style=\"text-align: left\" align=\"justify\">Dekret pochwalny dla po\u0142\u0105czonych Zgromadze\u0144 Si\u00f3str Matki Bo\u017cej Mi\u0142osierdzia z Francji\u00a0 (Laval) i\u00a0 Polski\u00a0 wydany przez \u015awi\u0119t\u0105\u00a0 Kongregacj\u0119 Biskup\u00f3w i Zakonnik\u00f3w. Odt\u0105d domy Zgromadzenia w Polsce podlega\u0142y prze\u0142o\u017conej generalnej w Laval. Za\u0142o\u017cycielka m. Teresa Potocka zosta\u0142a pierwsz\u0105 wikari\u0105 generaln\u0105 dla dom\u00f3w na terenach Polski.<\/div>\n<div style=\"text-align: left\" align=\"justify\"><\/div>\n<div style=\"text-align: left\"><span style=\"color: #003300\"><strong>6 lipca 1881<\/strong><\/span><\/div>\n<div style=\"text-align: left\" align=\"justify\">\u015amier\u0107 za\u0142o\u017cycielki m. Teresy Potockiej w Wilanowie. Pochowana zosta\u0142a na Pow\u0105zkach w Warszawie (aleja T).<\/div>\n<div style=\"text-align: left\" align=\"justify\"><\/div>\n<div style=\"text-align: left\"><span style=\"color: #003300\"><strong>4 grudnia 1881<\/strong><\/span><\/div>\n<div style=\"text-align: left\" align=\"justify\">Otwarcie domu w Derdach (darowizna hrabiego Gustawa Prze\u017adzieckiego). Pierwsz\u0105 prze\u0142o\u017con\u0105 by\u0142a m. Aniela Pop\u0142awska.<\/div>\n<div style=\"text-align: left\" align=\"justify\"><\/div>\n<div style=\"text-align: left\"><span style=\"color: #003300\"><strong>1896<\/strong><\/span><\/div>\n<div style=\"text-align: left\" align=\"justify\">Obj\u0119cie folwarku w Walendowie (darowizna hrabiego Gustawa Prze\u017adzieckiego).<\/div>\n<div style=\"text-align: left\" align=\"justify\"><\/div>\n<div style=\"text-align: left\"><span style=\"color: #003300\"><strong>1898<\/strong><\/span><\/div>\n<div style=\"text-align: left\" align=\"justify\">Otwarcie filii domu warszawskiego w Ksawerowie.<\/div>\n<div style=\"text-align: left\" align=\"justify\"><\/div>\n<div style=\"text-align: left\"><span style=\"color: #003300\"><strong>1899<\/strong><\/span><\/div>\n<div style=\"text-align: left\" align=\"justify\">Po\u0142\u0105czenie\u00a0instytutu \u201eBo\u017cej Mi\u0142o\u015bci\u201d,\u00a0kt\u00f3ry\u00a0prowadzi\u0142 Zak\u0142ad Anio\u0142a Str\u00f3\u017ca w P\u0142ocku ze Zgromadzeniem Si\u00f3str Matki Bo\u017cej Mi\u0142osierdzia. Pierwsz\u0105 prze\u0142o\u017con\u0105 domu w P\u0142ocku by\u0142a m. Kolumba \u0141abanowska.<\/div>\n<div style=\"text-align: left\" align=\"justify\"><\/div>\n<div style=\"text-align: left\"><span style=\"color: #003300\"><strong>17 marca 1904<\/strong><\/span><\/div>\n<div style=\"text-align: left\" align=\"justify\">Obj\u0119cie ochronki \u201eZak\u0142adu im. \u015bp. Oskara hrabiego Tyszkiewicza pod wezwaniem \u015bw. Kazimierza\u201d w Cz\u0119stochowie. Potem (15 pa\u017adziernika 1908) otwarcie Domu Mi\u0142osierdzia przy ul. \u015aw. Barbary.<\/div>\n<div style=\"text-align: left\" align=\"justify\"><\/div>\n<div style=\"text-align: left\"><span style=\"color: #003300\"><strong>Kwiecie\u0144 1907<\/strong><\/span><\/div>\n<div style=\"text-align: left\" align=\"justify\">Otwarcie domu zakonnego w \u017bytomierzu na zaproszenie ks. Feliksa Sznarbachowskiego. Prze\u0142o\u017cona m. Kolumba \u0141abanowska.<\/div>\n<div style=\"text-align: left\" align=\"justify\"><\/div>\n<div style=\"text-align: left\"><span style=\"color: #003300\"><strong>17 maja 1908<\/strong><\/span><\/div>\n<div style=\"text-align: left\" align=\"justify\">Za\u0142o\u017cenie klasztoru w Wilnie na Antokolu. Fundacja ksi\u0119\u017cnej Marii Micha\u0142owej Radziwi\u0142\u0142owej. Pierwsza prze\u0142o\u017cona \u2013 m. Aniela Pop\u0142awska.<\/div>\n<div style=\"text-align: left\" align=\"justify\"><\/div>\n<div style=\"text-align: left\"><span style=\"color: #003300\"><strong>1909<\/strong><\/span><\/div>\n<div style=\"text-align: left\" align=\"justify\">Likwidacja domu zakonnego w \u017bytomierzu.<\/div>\n<div style=\"text-align: left\" align=\"justify\"><\/div>\n<div style=\"text-align: left\"><strong><span style=\"color: #003300\">1916<\/span><\/strong><\/div>\n<div style=\"text-align: left\" align=\"justify\">Otwarcie domu zakonnego w Przemy\u015blu na zaproszenie ks. Jana Balickiego. Prze\u0142o\u017cona \u2013 m. Mechtylda Beym.<\/div>\n<div style=\"text-align: left\" align=\"justify\"><\/div>\n<div style=\"text-align: left\"><span style=\"color: #003300\"><strong>1916<\/strong><\/span><\/div>\n<div style=\"text-align: left\" align=\"justify\">Likwidacja filii w Ksawerowie.<\/div>\n<div style=\"text-align: left\" align=\"justify\"><\/div>\n<div style=\"text-align: left\"><span style=\"color: #003300\"><strong>1917<\/strong><\/span><\/div>\n<div style=\"text-align: left\" align=\"justify\">Z inicjatywy ks. Paw\u0142a Kubickiego, rektora Seminarium Duchownego w Sandomierzu i p\u00f3\u017aniejszego biskupa sufragana sandomierskiego, za\u0142o\u017cenie domu zakonnego w Radomiu. Pierwsza prze\u0142o\u017cona \u2013 m. Serafina Kukulska.<\/div>\n<div style=\"text-align: left\" align=\"justify\"><\/div>\n<div style=\"text-align: left\"><span style=\"color: #003300\"><strong>Listopad 1919<\/strong><\/span><\/div>\n<div style=\"text-align: left\" align=\"justify\">Przekazanie prowadzenia zak\u0142adu dla dziewcz\u0105t w Przemy\u015blu siostrom ze Zgromadzenia Opatrzno\u015bci Bo\u017cej.<\/div>\n<div style=\"text-align: left\" align=\"justify\"><\/div>\n<div style=\"text-align: left\"><span style=\"color: #003300\"><strong>1 maja 1922<\/strong><\/span><\/div>\n<div style=\"text-align: left\" align=\"justify\">Przyjazd si\u00f3str do Kalisza na zaproszenie ks. Stefana Martuzalskiego, kt\u00f3ry w grudniu 1922 roku kupi\u0142 will\u0119 z niedu\u017cym ogrodem dla si\u00f3str i dzie\u0142a przy ul. Pozna\u0144skiej, a p\u00f3\u017aniej ufundowa\u0142 budynek dla dzie\u0142a apostolskiego.<\/div>\n<div style=\"text-align: left\" align=\"justify\"><\/div>\n<div style=\"text-align: left\"><span style=\"color: #003300\"><strong>2 maja 1922<\/strong><\/span><\/div>\n<div style=\"text-align: left\" align=\"justify\">Dekret \u015awi\u0119tej Kongregacji dla Spraw Zakonnych o od\u0142\u0105czeniu od Zgromadzenia w Laval i powrocie do pe\u0142nej autonomii klasztor\u00f3w Zgromadzenia Matki Bo\u017cej Mi\u0142osierdzia w Polsce.<\/div>\n<div style=\"text-align: left\" align=\"justify\"><span style=\"color: #003300\"><strong>\u00a0<\/strong><\/span><\/div>\n<div style=\"text-align: left\"><span style=\"color: #003300\"><strong>4 \u2013 12 pa\u017adziernika 1922<\/strong><\/span><\/div>\n<div style=\"text-align: left\" align=\"justify\">I Kapitu\u0142a Generalna, zwo\u0142ana przez wizytatora Stolicy Apostolskiej o. Emanuela Trzemeskiego (redemptoryst\u0119), na pierwsz\u0105 prze\u0142o\u017con\u0105 generaln\u0105 Zgromadzenia wybra\u0142a m. M. Leonard\u0119 Cieleck\u0105.<\/div>\n<div style=\"text-align: left\" align=\"justify\"><\/div>\n<div style=\"text-align: left\"><span style=\"color: #003300\"><strong>1 sierpnia 1925<\/strong><\/span><\/div>\n<div style=\"text-align: left\" align=\"justify\">Wst\u0105pienie do Zgromadzenia Heleny Kowalskiej \u2013 s. M. Faustyny.<\/div>\n<div style=\"text-align: left\" align=\"justify\"><\/div>\n<div style=\"text-align: left\"><span style=\"color: #003300\"><strong>1926<\/strong><\/span><\/div>\n<div style=\"text-align: left\" align=\"justify\">Zakup dwuhektarowej posesji na peryferiach Warszawy w dzielnicy Groch\u00f3w dla wybudowania domu wypoczynkowego dla si\u00f3str i wychowanek \u2013 filii klasztoru przy ul. \u017bytniej w Warszawie. Od 1942 roku samodzielny klasztor. Pierwsza prze\u0142o\u017cona \u2013 m. Ksawera Olszamowska.<\/div>\n<div style=\"text-align: left\" align=\"justify\"><\/div>\n<div style=\"text-align: left\"><span style=\"color: #003300\"><strong>1926<\/strong><\/span><\/div>\n<div style=\"text-align: left\" align=\"justify\">Otwarcie filii klasztoru krakowskiego w Rabce. Od 1946 roku samodzielny dom zakonny. Pierwsza prze\u0142o\u017cona \u2013 s. Felicja \u017bakowiecka.<\/div>\n<div style=\"text-align: left\" align=\"justify\"><\/div>\n<div style=\"text-align: left\"><span style=\"color: #003300\"><strong>10 grudnia 1927<\/strong><\/span><\/div>\n<div style=\"text-align: left\" align=\"justify\">Zatwierdzenie przez Kongregacj\u0119 dla Spraw Zakonnych na 7 lat nowych Konstytucji Zgromadzenia, dostosowanych do warunk\u00f3w w Polsce po od\u0142\u0105czeniu si\u0119 dom\u00f3w polskich od Zgromadzenia w Laval.<\/div>\n<div style=\"text-align: left\" align=\"justify\"><\/div>\n<div style=\"text-align: left\"><span style=\"color: #003300\"><strong>Marzec 1928<\/strong><\/span><\/div>\n<div style=\"text-align: left\" align=\"justify\">Przyjazd si\u00f3str do Kiekrza na zaproszenie Towarzystwa \u201ePrzysta\u0144\u201d i jego opiekuna ks. kan. Walentego Dymka, p\u00f3\u017aniejszego arcybiskupa pozna\u0144- skiego. Pierwsza prze\u0142o\u017cona \u2013 m. M. Ksawera Olszamowska.<\/div>\n<div style=\"text-align: left\" align=\"justify\"><\/div>\n<div style=\"text-align: left\"><span style=\"color: #003300\"><strong>6 \u2013 10 pa\u017adziernika 1928<\/strong><\/span><\/div>\n<div style=\"text-align: left\" align=\"justify\">II Kapitu\u0142a Generalna, w czasie kt\u00f3rej prze\u0142o\u017con\u0105 generaln\u0105 zosta\u0142a wybrana m. M. Michaela Moraczewska.<\/div>\n<div style=\"text-align: left\" align=\"justify\"><\/div>\n<div style=\"text-align: left\"><span style=\"color: #003300\"><strong>1929<\/strong><\/span><\/div>\n<div style=\"text-align: left\" align=\"justify\">Otwarcie filii domu p\u0142ockiego w Bia\u0142ej. Od 1950 roku samodzielny klasztor. Pierwsza prze\u0142o\u017cona \u2013 s. Melania Biasion.<\/div>\n<div style=\"text-align: left\" align=\"justify\"><\/div>\n<div style=\"text-align: left\"><span style=\"color: #003300\"><strong>1930<\/strong><\/span><\/div>\n<div style=\"text-align: left\" align=\"justify\">Zakupiono 10 ha ziemi uprawnej w Cerekwi, w kt\u00f3rej utworzono fili\u0119 domu radomskiego.<\/div>\n<div style=\"text-align: left\" align=\"justify\"><\/div>\n<div style=\"text-align: left\"><span style=\"color: #003300\"><strong>22 lutego 1931<\/strong><\/span><\/div>\n<div style=\"text-align: left\" align=\"justify\">Objawienie Jezusa Mi\u0142osiernego Siostrze Faustynie w P\u0142ocku i wezwanie do namalowania Jego obrazu wed\u0142ug wizji i ustanowienia w ca\u0142ym Ko\u015bciele \u015bwi\u0119ta Bo\u017cego Mi\u0142osierdzia. Pocz\u0105tek prorockiej misji \u015bw. Siostry Faustyny.<\/div>\n<div style=\"text-align: left\" align=\"justify\"><\/div>\n<div style=\"text-align: left\"><span style=\"color: #003300\"><strong>Maj 1933<\/strong><\/span><\/div>\n<div style=\"text-align: left\" align=\"justify\">Z inicjatywy abpa Romualda Ja\u0142brzykowskiego siostry wydzier\u017cawi\u0142y dawn\u0105 posiad\u0142o\u015b\u0107 oo. bazylian\u00f3w w Supra\u015blu, w kt\u00f3rej opiek\u0105 otoczy\u0142y 250 dzieci po wielkiej powodzi w Ma\u0142opolsce. By\u0142a to filia domu wile\u0144skiego.<\/div>\n<div style=\"text-align: left\" align=\"justify\"><\/div>\n<div style=\"text-align: left\"><span style=\"color: #003300\"><strong>15 stycznia 1935<\/strong><\/span><\/div>\n<div style=\"text-align: left\" align=\"justify\">Ostateczne zatwierdzenie przez Stolic\u0119 Apostolsk\u0105 Konstytucji Zgromadzenia.<\/div>\n<div style=\"text-align: left\" align=\"justify\"><\/div>\n<div style=\"text-align: left\"><span style=\"color: #003300\"><strong>Kwiecie\u0144 1935<\/strong><\/span><\/div>\n<div style=\"text-align: left\" align=\"justify\">Wycofanie si\u0119 Zgromadzenia z pracy w Supra\u015blu.<\/div>\n<div style=\"text-align: left\" align=\"justify\"><\/div>\n<div style=\"text-align: left\"><span style=\"color: #003300\"><strong>Od maja 1935<\/strong><\/span><\/div>\n<div style=\"text-align: left\" align=\"justify\">W Wilnie Siostra Faustyna otrzymuje objawienia zwi\u0105zane z za\u0142o\u017ceniem \u201enowego zgromadzenia\u201d, czyli Apostolskiego Ruchu Bo\u017cego Mi\u0142osierdzia.<\/div>\n<div style=\"text-align: left\" align=\"justify\"><\/div>\n<div style=\"text-align: left\"><span style=\"color: #003300\"><strong>13 &#8211; 14 wrze\u015bnia 1935<\/strong><\/span><\/div>\n<div style=\"text-align: left\" align=\"justify\">W domu Zgromadzenia w Wilnie objawienie Siostrze Faustynie Koronki do Mi\u0142osierdzia Bo\u017cego.<\/div>\n<div style=\"text-align: left\" align=\"justify\"><\/div>\n<div style=\"text-align: left\"><span style=\"color: #003300\"><strong>5 sierpnia 1937<\/strong><\/span><\/div>\n<div style=\"text-align: left\" align=\"justify\">Akt elekcji Matki Bo\u017cej Mi\u0142osierdzia na niebiesk\u0105 prze\u0142o\u017con\u0105 generaln\u0105 Zgromadzenia. Prze\u0142o\u017con\u0105 generaln\u0105 Zgromadzenia by\u0142a w\u00f3wczas m. Michaela Moraczewska.<\/div>\n<div style=\"text-align: left\" align=\"justify\"><\/div>\n<div style=\"text-align: left\"><span style=\"color: #003300\"><strong>Pa\u017adziernik 1937<\/strong><\/span><\/div>\n<div style=\"text-align: left\" align=\"justify\">Objawienie w krakowskim klasztorze modlitwy w chwili konania Jezusa na krzy\u017cu zwanej Godzin\u0105 Mi\u0142osierdzia.<\/div>\n<div style=\"text-align: left\" align=\"justify\"><\/div>\n<div style=\"text-align: left\"><span style=\"color: #003300\"><strong>1 maja 1938<\/strong><\/span><\/div>\n<div style=\"text-align: left\" align=\"justify\">Na pro\u015bb\u0119 Towarzystwa Opieki nad M\u0142odymi Kobietami Zgromadzenie podj\u0119\u0142o prac\u0119 w Schronisku \u015bw. Katarzyny w Brzuchowicach pod Lwowem, kt\u00f3re nast\u0119pnie przeniesiono do Lwowa. Prze\u0142o\u017con\u0105 by\u0142a s. Pelagia Chabowska.<\/div>\n<div style=\"text-align: left\" align=\"justify\"><\/div>\n<div style=\"text-align: left\"><span style=\"color: #003300\"><strong>5 pa\u017adziernika 1938<\/strong><\/span><\/div>\n<div style=\"text-align: left\" align=\"justify\">\u015amier\u0107\u00a0Siostry\u00a0Faustyny Kowalskiej\u00a0 w krakowskim klasztorze. Pochowana w grobowcu na cmentarzu przyklasztornym w Krakowie-\u0141agiewnikach.<\/div>\n<div style=\"text-align: left\" align=\"justify\"><\/div>\n<div style=\"text-align: left\"><span style=\"color: #003300\"><strong>II wojna \u015bwiatowa<\/strong><\/span><\/div>\n<div style=\"text-align: left\" align=\"justify\">Ujawnienie przez prze\u0142o\u017con\u0105 generaln\u0105 m. Michael\u0119 Moraczewsk\u0105 pos\u0142annictwa Siostry Faustyny Kowalskiej.<\/div>\n<div style=\"text-align: left\" align=\"justify\"><\/div>\n<div style=\"text-align: left\"><span style=\"color: #003300\"><strong>1942<\/strong><\/span><\/div>\n<div style=\"text-align: left\" align=\"justify\">Podj\u0119cie pracy w Bie\u0144czycach \u2013 filia domu krakowskiego.<\/div>\n<div style=\"text-align: left\" align=\"justify\"><\/div>\n<div style=\"text-align: left\"><span style=\"color: #003300\"><strong>1942<\/strong><\/span><\/div>\n<div style=\"text-align: left\" align=\"justify\">Otwarcie filii domu warszawskiego w Rado\u015bci.<\/div>\n<div style=\"text-align: left\" align=\"justify\"><\/div>\n<div style=\"text-align: left\"><span style=\"color: #003300\"><strong>Luty 1943<\/strong><\/span><\/div>\n<div style=\"text-align: left\" align=\"justify\">Przej\u0119cie Fundacji \u201eOchronka w Pobiedrze im. \u015bp. Ludwiki z hr. \u017bele\u0144skich W\u0119\u017cykowej\u201d (powiat Wadowice). Prze\u0142o\u017cona \u2013 s. Rita Ruchlewicz.<\/div>\n<div style=\"text-align: left\" align=\"justify\"><\/div>\n<div style=\"text-align: left\"><span style=\"color: #003300\"><strong>1945<\/strong><\/span><\/div>\n<div style=\"text-align: left\" align=\"justify\">Likwidacja filii w Bie\u0144czycach i filii w Rado\u015bci.<\/div>\n<div style=\"text-align: left\" align=\"justify\"><\/div>\n<div style=\"text-align: left\"><span style=\"color: #003300\"><strong>23 grudnia 1945<\/strong><\/span><\/div>\n<div style=\"text-align: left\" align=\"justify\">Siostry z domu wile\u0144skiego jako repatriantki osiedli\u0142y si\u0119 w Gda\u0144sku. Pierwsza prze\u0142o\u017cona \u2013 s. Andrzeja W\u00f3jcik.<\/div>\n<div style=\"text-align: left\" align=\"justify\"><\/div>\n<div style=\"text-align: left\"><span style=\"color: #003300\"><strong>Maj 1946<\/strong><\/span><\/div>\n<div style=\"text-align: left\" align=\"justify\">Siostry z domu lwowskiego jako repatriantki osiedli\u0142y si\u0119 w Zakopanem na Krzept\u00f3wkach. Pierwsza prze\u0142o\u017cona \u2013 s. Pelagia Chabowska.<\/div>\n<div style=\"text-align: left\" align=\"justify\"><\/div>\n<div style=\"text-align: left\"><span style=\"color: #003300\"><strong>Pa\u017adziernik 1946<\/strong><\/span><\/div>\n<div style=\"text-align: left\" align=\"justify\">Siostry obj\u0119\u0142y dom po niemieckich diakonisach w \u015awiebodzicach i otworzy\u0142y w nim przedszkole oraz kuchni\u0119 ludow\u0105.<\/div>\n<div style=\"text-align: left\" align=\"justify\"><\/div>\n<div style=\"text-align: left\"><span style=\"color: #003300\"><strong>16 listopada 1946<\/strong><\/span><\/div>\n<div style=\"text-align: left\" align=\"justify\">Przej\u0119cie klasztoru i zak\u0142adu od niemieckich si\u00f3str Dobrego Pasterza we Wroc\u0142awiu. Pierwsza prze\u0142o\u017cona \u2013 m. Irena Krzy\u017canowska.<\/div>\n<div style=\"text-align: left\" align=\"justify\"><\/div>\n<div style=\"text-align: left\"><span style=\"color: #003300\"><strong>5 lutego 1947<\/strong><\/span><\/div>\n<div style=\"text-align: left\" align=\"justify\">Przekazanie plac\u00f3wki w \u015awiebodzicach siostrom zmartwychwstankom.<\/div>\n<div style=\"text-align: left\" align=\"justify\"><\/div>\n<div style=\"text-align: left\"><strong><span style=\"color: #003300\">11 marca 1948<\/span><\/strong><\/div>\n<div style=\"text-align: left\" align=\"justify\">Wycofanie si\u00f3str z pracy apostolskiej w Pobiedrze i likwidacja domu zakonnego.<\/div>\n<div style=\"text-align: left\" align=\"justify\"><\/div>\n<div style=\"text-align: left\"><span style=\"color: #003300\"><strong>1950<\/strong><\/span><\/div>\n<div style=\"text-align: left\" align=\"justify\">Gospodarstwo Rolne w Cerekwi (filia domu w Radomiu) zosta\u0142o przej\u0119te przez Skarb Pa\u0144stwa.<\/div>\n<div style=\"text-align: left\" align=\"justify\"><\/div>\n<div style=\"text-align: left\"><span style=\"color: #003300\"><strong>1 listopada 1952<\/strong><\/span><\/div>\n<div style=\"text-align: left\" align=\"justify\">Akt oddania Zgromadzenia Mi\u0142osierdziu Bo\u017cemu. Prze\u0142o\u017con\u0105 generaln\u0105 by\u0142a w\u00f3wczas m. Aleksandra Archita.<\/div>\n<div style=\"text-align: left\" align=\"justify\"><\/div>\n<div style=\"text-align: left\"><strong><span style=\"color: #003300\">1 wrze\u015bnia 1961<\/span><\/strong><\/div>\n<div style=\"text-align: left\" align=\"justify\">Na zaproszenie Warszawskiego Wojew\u00f3dzkiego Wydzia\u0142u Zdrowia i opieki spo\u0142ecznej podj\u0119cie pracy w Pa\u0144stwowym Zak\u0142adzie Specjalnym dla kobiet psychicznie chorych w Bramkach Ludnych. Pocz\u0105tkowo by\u0142a to filia klasztoru w Walendowie; od 29 wrze\u015bnia 1962 samodzielny dom zakonny z prze\u0142o\u017con\u0105 \u2013 s. Augustyn\u0105 Wadas.<\/div>\n<div style=\"text-align: left\" align=\"justify\"><\/div>\n<div style=\"text-align: left\"><span style=\"color: #003300\"><strong>Do 1962<\/strong><\/span><\/div>\n<div style=\"text-align: left\" align=\"justify\">Stopniowa likwidacja przez w\u0142adze komunistyczne zak\u0142ad\u00f3w dla dziewcz\u0105t potrzebuj\u0105cych odnowy moralnej. Pozosta\u0142e Domy Mi\u0142osierdzia przekszta\u0142cono na\u00a0 zak\u0142ady opieku\u0144cze\u00a0 dla dzieci\u00a0 o obni\u017conej\u00a0 sprawno\u015bci umys\u0142owej i psycho-ruchowej oraz chorych kobiet.<\/div>\n<div style=\"text-align: left\" align=\"justify\"><\/div>\n<div style=\"text-align: left\"><strong><span style=\"color: #003300\">21 pa\u017adziernika 1965<\/span><\/strong><\/div>\n<div style=\"text-align: left\" align=\"justify\">Rozpocz\u0119cie\u00a0 w\u00a0 Kurii\u00a0 Metropolitalnej\u00a0 w\u00a0 Krakowie\u00a0 procesu\u00a0 informacyjnego o \u017cyciu i cnotach S\u0142ugi Bo\u017cej Siostry Faustyny Kowalskiej przez bpa Juliana Groblickiego, delegowanego przez kard. Karola Wojty\u0142\u0119.<\/div>\n<div style=\"text-align: left\" align=\"justify\"><\/div>\n<div style=\"text-align: left\"><span style=\"color: #003300\"><strong>25 listopada 1966<\/strong><\/span><\/div>\n<div style=\"text-align: left\" align=\"justify\">Przeniesienie doczesnych szcz\u0105tk\u00f3w Siostry Faustyny Kowalskiej z cmentarza do kaplicy klasztornej w Krakowie.<\/div>\n<div style=\"text-align: left\" align=\"justify\"><\/div>\n<div style=\"text-align: left\"><strong><span style=\"color: #003300\">20 wrze\u015bnia 1967<\/span><\/strong><\/div>\n<div style=\"text-align: left\" align=\"justify\">Zako\u0144czenie\u00a0przez\u00a0kard.\u00a0Karola\u00a0Wojty\u0142\u0119\u00a0procesu\u00a0informacyjnego\u00a0o \u017cyciu i cnotach S\u0142ugi Bo\u017cej Siostry Faustyny Kowalskiej na szczeblu diecezji. Akta sprawy przekazano do Kongregacji do Spraw \u015awi\u0119tych.<\/div>\n<div style=\"text-align: left\" align=\"justify\"><\/div>\n<div style=\"text-align: left\"><span style=\"color: #003300\"><strong>31 sierpnia 1969<\/strong><\/span><\/div>\n<div style=\"text-align: left\" align=\"justify\">Rezygnacja z pracy w Bramkach Ludnych.<\/div>\n<div style=\"text-align: left\" align=\"justify\"><\/div>\n<div style=\"text-align: left\"><span style=\"color: #003300\"><strong>2 lipca 1976<\/strong><\/span><\/div>\n<div style=\"text-align: left\" align=\"justify\">Otwarcie domu zakonnego w Magdalence. Pierwsza prze\u0142o\u017cona \u2013 s Gabriela Bejma.<\/div>\n<div style=\"text-align: left\" align=\"justify\"><\/div>\n<div style=\"text-align: left\"><span style=\"color: #003300\"><strong>21 listopada 1978<\/strong><\/span><\/div>\n<div style=\"text-align: left\" align=\"justify\">Otwarcie domu zakonnego w Rzymie (w Kolegium Czeskim) dla sprawnego prowadzenia procesu beatyfikacyjnego Siostry Faustyny. Pierwsza prze\u0142o\u017cona s. Loyola Czermak.<\/div>\n<div style=\"text-align: left\" align=\"justify\"><\/div>\n<div style=\"text-align: left\"><span style=\"color: #003300\"><strong>1981<\/strong><\/span><\/div>\n<div style=\"text-align: left\" align=\"justify\">Pierwsze wydanie \u201eDzienniczka\u201d Siostry Faustyny Kowalskiej.<\/div>\n<div style=\"text-align: left\" align=\"justify\"><\/div>\n<div style=\"text-align: left\"><span style=\"color: #003300\"><strong>27 sierpnia 1983<\/strong><\/span><\/div>\n<div style=\"text-align: left\" align=\"justify\">Otwarcie domu zakonnego w \u0141odzi na zaproszenie ks. proboszcza Tadeusza Bednarka. Pierwsz\u0105 siostr\u0105 pe\u0142ni\u0105c\u0105 obowi\u0105zki prze\u0142o\u017conej \u2013 s. Magdalena Jo\u0144ca.<\/div>\n<div style=\"text-align: left\" align=\"justify\"><\/div>\n<div style=\"text-align: left\"><span style=\"color: #003300\"><strong>29 czerwca 1985<\/strong><\/span><\/div>\n<div style=\"text-align: left\" align=\"justify\">Zatwierdzenie przez Kongregacj\u0119 Zakon\u00f3w i Instytut\u00f3w \u015awieckich nowych Konstytucji Zgromadzenia opracowanych wed\u0142ug wskaza\u0144 Soboru Watyka\u0144skiego II.<\/div>\n<div style=\"text-align: left\" align=\"justify\"><\/div>\n<div style=\"text-align: left\"><span style=\"color: #003300\"><strong>Kwiecie\u0144 1987<\/strong><\/span><\/div>\n<div style=\"text-align: left\" align=\"justify\">Z inicjatywy o. Wojciecha Kubackiego SI wydanie pierwszego numeru \u201eOr\u0119dzia Mi\u0142osierdzia\u201d. Od 1996 pismo wychodzi co kwarta\u0142 jako organ Stowarzyszenia Aposto\u0142\u00f3w Bo\u017cego Mi\u0142osierdzia \u201eFaustinum\u201d pod redakcj\u0105 s. El\u017cbiety Siepak.<\/div>\n<div style=\"text-align: left\" align=\"justify\"><\/div>\n<div style=\"text-align: left\"><span style=\"color: #003300\"><strong>1 stycznia 1988<\/strong><\/span><\/div>\n<div style=\"text-align: left\" align=\"justify\">Otwarcie domu zakonnego w Chyliczkach. Pierwsza prze\u0142o\u017cona \u2013 s. Irenea Garbiec.<\/div>\n<div style=\"text-align: left\" align=\"justify\"><\/div>\n<div style=\"text-align: left\"><span style=\"color: #003300\"><strong>15 wrze\u015bnia 1988<\/strong><\/span><\/div>\n<div style=\"text-align: left\" align=\"justify\">Wyjazd\u00a0 do\u00a0 USA\u00a0 na\u00a0 zaproszenie\u00a0 kard. Law i\u00a0 otwarcie\u00a0 domu\u00a0 zakonnego w Bostonie. Pierwsza prze\u0142o\u017cona s. Rajmunda Paciura.<\/div>\n<div style=\"text-align: left\" align=\"justify\"><\/div>\n<div style=\"text-align: left\"><span style=\"color: #003300\"><strong>Od 1989<\/strong><\/span><\/div>\n<div style=\"text-align: left\" align=\"justify\">Odzyskiwanie przez Zgromadzenie klasztor\u00f3w i zak\u0142ad\u00f3w zaj\u0119tych przez w\u0142adze komunistyczne, m. in. Domu Mi\u0142osierdzia i cz\u0119\u015bci posesji w Krakowie, klasztoru i Zak\u0142adu Anio\u0142a Str\u00f3\u017ca w P\u0142ocku.<\/div>\n<div style=\"text-align: left\" align=\"justify\"><\/div>\n<div style=\"text-align: left\"><span style=\"color: #003300\"><strong>1 wrze\u015bnia 1992<\/strong><\/span><\/div>\n<div style=\"text-align: left\" align=\"justify\">Otwarcie domu zakonnego na Bia\u0142orusi \u2013 Szyd\u0142owice. Pierwsza prze\u0142o\u017cona \u2013 s. Konsolata \u0141anik.<\/div>\n<div style=\"text-align: left\" align=\"justify\"><\/div>\n<div style=\"text-align: left\"><span style=\"color: #003300\"><strong>1 listopada 1992<\/strong><\/span><\/div>\n<div style=\"text-align: left\" align=\"justify\">Dekret metropolity krakowskiego kard. Franciszka Macharskiego o ustanowieniu zakonnej kaplicy \u015bw. J\u00f3zefa w Krakowie-\u0141agiewnikach Sanktuarium Mi\u0142osierdzia Bo\u017cego.<\/div>\n<div style=\"text-align: left\" align=\"justify\"><\/div>\n<div style=\"text-align: left\"><span style=\"color: #003300\"><strong>18 kwietnia 1993<\/strong><\/span><\/div>\n<div style=\"text-align: left\" align=\"justify\">Beatyfikacja Siostry Faustyny przez Ojca \u015awi\u0119tego Jana Paw\u0142a II na Placu \u015aw. Piotra w Rzymie.<\/div>\n<div style=\"text-align: left\" align=\"justify\"><\/div>\n<div style=\"text-align: left\"><span style=\"color: #003300\"><strong>8 grudnia 1993<\/strong><\/span><\/div>\n<div style=\"text-align: left\" align=\"justify\">Otwarcie domu zakonnego w Rzymie, przy Via dei Penitenzieri, Centrum Apostolstwa Mi\u0142osierdzia Bo\u017cego. Pierwsza prze\u0142o\u017cona s. Aniela Radlica.<\/div>\n<div style=\"text-align: left\" align=\"justify\"><\/div>\n<div style=\"text-align: left\"><span style=\"color: #003300\"><strong>22 sierpnia 1994<\/strong><\/span><\/div>\n<div style=\"text-align: left\" align=\"justify\">Otwarcie domu zakonnego w Czechach \u2013 Ronov; potem wsp\u00f3lnota si\u00f3str przenios\u0142a si\u0119 do Dv\u016fr Kr\u00e1lov\u00e9 nad Labem. Pierwsza prze\u0142o\u017cona \u2013 s. Gracjana Szewc.<\/div>\n<div style=\"text-align: left\" align=\"justify\"><\/div>\n<div style=\"text-align: left\"><span style=\"color: #003300\"><strong>23 stycznia 1995<\/strong><\/span><\/div>\n<div style=\"text-align: left\" align=\"justify\">Dekret Kongregacji ds. Kultu Bo\u017cego i Dyscypliny Sakrament\u00f3w zezwalaj\u0105cy na wpisanie b\u0142. Siostry Faustyny do kalendarza liturgicznego Ko\u015bcio\u0142a w Polsce.<\/div>\n<div style=\"text-align: left\" align=\"justify\"><\/div>\n<div style=\"text-align: left\"><span style=\"color: #003300\"><strong>25 sierpnia 1995<\/strong><\/span><\/div>\n<div style=\"text-align: left\" align=\"justify\">Akt uznania b\u0142. Siostry Faustyny za duchow\u0105 wsp\u00f3\u0142za\u0142o\u017cycielk\u0119 Zgromadzenia. Prze\u0142o\u017con\u0105 generaln\u0105 by\u0142a w\u00f3wczas m. Paulina S\u0142omka.<\/div>\n<div align=\"justify\"><\/div>\n<div style=\"text-align: left\" align=\"justify\"><span style=\"color: #003300\"><strong>22-24 lutego 1996<\/strong><\/span><br \/>\nI Mi\u0119dzynarodowy Kongres Aposto\u0142\u00f3w Bo\u017cego Mi\u0142osierdzia w Sanktuarium Bo\u017cego Mi\u0142osierdzia w Krakowie-\u0141agiewnikach. Temat: Apostolski Ruch Bo\u017cego Mi\u0142osierdzia.<\/div>\n<div style=\"text-align: left\" align=\"justify\"><\/div>\n<div style=\"text-align: left\"><span style=\"color: #003300\"><strong>6 marca 1996<\/strong><\/span><\/div>\n<div style=\"text-align: left\" align=\"justify\">Erygowanie przez metropolit\u0119 krakowskiego kard. Franciszka Macharskiego Stowarzyszenia Aposto\u0142\u00f3w Bo\u017cego Mi\u0142osierdzia \u201eFaustinum\u201d na pro\u015bb\u0119 prze\u0142o\u017conej generalnej Zgromadzenia m. Pauliny S\u0142omki. Pierwsza przewodnicz\u0105ca \u201eFaustinum\u201d \u2013 s. El\u017cbieta Siepak.<\/div>\n<div style=\"text-align: left\" align=\"justify\"><\/div>\n<div style=\"text-align: left\"><span style=\"color: #003300\"><strong>7 czerwca 1997<\/strong><\/span><\/div>\n<div style=\"text-align: left\" align=\"justify\">Pierwsza papieska pielgrzymka Ojca \u015awi\u0119tego Jana Paw\u0142a II do Sanktuarium w \u0141agiewnikach. Modlitwa Papie\u017ca przed \u0142askami s\u0142yn\u0105cym obrazem Jezusa Mi\u0142osiernego i przy grobie b\u0142. Siostry Faustyny oraz spotkanie z siostrami ze Zgromadzenia Matki Bo\u017cej Mi\u0142osierdzia, do kt\u00f3rych powiedzia\u0142: Drogie Siostry! Spoczywa na was niezwyk\u0142e powo\u0142anie. Wybieraj\u0105c spo\u015br\u00f3d was b\u0142ogos\u0142awion\u0105 Faustyn\u0119, Chrystus uczyni\u0142 wasze zgromadzenie str\u00f3\u017cem tego miejsca, a r\u00f3wnocze\u015bnie wezwa\u0142 do szczeg\u00f3lnego apostolstwa Jego mi\u0142osierdzia. Prosz\u0119 was, podejmujcie to dzie\u0142o. Dzisiejszy cz\u0142owiek potrzebuje waszego g\u0142oszenia mi\u0142osierdzia; potrzebuje waszych dzie\u0142 mi\u0142osierdzia i potrzebuje waszej modlitwy o mi\u0142osierdzie. Nie zaniedbujcie \u017cadnego z tych wymiar\u00f3w apostolstwa.<\/div>\n<div style=\"text-align: left\" align=\"justify\"><\/div>\n<div style=\"text-align: left\"><span style=\"color: #003300\"><strong>29 czerwca 1997<\/strong><\/span><\/div>\n<div style=\"text-align: left\" align=\"justify\">Na zaproszenie bpa Tomasza Pety otwarcie domu zakonnego w Kazachstanie \u2013 Pietropaw\u0142owsk. By\u0142o to wotum wdzi\u0119czno\u015bci za nawiedzenie sanktuarium w \u0141agiewnikach przez Ojca \u015bwi\u0119tego Jana Paw\u0142a II. Pierwsza prze\u0142o\u017cona \u2013 s. Maria Magdalena Glumi\u0144ska.<\/div>\n<div style=\"text-align: left\" align=\"justify\"><\/div>\n<div style=\"text-align: left\"><span style=\"color: #003300\"><strong>1 stycznia 1999<\/strong><\/span><\/div>\n<div style=\"text-align: left\" align=\"justify\">Rezygnacja z pracy apostolskiej w Magdalence i likwidacja domu zakonnego.<\/div>\n<div style=\"text-align: left\" align=\"justify\"><\/div>\n<div style=\"text-align: left\"><span style=\"color: #003300\"><strong>30 kwietnia 2000<\/strong><\/span><\/div>\n<div style=\"text-align: left\" align=\"justify\">Kanonizacja Siostry Faustyny przez papie\u017ca Jana Paw\u0142a II w Rzymie. Tele-most z Sanktuarium w Krakowie-\u0141agiewnikach. Og\u0142oszenie \u015awi\u0119ta Mi\u0142osierdzia Bo\u017cego dla ca\u0142ego Ko\u015bcio\u0142a.<\/div>\n<div style=\"text-align: left\" align=\"justify\"><\/div>\n<div style=\"text-align: left\"><span style=\"color: #003300\"><strong>30 kwietnia 2000<\/strong><\/span><\/div>\n<div style=\"text-align: left\" align=\"justify\">Kaplica zakonna w p\u0142ockim klasztorze zosta\u0142a podniesiona do rangi diecezjalnego Sanktuarium Bo\u017cego Mi\u0142osierdzia przez bpa Stanis\u0142awa Wielgusa.<\/div>\n<div style=\"text-align: left\" align=\"justify\"><\/div>\n<div style=\"text-align: left\"><span style=\"color: #003300\"><strong>22 lipca 2000<\/strong><\/span><\/div>\n<div style=\"text-align: left\" align=\"justify\">Likwidacja domu zakonnego przy Via Concordia w Rzymie (Kolegium Czeskie).<\/div>\n<div style=\"text-align: left\" align=\"justify\"><\/div>\n<div style=\"text-align: left\"><span style=\"color: #003300\"><strong>26 czerwca 2001<\/strong><\/span><\/div>\n<div style=\"text-align: left\" align=\"justify\">Otwarcie domu zakonnego w Jerozolimie na zaproszenie o. Jerzego Kraja, franciszkanina, superiora klasztoru Biczowania. Pierwsza prze\u0142o\u017cona\u00a0 \u2013 s. Weronika Trojanowska.<\/div>\n<div style=\"text-align: left\" align=\"justify\"><\/div>\n<div style=\"text-align: left\"><span style=\"color: #003300\"><strong>15 sierpnia 2001<\/strong><\/span><\/div>\n<div style=\"text-align: left\" align=\"justify\">Na zaproszenie bp. W\u0142adys\u0142awa Blina otwarcie drugiego domu zakonnego na Bia\u0142orusi w Postawach. Pierwsza prze\u0142o\u017cona \u2013 s. Klaudia Zaleska.<\/div>\n<div style=\"text-align: left\" align=\"justify\"><\/div>\n<div style=\"text-align: left\"><span style=\"color: #003300\"><strong>25 sierpnia 2001<\/strong><\/span><\/div>\n<div style=\"text-align: left\" align=\"justify\">Otwarcie\u00a0domu zakonnego\u00a0 w\u00a0 \u015awinicach\u00a0Warckich.\u00a0Pierwsza prze\u0142o\u017cona s. Miros\u0142awa Ratter.<\/div>\n<div style=\"text-align: left\" align=\"justify\"><\/div>\n<div style=\"text-align: left\"><span style=\"color: #003300\"><strong>17 sierpnia 2002<\/strong><\/span><\/div>\n<div style=\"text-align: left\" align=\"justify\">Druga pielgrzymka Ojca \u015awi\u0119tego Jana Paw\u0142a II do Sanktuarium w Krakowie-\u0141agiewnikach. Konsekracja nowo wybudowanej bazyliki i akt zawierzenia \u015bwiata Mi\u0142osierdziu Bo\u017cemu.<\/div>\n<div style=\"text-align: left\" align=\"justify\"><\/div>\n<div style=\"text-align: left\"><span style=\"color: #003300\"><strong>1 stycznia 2003<\/strong><\/span><\/div>\n<div style=\"text-align: left\" align=\"justify\">Powo\u0142anie przez prze\u0142o\u017con\u0105 generaln\u0105 m. Gracjan\u0119 Szewc Wydawnictwa \u201eMisericordia\u201d. Pierwszym dyrektorem \u2013 s. El\u017cbieta Siepak.<\/div>\n<div style=\"text-align: left\" align=\"justify\"><\/div>\n<div style=\"text-align: left\"><span style=\"color: #003300\"><strong>17 lutego 2003<\/strong><\/span><\/div>\n<div style=\"text-align: left\" align=\"justify\">Kongregacja Kultu Bo\u017cego i Dyscypliny Sakrament\u00f3w zatwierdzi\u0142a Kalendarz w\u0142asny\u00a0Zgromadzenia z uroczysto\u015bci\u0105\u00a0na \u015bwi\u0119to patronalne Zgromadzenia (5 sierpnia) i z uroczysto\u015bci\u0105 \u015bw. Faustyny, dziewicy (5 pa\u017adziernika), jak przys\u0142uguje \u015bwi\u0119tym za\u0142o\u017cycielom.<\/div>\n<div style=\"text-align: left\" align=\"justify\"><\/div>\n<div style=\"text-align: left\"><span style=\"color: #003300\"><strong>15 lutego 2004<\/strong><\/span><\/div>\n<div style=\"text-align: left\" align=\"justify\">Na zaproszenie kard. Miloslava Vlka otwarcie domu zakonnego w Pradze jako filii domu w Dvorze Kralovym (drugi dom w Czechach). Od 31 sierpnia 2005 samodzielny dom. Pierwsza prze\u0142o\u017cona s. Martyna Dudek.<\/div>\n<div style=\"text-align: left\" align=\"justify\"><\/div>\n<div style=\"text-align: left\"><span style=\"color: #003300\"><strong>15 wrze\u015bnia 2005<\/strong><\/span><\/div>\n<div style=\"text-align: left\" align=\"justify\">Otwarcie domu zakonnego na S\u0142owacji \u2013 Ni\u00c5\u00beny Hru\u0161ov. Pierwsza prze\u0142o\u017cona \u2013 s. Faustyna Olszewska.<\/div>\n<div style=\"text-align: left\" align=\"justify\"><\/div>\n<div style=\"text-align: left\" align=\"justify\"><span style=\"color: #003300\"><strong>7-9 pa\u017adziernika 2005<\/strong><\/span><br \/>\nII Mi\u0119dzynarodowy Kongres Aposto\u0142\u00f3w Bo\u017cego Mi\u0142osierdzia w Sanktuarium Bo\u017cego Mi\u0142osierdzia w Krakowie-\u0141agiewnikach. Temat: Nie\u015b\u0107 \u015bwiatu ogie\u0144 Mi\u0142osierdzia.<\/div>\n<div style=\"text-align: left\" align=\"justify\">\n<p><span style=\"color: #003300\"><strong>27 maja 2006<br \/>\n<\/strong><\/span>Pielgrzymka Ojca \u015awi\u0119tego Benedykta XVI do Sanktuarium w \u0141agiewnikach.<\/p>\n<p><span style=\"color: #003300\"><strong>26 sierpnia 2006<br \/>\n<\/strong><\/span>Na zaproszenie\u00a0 ks. proboszcza\u00a0 Miros\u0142awa Mi\u0142ka\u00a0 otwarcie domu zakonnego w Sieradzu pocz\u0105tkowo jako filii klasztoru w \u015awinicach Warckich. Od 26 sierpnia 2008 roku samodzielny dom. Pierwsza prze\u0142o\u017cona \u2013 s. Miros\u0142awa Ratter.<\/p>\n<p><span style=\"color: #003300\"><strong>22 wrze\u015bnia 2007<br \/>\n<\/strong><\/span>Na zaproszenie\u00a0abpa\u00a0Tomasza\u00a0Pety\u00a0otwarcie\u00a0drugiego domu zakonnego w Kazachstanie w Tajynszy jako filii klasztoru w Pietropaw\u0142owsku. Prze\u0142o\u017cona \u2013 s. Dominika Pindral.<\/p>\n<\/div>\n<div style=\"text-align: left\"><span style=\"color: #003300\"><strong>18 kwietnia 2008<\/strong><\/span><\/div>\n<div style=\"text-align: left\" align=\"justify\">Otwarcie drugiego domu zakonnego na S\u0142owacji w Bratys\u0142awie. Pierwsza prze\u0142o\u017cona \u2013 s. Martyna Dudek.<\/div>\n<div style=\"text-align: left\" align=\"justify\"><\/div>\n<div style=\"text-align: left\"><strong><span style=\"color: #003300\">25 sierpnia 2008<\/span><\/strong><\/div>\n<div style=\"text-align: left\" align=\"justify\">Otwarcie klasztoru kontemplacyjnego w \u015awinicach Warckich. Pierwsza prze\u0142o\u017cona \u2013 s. Maria Magdalena Glumi\u0144ska.<\/div>\n<div style=\"text-align: left\" align=\"justify\"><\/div>\n<div style=\"text-align: left\" align=\"justify\"><span style=\"color: #003300\"><strong>2-5 pa\u017adziernika 2008<\/strong><\/span><br \/>\nIII Mi\u0119dzynarodowy Kongres Aposto\u0142\u00f3w Bo\u017cego Mi\u0142osierdzia w Sanktuarium Bo\u017cego Mi\u0142osierdzia w Krakowie-\u0141agiewnikach. Temat: Szko\u0142a mi\u0142osierdzia \u015bw. Faustyny i \u015bw. Jana Paw\u0142a II.<\/div>\n<div style=\"text-align: left\" align=\"justify\">\n<p><span style=\"color: #003300\"><strong>5 pa\u017adziernika 2008<\/strong><\/span><br \/>\nOtwarcie nowej strony internetowej Zgromadzenia: <a href=\"https:\/\/www.faustyna.pl\/\">www.faustyna.pl<\/a>. Udost\u0119pnienie na niej ca\u0142ego \u201eDzienniczka\u201d w formie pdf z certyfikatem chroni\u0105cym integralno\u015b\u0107 tekstu.<\/p>\n<p><strong><span style=\"color: #003300\">1 wrze\u015bnia 2009<\/span><br \/>\n<\/strong>Powstanie M\u0142odzie\u017cowego O\u015brodka Wychowawczego w Kaliszu w miejsce zlikwidowanego z dniem 31.08.2009 \u00a0Szkolnego O\u015brodka Wychowawczego.<\/p>\n<p><span style=\"color: #003300\"><strong>22 lutego 2010 roku<\/strong><\/span><br \/>\nRozpocz\u0119cie transmisji radiowych z Sanktuarium w \u0141agiewnikach (z kaplicy klasztornej) modlitwy w Godzinie Mi\u0142osierdzia i Koronki do Mi\u0142osierdzia Bo\u017cego przez rozg\u0142o\u015bnie radiowe: Radio Warszawa, Radio Niepokalan\u00f3w, Radio Rodzina Wroc\u0142aw, Radio Podlasie, Radio Nadzieja, Radio Ain-Karim, Radio Faustyna oraz strona: <a href=\"https:\/\/www.faustyna.pl\/\">www.faustyna.pl<\/a><\/p>\n<p><span style=\"color: #003300\"><strong>1 sierpnia 2011 <\/strong><\/span><br \/>\nRozpocz\u0119cie dzie\u0142a \u201eNieustannej Koronki\u201d na stronie: <a href=\"https:\/\/www.faustyna.pl\/\">www.faustyna.pl<\/a> Dzi\u0119ki tej inicjatywie Koronka do Mi\u0142osierdzia Bo\u017cego odmawiana jest przez ca\u0142\u0105 dob\u0119, a do modlitwy si\u00f3str ze Zgromadzenia Matki Bo\u017cej Mi\u0142osierdzia codziennie do\u0142\u0105czaj\u0105 si\u0119 internauci z wielu kraj\u00f3w \u015bwiata.<\/p>\n<\/div>\n<div style=\"text-align: left\"><span style=\"color: #003300\"><strong>25 sierpnia 2011<\/strong><\/span><\/div>\n<div style=\"text-align: left\" align=\"justify\">Otwarcie domu zakonnego w Toruniu. Pierwsza prze\u0142o\u017cona \u2013 s. M. Benedetta Flak.<\/div>\n<div style=\"text-align: left\" align=\"justify\"><\/div>\n<div style=\"text-align: left\"><span style=\"color: #003300\"><strong>8 wrze\u015bnia 2011<\/strong><\/span><\/div>\n<div style=\"text-align: left\" align=\"justify\">Otwarcie \u00a0trzeciego \u00a0domu \u00a0zakonnego \u00a0na \u00a0S\u0142owacji.\u00a0Pierwsza \u00a0prze\u0142o\u017cona s. M. Benediktina Fe\u010dova.<\/div>\n<div style=\"text-align: left\" align=\"justify\">\n<p><span style=\"color: #003300\"><strong>1-5 pa\u017adziernika 2011<\/strong><\/span><br \/>\nII \u015awiatowy Kongres Mi\u0142osierdzia Bo\u017cego WACOM. Has\u0142o: Mi\u0142osierdzie \u017ar\u00f3d\u0142em nadziei.<\/p>\n<p><span style=\"color: #003300\"><strong>15 pa\u017adziernika 2011<\/strong><\/span><br \/>\nRozpocz\u0119cie peregrynacji kopii \u0142askami s\u0142yn\u0105cego obrazu Jezusa Mi\u0142osiernego z Sanktuarium w Krakowie-\u0141agiewnikach oraz relikwii \u015bw. Siostry Faustyny i \u015bw. Jana Paw\u0142a II po parafiach diecezji krakowskiej. Zako\u0144czenie 29 czerwca 2013.<\/p>\n<p><span style=\"color: #003300\"><strong>22 lutego 2012<\/strong><\/span><br \/>\nRozpocz\u0119cie przez Zgromadzenie pos\u0142ugi na Facebooku w grupie otwartej: Sanktuarium Bo\u017cego Mi\u0142osierdzia.<\/p>\n<\/div>\n<div style=\"text-align: left\"><span style=\"color: #003300\"><strong>30 czerwca 2012<\/strong><\/span><\/div>\n<div style=\"text-align: left\" align=\"justify\">Ods\u0142oni\u0119cie w ko\u015bciele \u015bw. Anny w Wilanowie tablicy upami\u0119tniaj\u0105cej pobyt i\u00a0modlitw\u0119 oraz pierwsz\u0105 Msz\u0119 \u017ca\u0142obn\u0105 przy trumnie zmar\u0142ej za\u0142o\u017cycielki Zgromadzenia m. Teresy Ewy z ksi\u0105\u017c\u0105t Su\u0142kowskich hrabiny Potockiej. Mszy \u015bw. przewodniczy\u0142 i tablic\u0119 po\u015bwi\u0119ci\u0142 prymas Polski senior kard. J\u00f3zef Glemp.\u00a0Tego dnia po\u015bwi\u0119cono tak\u017ce grobowiec Zgromadzenia na Pow\u0105zkach w Warszawie po gruntownej renowacji, w kt\u00f3rym spoczywaj\u0105 doczesne szcz\u0105tki matki Teresy Potockiej i blisko dziewi\u0119\u0107dziesi\u0119ciu si\u00f3str.<\/div>\n<div style=\"text-align: left\" align=\"justify\"><\/div>\n<div style=\"text-align: left\"><span style=\"color: #003300\"><strong>26 sierpnia 2012<\/strong><\/span><\/div>\n<div style=\"text-align: left\" align=\"justify\">Na zaproszenie bp. Bronis\u0142awa Biernackiego z diecezji odesko-symferopolskiej otwarcie pierwszego na Ukrainie domu Zgromadzenia w miejscowo\u015bci Tawrijsk. Pierwsza prze\u0142o\u017cona \u2013 s. M. Alberta Perkowska.<\/div>\n<div style=\"text-align: left\" align=\"justify\"><\/div>\n<div style=\"text-align: left\"><span style=\"color: #003300\"><strong>31 sierpnia 2012<\/strong><\/span><\/div>\n<div style=\"text-align: left\" align=\"justify\">Zako\u0144czenie dzia\u0142alno\u015bci Zgromadzenia w Pradze.<\/div>\n<div style=\"text-align: left\" align=\"justify\">\n<p><strong><span style=\"color: #003300\">1 wrze\u015bnia 2012<\/span><br \/>\n<\/strong>Przeniesienie postulatu z domu generalnego w warszawie przy ul. \u017bytniej do Walendowa.<\/p>\n<\/div>\n<div style=\"text-align: left\"><span style=\"color: #003300\"><strong>25 pa\u017adziernika 2012<\/strong><\/span><\/div>\n<div style=\"text-align: left\" align=\"justify\">W ko\u015bciele \u015awi\u0119tego Krzy\u017ca w Warszawie Eucharystii z okazji Jubileuszu Zgromadzenia Eucharystii przewodniczy\u0142 sekretarz Episkopatu Polski bp Wojciech Polak, kt\u00f3ry dokona\u0142 po\u015bwi\u0119cenia tablicy upami\u0119tniaj\u0105cej chrzest matki Teresy Ewy z ksi\u0105\u017c\u0105t Su\u0142kowkich Potockiej \u2013 za\u0142o\u017cycielki Zgromadzenia.<\/div>\n<div style=\"text-align: left\" align=\"justify\"><\/div>\n<div style=\"text-align: left\"><span style=\"color: #003300\"><strong>28 pa\u017adziernika 2012<\/strong><\/span><\/div>\n<div style=\"text-align: left\" align=\"justify\">W ko\u015bciele \u015awi\u0119tego Krzy\u017ca w Warszawie Mszy \u015bw. z okazji Jubileuszu Zgromadzenia (transmitowanej przez Polskie Radio) przewodniczy\u0142 nuncjusz apostolski w Polsce abp Celestino Migliore.<\/div>\n<div style=\"text-align: left\" align=\"justify\"><\/div>\n<div style=\"text-align: left\"><span style=\"color: #003300\"><strong>1 listopada 2012<\/strong><\/span><\/div>\n<div style=\"text-align: left\" align=\"justify\">150. rocznica powstania i dzia\u0142alno\u015bci Zgromadzenia Si\u00f3str Matki Bo\u017cej Mi\u0142osierdzia. Uroczysto\u015bciom jubileuszowym w Warszawie przy ul. \u017bytniej przewodniczy\u0142 metropolita kard. Kazimierz Nycz. W czasie uroczysto\u015bci w\u00a0ko\u015bciele pw. Mi\u0142osierdzia Bo\u017cego i \u015bw. Siostry Faustyny (dawnej kaplicy Zgromadzenia) po\u015bwi\u0119ci\u0142 tablic\u0119 upami\u0119tniaj\u0105c\u0105 pobyt w tym miejscu za\u0142o\u017cycielki Zgromadzenia m. Teresy Potockiej i duchowej wsp\u00f3\u0142za\u0142o\u017cycielki \u2013 \u015bw. Siostry Faustyny Kowalskiej. W tym dniu z tej okazji Mszy \u015bw. w Sanktuarium Bo\u017cego Mi\u0142osierdzia w Krakowie-\u0141agiewnikach transmitowanej przez TVP 1 przewodniczy\u0142 bp Jan Zaj\u0105c.<\/div>\n<div style=\"text-align: left\" align=\"justify\"><\/div>\n<div style=\"text-align: left\" align=\"justify\"><span style=\"color: #003300\"><strong>1 listopada 2012<\/strong><\/span><br \/>\nUdost\u0119pnienie na stronie internetowej: <a href=\"https:\/\/www.faustyna.pl\/\">www.faustyna.pl<\/a> gigapikselowej prezentacji \u0142askami s\u0142yn\u0105cego obrazu Jezusa Mi\u0142osiernego p\u0119dzla Adolfa Hy\u0142y z kaplicy klasztornej w Sanktuarium Bo\u017cego Mi\u0142osierdzia w Krakowie-\u0141agiewnikach. Foto \u2013 Piotr Tumidajski.<\/div>\n<div style=\"text-align: left\" align=\"justify\"><\/div>\n<div style=\"text-align: left\" align=\"justify\"><span style=\"color: #003300\"><strong>15 lutego 2013<\/strong><\/span><br \/>\nRozpocz\u0119cie transmisji on-line (video) z kaplicy z \u0142askami s\u0142yn\u0105cym obrazem Jezusa Mi\u0142osiernego i grobem \u015bw. Siostry Faustyny w Sanktuarium Bo\u017cego Mi\u0142osierdzia w Krakowie-\u0141agiewnikach na stronie: <a href=\"https:\/\/www.faustyna.pl\/\">www.faustyna.pl<\/a><\/div>\n<div style=\"text-align: left\" align=\"justify\"><\/div>\n<div style=\"text-align: left\" align=\"justify\"><span style=\"color: #003300\"><strong>22 lutego 2013<\/strong><\/span><br \/>\nRozpocz\u0119cie dzie\u0142a \u201eKoronka za konaj\u0105cych\u201d z wykorzystaniem internetu i sieci kom\u00f3rkowych.<\/div>\n<div align=\"justify\"><\/div>\n<div style=\"text-align: left\" align=\"justify\"><span style=\"color: #003300\"><strong>18 kwietnia 2013<\/strong><\/span><br \/>\nPrzej\u0119cie przez Zgromadzenie zarz\u0105du Fundacji w Lakeville, MA 02347 U.S.A. (HIS LAND, INC.).<\/div>\n<div align=\"justify\"><\/div>\n<div style=\"text-align: left\" align=\"justify\"><span style=\"color: #003300\"><strong>18 maja 2013<\/strong><\/span><br \/>\nPielgrzymka jubileuszowa Zgromadzenia do Rydzyny &#8211; miejsca\u00a0dzieci\u0144stwa i m\u0142odo\u015bci\u00a0za\u0142o\u017cycielki m. Teresy z ksi\u0105\u017c\u0105t Su\u0142kowskich Potockiej. W uroczystej Mszy \u015bw. jubileuszowej pod przewodnictwem metropolity pozna\u0144skiego, abp. Stanis\u0142awa G\u0105deckiego wzi\u0119\u0142o udzia\u0142 ponad 300 os\u00f3b (si\u00f3str, kap\u0142an\u00f3w, wychowanek, cz\u0142onk\u00f3w Faustinum, zaproszonych go\u015bci). Na zamku w Rydzynie abp St. G\u0105decki ods\u0142oni\u0142 tablic\u0119 pami\u0105tkow\u0105.<\/div>\n<div align=\"justify\"><\/div>\n<div style=\"text-align: left\" align=\"justify\"><span style=\"color: #003300\"><strong>31 sierpnia 2013<\/strong> <\/span><br \/>\nZako\u0144czenie pos\u0142ugi Zgromadzenia w Sieradzu, na terenie diecezji w\u0142oc\u0142awskiej.<\/div>\n<div align=\"justify\"><\/div>\n<div style=\"text-align: left\" align=\"justify\"><span style=\"color: #003300\"><strong>7 wrze\u015bnia 2013<\/strong><\/span><br \/>\nOtwarcie domu zakonnego w E\u0142ku (diecezja e\u0142cka). Pierwsza prze\u0142o\u017cona \u2013 s. Marlena, Anna Robak.<\/div>\n<div align=\"justify\"><\/div>\n<div style=\"text-align: left\" align=\"justify\"><span style=\"color: #003300\"><strong>14 wrze\u015bnia 2013<\/strong><\/span><br \/>\nRozpocz\u0119cie peregrynacji kopii \u0142askami s\u0142yn\u0105cego obrazu Jezusa Mi\u0142osiernego z Sanktuarium w Krakowie-\u0141agiewnikach oraz relikwii \u015bw. Siostry Faustyny i \u015bw. Jana Paw\u0142a II po parafiach diecezji tarnowskiej. Zako\u0144czenie 10 czerwca 2015.<\/div>\n<div align=\"justify\"><\/div>\n<div style=\"text-align: left\" align=\"justify\"><span style=\"color: #003300\"><strong>8 grudnia 2013 <\/strong><\/span><br \/>\nZamkni\u0119cie klauzury w kontemplacyjnej cz\u0119\u015bci klasztoru w \u015awinicach Warckich. Pierwsza prze\u0142o\u017cona s. M. Saula, Teresa Firer.<\/div>\n<div align=\"justify\"><\/div>\n<div style=\"text-align: left\" align=\"justify\"><strong><span style=\"color: #003300\">1 stycznia 2014<\/span><br \/>\n<\/strong>Powstanie M\u0142odzie\u017cowego \u00a0O\u015brodka Wychowawczego im. Matki Teresy Potockiej dla dziewcz\u0105t niedostosowanych spo\u0142ecznie we Wroc\u0142awiu.<\/div>\n<div align=\"justify\"><\/div>\n<div style=\"text-align: left\" align=\"justify\"><span style=\"color: #003300\"><strong>26 maja 2014<\/strong><\/span><br \/>\nPo\u015bwi\u0119cenie i oddanie do u\u017cytku \u201eDomu \u015bw. Siostry Faustyny\u201d przy klasztorze w Dv\u016fr Kr\u00e1lov\u00e9 nad Labem w Czechach.<span style=\"color: #003300\"><strong>31 sierpnia 2014 <\/strong><\/span><br \/>\nZako\u0144czenie pos\u0142ugi Zgromadzenia w Bratys\u0142awie na S\u0142owacji.<\/p>\n<p><span style=\"color: #003300\"><strong>3-5 pa\u017adziernika 2014<\/strong><\/span><br \/>\nIV Mi\u0119dzynarodowy Kongres Aposto\u0142\u00f3w Bo\u017cego Mi\u0142osierdzia w Sanktuarium Bo\u017cego Mi\u0142osierdzia w Krakowie-\u0141agiewnikach. Temat: \u015awi\u0119ty Jan Pawe\u0142 II \u2013 Aposto\u0142 Bo\u017cego Mi\u0142osierdzia.<\/p>\n<p><span style=\"color: #003300\"><strong>5 pa\u017adziernika 2014<\/strong><\/span><br \/>\nOtwarcie na Facebooku profilu: Faustyna2016 w trzech j\u0119zykach (polski, angielski, i hiszpa\u0144ski) oraz blogu w ramach przygotowa\u0144 do \u015awiatowych Dni M\u0142odzie\u017cy.<\/p>\n<p><span style=\"color: #003300\"><strong>17 maja 2015<\/strong><\/span><br \/>\nWyjazd s. Filipy B\u0105k i s. Filipiny Szwed, po prawie rocznym przygotowaniu w O\u015brodku Misyjnym w Warszawie, do pos\u0142ugi apostolskiej na Kubie.<\/p>\n<p><strong><span style=\"color: #003300\">Maj 2015<\/span><br \/>\n<\/strong>Na posesji Zgromadzenia Si\u00f3str Matki Bo\u017cej Mi\u0142osierdzia w P\u0142ocku przy Starym Rynku ruszy\u0142y prace zwi\u0105zane z budow\u0105 nowej \u015bwi\u0105tyni \u2013 Sanktuarium Bo\u017cego Mi\u0142osierdzia wed\u0142ug projektu Jacka Ja\u015bkowca. W miejscu historycznych objawie\u0144, jakie w tym klasztorze mia\u0142a \u015bw. Siostra Faustyna, w 2000 roku bp Stanis\u0142aw Wielgus erygowa\u0142 diecezjalne Sanktuarium Bo\u017cego Mi\u0142osierdzia.<\/p>\n<p><span style=\"color: #003300\"><strong>22 czerwca 2015 <\/strong><\/span><br \/>\nDekret abp Stanis\u0142awa G\u0105deckiego podnosz\u0105cy kaplic\u0119 Zgromadzenia Si\u00f3str Matki Bo\u017cej Mi\u0142osierdzia w Kiekrzu do rangi Sanktuarium \u015bw. Siostry Faustyny.<\/p>\n<p><span style=\"color: #003300\"><strong>20 wrze\u015bnia 2015<\/strong><\/span><br \/>\nRozpocz\u0119cie peregrynacji kopii \u0142askami s\u0142yn\u0105cego obrazu Jezusa Mi\u0142osiernego z Sanktuarium w Krakowie-\u0141agiewnikach oraz relikwii \u015bw. Siostry Faustyny i \u015bw. Jana Paw\u0142a II po parafiach diecezji bielsko-\u017cywieckiej.<\/p>\n<p><strong><span style=\"color: #003300\">4 maja 2016<\/span><br \/>\n<\/strong>W Derdach rozpocz\u0119cie XVII Kapitu\u0142y Generalnej Zgromadzenia, na kt\u00f3rej 12 maja pos\u0142ug\u0119 prze\u0142o\u017conej generalnej na drug\u0105 kadencj\u0119 siostry powierzy\u0142y m. M. Petrze Kowalczyk. Wikari\u0105 generaln\u0105 zosta\u0142a s. M. Gracjana Szewc, a do Rady Generalnej zosta\u0142y nadto wybrane: s. M. Agnieszka Piechnik, s. M. Miriam Janiec i s. M. Natalia Wide\u0142. Urz\u0105d ekonomki generalnej w kolejnym sze\u015bcioleciu pe\u0142ni s. M. Benedykta Stefaniak.<strong>\u00a0<\/strong><\/p>\n<p><strong><span style=\"color: #003300\">26-31 lipca 2016<\/span><br \/>\n<\/strong>\u015awiatowe Dni M\u0142odzie\u017cy w Krakowie. Ich patronk\u0105 by\u0142a \u015bw. Siostra Faustyna i \u015bw. Jan Pawe\u0142 II. Przed spotkaniem w Krakowie m\u0142odzi ze 187 kraj\u00f3w \u015bwiata przebywali w r\u00f3\u017cnych diecezjach, a w dniach \u015aDM nawiedzili \u0142agiewnickie Sanktuarium Bo\u017cego Mi\u0142osierdzia, by modli\u0107 si\u0119 przed \u0142askami s\u0142yn\u0105cym obrazem Jezusa Mi\u0142osiernego i przy grobie Aposto\u0142ki Bo\u017cego Mi\u0142osierdzia.<strong>\u00a0<\/strong><\/p>\n<p><strong><span style=\"color: #003300\">30 lipca 2016<\/span><br \/>\n<\/strong>Wizyta papie\u017ca Franciszka w Sanktuarium Bo\u017cego Mi\u0142osierdzia w Krakowie-\u0141agiewnikach w ramach \u015aDM. Modlitwa przed \u0142askami s\u0142yn\u0105cym obrazem Jezusa Mi\u0142osiernego i przy grobie \u015bw. Siostry Faustyny i pos\u0142uga w konfesjonale w bazylice.<\/p>\n<p><strong><span style=\"color: #003300\">31 lipca 2016<\/span><br \/>\n<\/strong>Nawiedzenie Sanktuarium Bo\u017cego Mi\u0142osierdzia przez cudowny obraz Matki Bo\u017cej Kalwaryjskiej po spotkaniu z papie\u017cem Franciszkiem i wolontariuszami \u015aDM w Arenie Tauron.<strong>\u00a0<\/strong><\/p>\n<p><strong><span style=\"color: #003300\">17 pa\u017adziernika 2016<\/span><br \/>\n<\/strong>W tym dniu s. M. Donata Farbaniec i s. M. Gaudia Skass wyjecha\u0142y do USA, aby podj\u0105\u0107 sta\u0142\u0105 pos\u0142ug\u0119 w Narodowym Sanktuarium \u015bw. Jana Paw\u0142a II w Waszyngtonie. Pierwsz\u0105 prze\u0142o\u017con\u0105 zosta\u0142a s. M. Donata Farbaniec.<\/p>\n<p><strong><span style=\"color: #003300\">18 lutego 2017<\/span><br \/>\n<\/strong>Do Brazylii wyjecha\u0142y trzy siostry: s. Solange Pereira (Brazylijka, kt\u00f3ra 20 lat s\u0142u\u017cy\u0142a w Polsce) jako prze\u0142o\u017cona oraz s. Christofora Jag\u0142a i s. Hieronima Kuta, by w Rio de Janeiro za\u0142o\u017cy\u0107 nowy dom Zgromadzenia i podj\u0105\u0107 sta\u0142\u0105 pos\u0142ug\u0119 niesienia or\u0119dzia Mi\u0142osierdzia przez czyn, s\u0142owo i modlitw\u0119.<\/p>\n<p><strong><span style=\"color: #003300\">23 kwietnia 2017<\/span><br \/>\n<\/strong>Biskup Rafa\u0142 Markowski konsekrowa\u0142 ko\u015bci\u00f3\u0142 pw. Mi\u0142osierdzia Bo\u017cego i \u015bw. Faustyny w Warszawie przy ul. \u017bytniej i odczyta\u0142 dekret kard. Kazimierza Nycza o ustanowieniu tego ko\u015bcio\u0142a Sanktuarium \u015bw. Siostry Faustyny. Ta \u015bwi\u0105tynia do czasu powstania warszawskiego by\u0142a kaplic\u0105 domu macierzystego Zgromadzenia.<\/p>\n<p><strong><span style=\"color: #003300\">1 maja 2017<\/span><br \/>\n<\/strong>W sanktuarium Bo\u017cego Mi\u0142osierdzia w Krakowie-\u0141agiewnikach, przy grobie \u015bw. Faustyny i w rocznic\u0119 jej wieczystych \u015blub\u00f3w, bp Ottavio Vitale RCI, ordynariusz diecezji Lezh\u00eb w Albanii, udzieli\u0142 \u015bwi\u0119ce\u0144 kap\u0142a\u0144skich diakonowi Micha\u0142owi Adamowi Nowakowi ze Zgromadzenia Rogacjonist\u00f3w Serca Jezusowego,<\/p>\n<p><strong><span style=\"color: #003300\">31 sierpnia 2017<\/span><br \/>\n<\/strong>Zako\u0144czenie trwaj\u0105cej 15 lat (2002-2017) pos\u0142ugi Zgromadzenia w Jerozolimie w Collegium Biblicum Franciscanum przy ulicy Via Dolorosa na starym mie\u015bcie i w Sanktuarium Biczowania Pana Jezusa. W tym czasie wyda\u0142y \u201eDzienniczek\u201d \u015bw. Siostry Faustyny w j\u0119zyku arabskim i drobne publikacje, organizowa\u0142y w Jerozolimie uroczysto\u015bci ku czci Mi\u0142osierdzia Bo\u017cego i \u015bw. Siostry Faustyny, modli\u0142y si\u0119 o mi\u0142osierdzie Bo\u017ce dla Ziemi \u015awi\u0119tej i ca\u0142ego \u015bwiata.<\/p>\n<p><strong><span style=\"color: #003300\">16 wrze\u015bnia 2017<\/span><br \/>\n<\/strong>Biskup Marek Marczak po\u015bwi\u0119ci\u0142 nowy klasztor Zgromadzenia w \u0141odzi przy ul. Kro\u015bnie\u0144skiej. W tym domu, u wuja Rapackiego na prze\u0142omie 1922\/1923 roku, w pierwszych miesi\u0105cach s\u0142u\u017cby w \u0141odzi, zamieszka\u0142a Helena Kowalska \u2013 \u015bw. Siostra Faustyna. W tym mieszkaniu na parterze urz\u0105dzono kaplic\u0119. Pierwsz\u0105 prze\u0142o\u017con\u0105 nowej wsp\u00f3lnoty Zgromadzenia zosta\u0142a s. Benedetta Flak.<strong>\u00a0<\/strong><\/p>\n<p><strong><span style=\"color: #003300\">30 wrze\u015bnia 2017<\/span><br \/>\n<\/strong>Obchody stulecia pos\u0142ugi apostolskiej Zgromadzenia w Radomiu w ko\u015bciele pw. Matki Bo\u017cej Mi\u0142osierdzia z udzia\u0142em bp. Henryka Tomasika, pasterza diecezji radomskiej, wielu kap\u0142an\u00f3w i Radomian. Po Eucharystii odby\u0142a si\u0119 konferencja naukowa na temat: \u201e100 lat Zgromadzenia Si\u00f3str Matki Bo\u017cej Mi\u0142osierdzia w Radomiu\u201d.<\/p>\n<p><strong><span style=\"color: #003300\">5 listopada 2017<\/span><br \/>\n<\/strong>Rozpocz\u0119cie dzia\u0142alno\u015bci w nowo wybudowanym pawilonie gastronomiczno-handlowym dla pielgrzym\u00f3w, tzw. \u201eZielony Pasa\u017c\u201d, w kt\u00f3rym mie\u015bci si\u0119 Restauracja Domu \u015bw. Siostry Faustyny, Upominki, a tak\u017ce wydawnictwo \u201eMisericordia\u201d.<\/p>\n<p><strong><span style=\"color: #003300\">Grudzie\u0144 2017<\/span><br \/>\n<\/strong>Tu\u017c przed \u015bwi\u0119tami Bo\u017cego Narodzenia zako\u0144czona zosta\u0142a renowacja zespo\u0142u klasztornego w Sanktuarium Bo\u017cego Mi\u0142osierdzia w Krakowie-\u0141agiewnikach, kt\u00f3ra trwa\u0142a kilka lat. Dzi\u0119ki wsparciu Wydzia\u0142u Kultury i Dziedzictwa Narodowego Urz\u0119du Miasta Krakowa, Spo\u0142ecznego Komitetu Odnowy Zabytk\u00f3w Krakowa, Funduszu Ko\u015bcielnego oraz Ofiarodawc\u00f3w i Zgromadzenia wszystkie \u015bciany zewn\u0119trze obiektu klasztornego odzyska\u0142y swe pierwotne pi\u0119kno po ponad 120 latach.<\/p>\n<p><strong><span style=\"color: #003300\">22 marca 2018<\/span><br \/>\n<\/strong>Uko\u0144czenie, trwaj\u0105cej kilka lat, renowacji kaplicy z \u0142askami s\u0142yn\u0105cym obrazem Jezusa Mi\u0142osiernego i grobem \u015bw. Siostry Faustyny. Przeprowadzono wymian\u0119 sieci elektrycznej, nag\u0142o\u015bnienia, ochrony obiektu, zrobiono nowe o\u015bwietlenie kaplicy oraz odnowione zosta\u0142y wszystkie o\u0142tarze, obrazy, figury i ca\u0142a polichromia.<\/p>\n<p><strong><span style=\"color: #003300\">8 maja 2018<\/span><br \/>\n<\/strong>150-lecie dzia\u0142alno\u015bci Zgromadzenia w Krakowie. Msza \u015bw. w ko\u015bciele Mi\u0142osierdzia Bo\u017cego na Smole\u0144sku (pierwsza siedziba Zgromadzenia w Krakowie). 19 maja centralne obchody w Sanktuarium Bo\u017cego Mi\u0142osierdzia w Krakowie-\u0141agiewnikach z udzia\u0142em abp Edwarda Nowaka z Watykanu, wielu kap\u0142an\u00f3w, rodzic\u00f3w prezydenta Andrzeja Dudy, w\u0142adz miasta z prezydentem prof. Jackiem Majchrowskim i dzielnicy, przedstawicieli Ministerstwa, Kuratorium O\u015bwiaty, s\u0142u\u017cb miejskich, dobroczy\u0144c\u00f3w, fundator\u00f3w i przyjaci\u00f3\u0142 Zgromadzenia. W programie: sesja naukowa: \u201eOd mi\u0142osierdzia do Mi\u0142osierdzia\u201d z publikacj\u0105 ksi\u0105\u017ckow\u0105, Eucharystia pod przewodnictwem bp Jana Zaj\u0105ca, wsp\u00f3lny posi\u0142ek i program okoliczno\u015bciowy.<\/p>\n<p style=\"text-align: justify\"><strong><span style=\"color: #003300\">1 sierpnia 2018<\/span><br \/>\n<\/strong>Transmisj\u0119 modlitwy w Godzinie Mi\u0142osierdzia i Koronki do Mi\u0142osierdzia Bo\u017cego z Sanktuarium w Krakowie-\u0141agiewnikach rozpocz\u0119\u0142a pierwsza zagraniczna stacja telewizyjna (z W\u0142och), kt\u00f3ra korzysta z transmisji on-line prowadzonej na stronie: <a href=\"http:\/\/www.faustyna.pl\/\">www.faustyna.pl<\/a>. Od 1 stycznia 2018 z pe\u0142nej transmisji on-line korzysta telewizja kablowa w Polsce, a od 2013 roku \u2013 rozg\u0142o\u015bnie radiowe w Polsce i USA (11). Transmisja on-line dost\u0119pna jest tak\u017ce w aplikacji: Faustyna.pl na android (IV 2016) oraz iOS (X 2017).<\/p>\n<\/div>\n<div align=\"right\">\n<p style=\"text-align: right\">Opracowanie: <em>s. M. El\u017cbieta Siepak ISMM<\/em><\/p>\n<p style=\"text-align: left\"><a href=\"https:\/\/www.faustyna.pl\/zmbm\/zgromadzenie\/\">Zgromadzenie\/Historia<\/a><\/p>\n<\/div>\n","protected":false},"excerpt":{"rendered":"<p>1 listopada 1862 Za\u0142o\u017cenie\u00a0 Zgromadzenia\u00a0 Si\u00f3str Matki Bo\u017cej\u00a0 Mi\u0142osierdzia\u00a0 w Polsce przez m. Teres\u0119\u00a0 Ew\u0119 z\u00a0 ksi\u0105\u017c\u0105t Su\u0142kowskich\u00a0 hrabin\u0119 Potock\u0105. Po\u015bwi\u0119cenie domu i kaplicy w klasztorze przy ul. \u017bytniej w Warszawie przez abpa Zygmunta Szcz\u0119snego Feli\u0144skiego. \u00a08 maja 1868 Za\u0142o\u017cenie domu Zgromadzenia w Krakowie. Pierwsz\u0105 prze\u0142o\u017con\u0105 by\u0142a m. Kunegunda K\u0142obukowska. 7 wrze\u015bnia 1878 Dekret pochwalny [&hellip;]<\/p>\n","protected":false},"author":1,"featured_media":0,"parent":0,"menu_order":0,"comment_status":"closed","ping_status":"closed","template":"","meta":{"footnotes":""},"categories":[54],"tags":[],"class_list":["post-1610","page","type-page","status-publish","hentry","category-historia"],"_links":{"self":[{"href":"https:\/\/www.faustyna.pl\/zmbm\/wp-json\/wp\/v2\/pages\/1610","targetHints":{"allow":["GET"]}}],"collection":[{"href":"https:\/\/www.faustyna.pl\/zmbm\/wp-json\/wp\/v2\/pages"}],"about":[{"href":"https:\/\/www.faustyna.pl\/zmbm\/wp-json\/wp\/v2\/types\/page"}],"author":[{"embeddable":true,"href":"https:\/\/www.faustyna.pl\/zmbm\/wp-json\/wp\/v2\/users\/1"}],"replies":[{"embeddable":true,"href":"https:\/\/www.faustyna.pl\/zmbm\/wp-json\/wp\/v2\/comments?post=1610"}],"version-history":[{"count":28,"href":"https:\/\/www.faustyna.pl\/zmbm\/wp-json\/wp\/v2\/pages\/1610\/revisions"}],"predecessor-version":[{"id":4899,"href":"https:\/\/www.faustyna.pl\/zmbm\/wp-json\/wp\/v2\/pages\/1610\/revisions\/4899"}],"wp:attachment":[{"href":"https:\/\/www.faustyna.pl\/zmbm\/wp-json\/wp\/v2\/media?parent=1610"}],"wp:term":[{"taxonomy":"category","embeddable":true,"href":"https:\/\/www.faustyna.pl\/zmbm\/wp-json\/wp\/v2\/categories?post=1610"},{"taxonomy":"post_tag","embeddable":true,"href":"https:\/\/www.faustyna.pl\/zmbm\/wp-json\/wp\/v2\/tags?post=1610"}],"curies":[{"name":"wp","href":"https:\/\/api.w.org\/{rel}","templated":true}]}}