



{"id":1611,"date":"2014-12-20T00:07:35","date_gmt":"2014-12-20T00:07:35","guid":{"rendered":"http:\/\/www.faustyna.pl\/zmbm\/?page_id=1611"},"modified":"2023-03-08T16:31:05","modified_gmt":"2023-03-08T15:31:05","slug":"opis-historia","status":"publish","type":"page","link":"https:\/\/www.faustyna.pl\/zmbm\/opis-historia\/","title":{"rendered":"Opis"},"content":{"rendered":"<div align=\"justify\">\n<p><a href=\"https:\/\/www.faustyna.pl\/zmbm\/wp-content\/uploads\/2014\/12\/Matka-Teresa-Potocka-i-sw-Siostra-Faustyna.jpg\" data-gallery><img loading=\"lazy\" decoding=\"async\" class=\"size-medium wp-image-10871 alignnone\" src=\"https:\/\/www.faustyna.pl\/zmbm\/wp-content\/uploads\/2014\/12\/Matka-Teresa-Potocka-i-sw-Siostra-Faustyna-560x333.jpg\" alt=\"\" width=\"560\" height=\"333\" srcset=\"https:\/\/www.faustyna.pl\/zmbm\/wp-content\/uploads\/2014\/12\/Matka-Teresa-Potocka-i-sw-Siostra-Faustyna-560x333.jpg 560w, https:\/\/www.faustyna.pl\/zmbm\/wp-content\/uploads\/2014\/12\/Matka-Teresa-Potocka-i-sw-Siostra-Faustyna-140x83.jpg 140w, https:\/\/www.faustyna.pl\/zmbm\/wp-content\/uploads\/2014\/12\/Matka-Teresa-Potocka-i-sw-Siostra-Faustyna.jpg 1024w\" sizes=\"auto, (max-width: 560px) 100vw, 560px\" \/><\/a><\/p>\n<p>Zgromadzenie Si\u00f3str\u00a0 Matki Bo\u017cej\u00a0 Mi\u0142osierdzia,\u00a0w kt\u00f3rym \u017cy\u0142a i zmar\u0142a \u015bw. Siostra Faustyna, za\u0142o\u017cy\u0142a m. Teresa, Ewa z ksi\u0105\u017c\u0105t Su\u0142kowskich hrabina Potocka. Po o\u015bmiomiesi\u0119cznej praktyce w Domu Mi\u0142osierdzia w Laval (Francja) wr\u00f3ci\u0142a do Polski i na zaproszenie abp. Zygmunta Szcz\u0119snego Feli\u0144skiego obj\u0119\u0142a w Warszawie \u201eDom Schronienia\u201d dla dziewcz\u0105t potrzebuj\u0105cych odnowy moralnej (prostytutek). 1 listopada 1862 roku abp Feli\u0144ski po\u015bwi\u0119ci\u0142 kaplic\u0119 i dom dla dziewcz\u0105t, i ten dzie\u0144 przyjmuje si\u0119 jako dat\u0119 powstania Zgromadzenia Si\u00f3str Matki Bo\u017cej Mi\u0142osierdzia w Polsce. W prowadzonych przez siostry \u201eDomach Mi\u0142osierdzia\u201d schronienie znajdowa\u0142y dziewcz\u0119ta i kobiety, kt\u00f3re z w\u0142asnej woli pragn\u0119\u0142y przemiany swego \u017cycia. W 1878 roku dosz\u0142o do po\u0142\u0105czenia ze Zgromadzeniem w Laval i uzyskania dekretu pochwalnego Stolicy \u015awi\u0119tej. Odt\u0105d Zgromadzenie Si\u00f3str Matki Bo\u017cej Mi\u0142osierdzia w Polsce funkcjonuje na prawie\u00a0 papieskim,\u00a0 tak\u017ce\u00a0 po od\u0142\u0105czeniu\u00a0 si\u0119\u00a0 w\u00a0 1922 roku od Zgromadzenia z Laval.W okresie mi\u0119dzywojennym XX wieku coraz wi\u0119cej by\u0142o m\u0142odych dziewcz\u0105t (kierowanych przez kuratoria, s\u0105dy i osoby prywatne), dla kt\u00f3rych stopniowo zorganizowano system szkolny. W ten spos\u00f3b \u201eDomy Mi\u0142osierdzia\u201d, kt\u00f3re by\u0142y miejscem pracy i modlitwy, przekszta\u0142ca\u0142y si\u0119 w zamkni\u0119te zak\u0142ady wychowawcze z programem nauczania w zakresie szko\u0142y podstawowej i \u015brednich szk\u00f3\u0142 zawodowych.<\/p>\n<p>W czasach komunistycznych (do 1962 roku)\u00a0 upa\u0144stwowiono zak\u0142ady prowadzone przez Zgromadzenie, a niekt\u00f3re przekszta\u0142cono na plac\u00f3wki \u201eCaritas\u201d, w kt\u00f3rych siostry obj\u0119\u0142y opiek\u0105 dzieci o obni\u017conej sprawno\u015bci umys\u0142owej i psycho-ruchowej oraz chore kobiety.<\/p>\n<p>Do tego Zgromadzenia\u00a0 Pan B\u00f3g powo\u0142a\u0142 Siostr\u0119 Faustyn\u0119 Kowalsk\u0105, przez kt\u00f3r\u0105 przekaza\u0142 prorockie or\u0119dzie o Jego mi\u0142o\u015bci mi\u0142osiernej do ka\u017cdego cz\u0142owieka, wzywaj\u0105c do g\u0142oszenia \u015bwiatu tej biblijnej prawdy wiary. 25 sierpnia 1995 roku Zgromadzenie uzna\u0142o j\u0105 za sw\u0105 duchow\u0105 wsp\u00f3\u0142za\u0142o\u017cycielk\u0119. Podejmuj\u0105c jej charyzmatyczn\u0105 misj\u0119, siostry g\u0142osz\u0105 dzisiaj tajemnic\u0119 mi\u0142osierdzia Bo\u017cego poprzez \u015bwiadectwo \u017cycia w duchu zaufania wobec Boga i mi\u0142osierdzia wzgl\u0119dem bli\u017anich, poprzez dzie\u0142a mi\u0142osierdzia, s\u0142owo i modlitw\u0119. Prowadz\u0105 M\u0142odzie\u017cowe O\u015brodki Wychowawcze dla dziewcz\u0105t, domy samotnych matek, \u015bwietlice terapeutyczne i \u015brodowiskowe, przedszkola, ochronki, domy opieki dla dzieci i os\u00f3b doros\u0142ych, domy rekolekcyjne; g\u0142osz\u0105 or\u0119dzie Mi\u0142osierdzia w sanktuariach, parafiach, wi\u0119zieniach; formuj\u0105 aposto\u0142\u00f3w Bo\u017cego Mi\u0142osierdzia w mi\u0119dzynarodowym stowarzyszeniu \u201eFaustinum\u201d, katechizuj\u0105 w szko\u0142ach, prowadz\u0105 Wydawnictwo \u201eMisericordia\u201d, redaguj\u0105 kwartalnik \u201eOr\u0119dzie Mi\u0142osierdzia\u201d, wsp\u00f3\u0142pracuj\u0105 z mediami, staraj\u0105c si\u0119 we wszystkich pracach uobecnia\u0107 w \u015bwiecie ewangeliczn\u0105 warto\u015b\u0107, jak\u0105 jest mi\u0142osierdzie Boskie i ludzkie.<\/p>\n<\/div>\n<div align=\"justify\"><\/div>\n<div align=\"right\"><i>s. M. El\u017cbieta Siepak ISMM<\/i><\/div>\n<div style=\"text-align: left\" align=\"right\"><a href=\"https:\/\/www.faustyna.pl\/zmbm\/zgromadzenie\/\">Zgromadzenie\/Historia<\/a><\/div>\n","protected":false},"excerpt":{"rendered":"<p>Zgromadzenie Si\u00f3str\u00a0 Matki Bo\u017cej\u00a0 Mi\u0142osierdzia,\u00a0w kt\u00f3rym \u017cy\u0142a i zmar\u0142a \u015bw. Siostra Faustyna, za\u0142o\u017cy\u0142a m. Teresa, Ewa z ksi\u0105\u017c\u0105t Su\u0142kowskich hrabina Potocka. Po o\u015bmiomiesi\u0119cznej praktyce w Domu Mi\u0142osierdzia w Laval (Francja) wr\u00f3ci\u0142a do Polski i na zaproszenie abp. Zygmunta Szcz\u0119snego Feli\u0144skiego obj\u0119\u0142a w Warszawie \u201eDom Schronienia\u201d dla dziewcz\u0105t potrzebuj\u0105cych odnowy moralnej (prostytutek). 1 listopada 1862 roku [&hellip;]<\/p>\n","protected":false},"author":1,"featured_media":0,"parent":0,"menu_order":0,"comment_status":"closed","ping_status":"closed","template":"","meta":{"footnotes":""},"categories":[54],"tags":[],"class_list":["post-1611","page","type-page","status-publish","hentry","category-historia"],"_links":{"self":[{"href":"https:\/\/www.faustyna.pl\/zmbm\/wp-json\/wp\/v2\/pages\/1611","targetHints":{"allow":["GET"]}}],"collection":[{"href":"https:\/\/www.faustyna.pl\/zmbm\/wp-json\/wp\/v2\/pages"}],"about":[{"href":"https:\/\/www.faustyna.pl\/zmbm\/wp-json\/wp\/v2\/types\/page"}],"author":[{"embeddable":true,"href":"https:\/\/www.faustyna.pl\/zmbm\/wp-json\/wp\/v2\/users\/1"}],"replies":[{"embeddable":true,"href":"https:\/\/www.faustyna.pl\/zmbm\/wp-json\/wp\/v2\/comments?post=1611"}],"version-history":[{"count":7,"href":"https:\/\/www.faustyna.pl\/zmbm\/wp-json\/wp\/v2\/pages\/1611\/revisions"}],"predecessor-version":[{"id":25955,"href":"https:\/\/www.faustyna.pl\/zmbm\/wp-json\/wp\/v2\/pages\/1611\/revisions\/25955"}],"wp:attachment":[{"href":"https:\/\/www.faustyna.pl\/zmbm\/wp-json\/wp\/v2\/media?parent=1611"}],"wp:term":[{"taxonomy":"category","embeddable":true,"href":"https:\/\/www.faustyna.pl\/zmbm\/wp-json\/wp\/v2\/categories?post=1611"},{"taxonomy":"post_tag","embeddable":true,"href":"https:\/\/www.faustyna.pl\/zmbm\/wp-json\/wp\/v2\/tags?post=1611"}],"curies":[{"name":"wp","href":"https:\/\/api.w.org\/{rel}","templated":true}]}}