



{"id":19500,"date":"2021-01-29T14:24:31","date_gmt":"2021-01-29T13:24:31","guid":{"rendered":"https:\/\/www.faustyna.pl\/zmbm\/?page_id=19500"},"modified":"2021-06-11T16:51:22","modified_gmt":"2021-06-11T14:51:22","slug":"bibliografia-czasopism-za-rok-2014","status":"publish","type":"page","link":"https:\/\/www.faustyna.pl\/zmbm\/bibliografia-czasopism-za-rok-2014\/","title":{"rendered":"Bibliografia czasopism za rok 2014"},"content":{"rendered":"<h3 align=\"center\"><span style=\"color: #800000\"><b>BIBLIOGRAFIA CZASOPISM<\/b><\/span><\/h3>\n<p align=\"center\"><span style=\"color: #800000\"><strong>dotycz\u0105ca tajemnicy mi\u0142osierdzia Bo\u017cego i ludzkiego<\/strong><\/span><br \/>\n<span style=\"color: #800000\"><strong>oraz \u015bw. Siostry Faustyny Kowalskiej\u00a0<\/strong><\/span><br \/>\n<span style=\"color: #800000\"><strong>ze Zgromadzenia Matki Bo\u017cej Mi\u0142osierdzia<\/strong><\/span><\/p>\n<h3 style=\"text-align: center\"><span style=\"color: #800000\"><strong>\u00a0<span style=\"color: #800000\">2014<\/span><\/strong><\/span><\/h3>\n<p style=\"text-align: center\"><a href=\"https:\/\/www.faustyna.pl\/zmbm\/wp-content\/uploads\/2021\/06\/Bibliografia-czasopism.jpg\" data-gallery><img loading=\"lazy\" decoding=\"async\" class=\"size-medium wp-image-20656 alignnone\" src=\"https:\/\/www.faustyna.pl\/zmbm\/wp-content\/uploads\/2021\/06\/Bibliografia-czasopism-560x334.jpg\" alt=\"\" width=\"560\" height=\"334\" srcset=\"https:\/\/www.faustyna.pl\/zmbm\/wp-content\/uploads\/2021\/06\/Bibliografia-czasopism-560x334.jpg 560w, https:\/\/www.faustyna.pl\/zmbm\/wp-content\/uploads\/2021\/06\/Bibliografia-czasopism-140x83.jpg 140w, https:\/\/www.faustyna.pl\/zmbm\/wp-content\/uploads\/2021\/06\/Bibliografia-czasopism.jpg 1024w\" sizes=\"auto, (max-width: 560px) 100vw, 560px\" \/><\/a><\/p>\n<h3 align=\"center\"><span style=\"color: #800000\"><b>2014<\/b><\/span><\/h3>\n<ol>\n<li style=\"text-align: justify\"><strong>Bartnik Czes\u0142aw S. ks. prof. ,<\/strong><em> \u201eReforma\u201d ma\u0142\u017ce\u0144stwa i rodziny?. <\/em>\u201eNasz Dziennik\u201d 2014, 29 listopada, s. M8.<\/li>\n<li style=\"text-align: justify\"><strong>Bartnik Czes\u0142aw S. ks.<\/strong> <em>Dar Boga dla Ko\u015bcio\u0142a i \u015bwiata<\/em>. ,,Nasz Dziennik\u201d 2014, 26 kwietnia, s. 20.<\/li>\n<li style=\"text-align: justify\"><strong>Berny\u015b Mariusz ks<\/strong>.,<em> Krzyk mi\u0142osierdzi.<\/em> ,,Nasz Dziennik\u201d 2014, 14 kwietnia, s. 12.<\/li>\n<li style=\"text-align: justify\"><strong>Berny\u015b Mariusz ks.,<\/strong> <em>Pan B\u00f3g dla nas lepszy plan.<\/em> ,,Nasz Dziennik\u201d 2014, 7 czerwca, s. M10.<\/li>\n<li style=\"text-align: justify\"><strong>Berny\u015b<\/strong> <strong>Mariusz ks. i D\u0142utowski Micha\u0142 ks<\/strong>., <em>Nowenna do Mi\u0142osierdzia Bo\u017cego z Janem Paw\u0142em II<\/em>. ,,Nasz Dziennik\u201d 2014, 19 kwietnia, s. 24.<\/li>\n<li style=\"text-align: justify\"><strong>Berny\u015b<\/strong> <strong>Mariusz ks. i D\u0142utowski Micha\u0142 ks<\/strong>., <em>Nowenna do Mi\u0142osierdzia Bo\u017cego z Janem Paw\u0142em II<\/em>. ,,Nasz Dziennik\u201d 2014, 25 kwietnia, s. 16.<\/li>\n<li style=\"text-align: justify\"><strong>Berny\u015b<\/strong> <strong>Mariusz ks. i D\u0142utowski Micha\u0142 ks<\/strong>., <em>Nowenna do Mi\u0142osierdzia Bo\u017cego z Janem Paw\u0142em II<\/em>. ,,Nasz Dziennik\u201d 2014, 26 kwietnia, s. 5.<\/li>\n<li style=\"text-align: justify\"><strong>Berny\u015b Mariusz ks. i Micha\u0142 D\u0142utowski ks<\/strong>., <em>Niebo czeka z \u0142askam<\/em> ,,Nasz Dziennik\u201d 2014, 18 kwietnia, s. 12.<\/li>\n<li style=\"text-align: justify\"><strong>Berny\u015b Mariusz ks. i Micha\u0142 D\u0142utowski ks<\/strong>., <em>Nowenna do Mi\u0142osierdzia Bo\u017cego z Janem Paw\u0142em II<\/em>. ,,Nasz Dziennik\u201d 2014, 19 kwietnia, s. 24.<\/li>\n<li style=\"text-align: justify\"><strong>Berny\u015b Mariusz ks. i Micha\u0142 D\u0142utowski ks<\/strong>., <em>Nowenna do Mi\u0142osierdzia Bo\u017cego z Janem Paw\u0142em II<\/em>. ,,Nasz Dziennik\u201d 2014, 24 kwietnia, s. 18.<\/li>\n<li style=\"text-align: justify\"><strong>Bia\u0142kowska Monika,<\/strong> <em>\u015awi\u0119ty papie\u017c \u015bwi\u0119tych.<\/em> ,,Przewodnik Katolicki\u201d 2014, 27 kwietnia, s. 44.<\/li>\n<li style=\"text-align: justify\"><strong>Bia\u0142ous Adam,<\/strong> <em>Ksi\u0105dz Sopo\u0107ko or\u0119duje.<\/em> ,,Nasz Dziennik\u2019\u2019 2014, 15 lutego, s. 25.<\/li>\n<li style=\"text-align: justify\"><strong>Bilnicki Lech ks.<\/strong>, <em>Wo\u0142anie o mi\u0142osierdzie.<\/em> ,,Przewodnik Katolicki\u201d 2014, 6 kwietnia, s. 9.<\/li>\n<li style=\"text-align: justify\"><strong>BMA<\/strong>, <em>S\u0105 zarzuty za atak na obraz. <\/em>,,Dziennik Polski\u201d 2014, 30 kwietnia, s. 1.<\/li>\n<li style=\"text-align: justify\"><strong>Bochenek Ma\u0142gorzata,<\/strong> <em>Koronka na ulicach \u015bwiata.<\/em> \u201eNasz Dziennik\u201d 2014, 9 wrze\u015bnia, s. 10.<\/li>\n<li style=\"text-align: justify\"><strong>Bochenek Ma\u0142gorzata,<\/strong> <em>Nie wstydzimy si\u0119 Ko\u015bcio\u0142a. <\/em>\u201eNasz Dziennik\u201d 2014, 30 wrze\u015bnia, s. 11.<\/li>\n<li style=\"text-align: justify\"><strong>Bortkiewicz Pawe\u0142 TCHR,<\/strong> <em>Or\u0119dzie o mi\u0142o\u015bci Boga i godno\u015bci cz\u0142owieka.<\/em> ,,Przewodnik Katolicki\u201d 2014, 27 kwietnia, s. 35.<\/li>\n<li style=\"text-align: justify\"><strong>Chwat Pawe\u0142<\/strong>, <em>Biskup tarnowski z wizyt\u0105 w sercu Afryki<\/em>. ,,Dziennik Polski\u2019\u2019 2014, 18 lutego, B3.<\/li>\n<li style=\"text-align: justify\"><strong>Cicho\u0144 Ma\u0142gorzata,<\/strong> <em>G\u0142osz\u0105 Bo\u017ce Mi\u0142osierdzie.<\/em> \u201eNiedziela\u201d 2014, 12 pa\u017adziernika, s. 9.<\/li>\n<li style=\"text-align: justify\"><strong>Cicho\u0144 Ma\u0142gorzata<\/strong>, <em>Kanonizacyjna iskra Mi\u0142osierdzia zosta\u0142a pos\u0142ana w Polsk\u0119.<\/em> ,,Niedziela\u201d 2014, 6 kwietnia, s. 5.<\/li>\n<li style=\"text-align: justify\"><strong>Czaczkowska Ewa K<\/strong>.<strong>, <\/strong><em>Pi\u00f3ra dobrego nie mam&#8230;<\/em> ,,Go\u015b\u0107 Niedzielny\u201d 2014, 24 sierpnia, s. 24.<\/li>\n<li style=\"text-align: justify\"><strong>Czartoryski \u2013 Sziler Piotr,<\/strong> <em>Historyczna chwila dla Polski.<\/em> ,, Nasz Dziennik\u2019\u2019 2014, 17 lutego, s. 6.<\/li>\n<li style=\"text-align: justify\"><strong>D\u0142ugosz Antoni ks.,<\/strong> <em>Jezus \u2013 Bogiem mi\u0142osierdzia.<\/em> ,,Przewodnik Katolicki\u201d 2014, 27 kwietnia, s. 27.<\/li>\n<li style=\"text-align: justify\"><strong>Dragu\u0142a Andrzej ks.,<\/strong> <em>Wierzymy g\u0142\u0119biej, ni\u017c si\u0119 nam wydaje.<\/em> ,,Tygodnik Powszechny\u201d 2014, 11 maja, s. 34.<\/li>\n<li style=\"text-align: justify\"><em>Dymna Anna w roli \u015bw. Faustyny<\/em><strong>.<\/strong> ,,Przewodnik Katolicki\u201d 2014, 1 czerwca, s. 7.<\/li>\n<li style=\"text-align: justify\"><strong>Falkowska Beata,<\/strong> <em>Pan ma poczucie humoru.<\/em> \u201eNasz Dziennik\u201d 2014, 18 pa\u017adziernik, s.M10.<\/li>\n<li style=\"text-align: justify\"><strong>Folejewski Feliks ks., <\/strong><em>Jezu, ufam Tobie! B\u0105d\u017acie \u015bwiadkami mi\u0142osierdzia.<\/em> ,,Nasz Dziennik\u201d 2014, 26 kwietnia, s. 6.<\/li>\n<li style=\"text-align: justify\"><strong>Fortuna \u2013<\/strong> <strong>Sudor Maria,<\/strong> <em>Cz\u0142owiek sumienia ci\u0105gle si\u0119 nawraca.<\/em> \u201eNiedziela\u201d 2014, 14 grudnia, s. 9.<\/li>\n<li style=\"text-align: justify\"><strong>Fortuna \u2013 Sudor Maria,<\/strong> <em>To istota chrze\u015bcija\u0144stwa.<\/em> \u201eNiedziela\u201d 2014, 14 wrze\u015bnia, s. 16.<\/li>\n<li style=\"text-align: justify\"><strong>Fragment nowej ksi\u0105\u017cki Czaczkowskiej Ewy K.,<\/strong> <em>Cichy cud. Jak wyzdrowia\u0142 kardyna\u0142 Franciszek Macharski?<\/em> ,,Polska Gazeta Krakowska\u201d 2014, 6 czerwca, s.10.<\/li>\n<li style=\"text-align: justify\"><strong>Gancarz Bogdan,<\/strong> <em>Ciche bohaterstwo.<\/em> \u201eGo\u015b\u0107 Niedzielny Krakowski\u201d 2014, 12 pa\u017adziernika, s. VII.<\/li>\n<li style=\"text-align: justify\"><strong>G\u00f3rny Grzegorz,<\/strong> <em>Trzy obrazy.<\/em> \u201eNiedziela\u201d 2014, 5 pa\u017adziernika, s. 26.<\/li>\n<li style=\"text-align: justify\"><strong>Grabowski Jaros\u0142aw ks.<\/strong>, <em>W parze ze sprawiedliwo\u015bci\u0105.<\/em> ,,Niedziela\u201d 2014, 27 kwietnia, s. 32.<\/li>\n<li style=\"text-align: justify\"><strong>Guz<\/strong> <strong>Tadeusz ks. prof., <\/strong><em>Aposto\u0142owie Mi\u0142osierdzia.<\/em> ,,Nasz Dziennik\u2019\u2019 2014, 13 lutego, s. 19.<\/li>\n<li style=\"text-align: justify\"><strong>Hajdasz Jolanta, <\/strong><em>Jak w Rzymie.<\/em> ,,Przewodnik Katolicki\u201d 2014, 4 maja, s. 19.<\/li>\n<li style=\"text-align: justify\"><strong>Jagodzi\u0144ski S\u0142awomir, <\/strong><em>To znak opieki.<\/em> ,,Nasz Dziennik\u2019\u2019 2014, 13 lutego, s. 19.<\/li>\n<li style=\"text-align: justify\"><strong>Jagodzi\u0144ski S\u0142awomir<\/strong>, <em>Misja Bo\u017cego Mi\u0142osierdzia.<\/em> ,,Nasz Dziennik\u201d 2014, 26 kwietnia, s. 2a.<\/li>\n<li style=\"text-align: justify\"><strong>Jagodzi\u0144ski S\u0142awomir,<\/strong><em> Biskupi u Franciszka<\/em>. ,,Nasz Dziennik\u2019\u2019 2014, 3 lutego, s. 10.<\/li>\n<li style=\"text-align: justify\"><strong>Jagodzi\u0144ski S\u0142awomir,<\/strong> B\u0142ogos\u0142awiony pocz\u0105tek. ,,Nasz Dziennik\u2019\u2019 2014, 17 lutego, s. 1.<\/li>\n<li style=\"text-align: justify\"><strong>Jakimowicz Marcin<\/strong>, <em>Do g\u00f3ry nogami.<\/em> ,,Go\u015b\u0107 Niedzielny\u201d 2014, 24 sierpnia, s. 14.<\/li>\n<li style=\"text-align: justify\"><strong>Jakimowicz Marcin, <\/strong><em>\u015awiat zap\u0142onie<\/em>. ,,Go\u015b\u0107 Niedzielny\u2019\u2019 2014, 30 marca, s. 18.<\/li>\n<li style=\"text-align: justify\"><strong>Jakimowicz Marcin,<\/strong> <em>Zawy\u0142em.<\/em> \u201eGo\u015b\u0107 Niedzielny\u201d 2014, 14 wrze\u015bnia, s. 16.<\/li>\n<li style=\"text-align: justify\"><strong>Jaklewicz Tomasz ks<\/strong>., <em>Aposto\u0142 Bo\u017cego Mi\u0142osierdzia<\/em>. ,,<em> Go\u015b\u0107 Niedzielny\u201d <\/em>2014, 27 kwietnia s. 16.<\/li>\n<li style=\"text-align: justify\"><strong>Jaklewicz Tomasz ks<\/strong>., <em>Kto czci ten obraz nie zginie.<\/em> ,, Go\u015b\u0107 Niedzieln<em>y\u201d <\/em>2014, 27 kwietnia s. 2.<\/li>\n<li style=\"text-align: justify\"><strong>Jan Pawe\u0142 II \u2013 z homilii wyg\u0142oszonej podczas kanonizacji s. Faustyny w Rzymie,<\/strong> <em>Dar Bo\u017cy dla naszych czas\u00f3w.<\/em> ,,Niedziela\u201d 2014, 27 kwietnia, s. 2.<\/li>\n<li style=\"text-align: justify\"><em>Jest logo \u015aDM 2016.<\/em> ,,Przewodnik Katolicki\u201d 2014, 13 lipca, s. 4.<\/li>\n<li style=\"text-align: justify\"><strong>J\u0119drzejczyk Ma\u0142gorzata,<\/strong> <em>Jubileusz aposto\u0142a Mi\u0142osierdzia.<\/em> ,,Nasz Dziennik\u201d 2014, 11 czerwca, s. 13.<\/li>\n<li style=\"text-align: justify\"><strong>J\u0119drzejczyk Ma\u0142gorzata, <\/strong>D<em>la cywilizacji mi\u0142osierdzia.<\/em> ,,Nasz Dziennik\u201d 2014, 14 lutego, s. 14.<\/li>\n<li style=\"text-align: justify\"><strong>Kadzi\u0144ski \u0141ukasz ks.<\/strong>, <em>B\u0142ogos\u0142awiony Michale Sopo\u0107ko, duchowy kierowniku \u015bw. Faustyny Kowalskiej \u2013 m\u00f3dl si\u0119 za nami.<\/em> \u201eNasz Dziennik\u201d 2014, 24 listopada, s. 10.<\/li>\n<li style=\"text-align: justify\"><strong>Kadzi\u0144ski \u0141ukasz ks.<\/strong>, <em>\u015awi\u0119ta Faustyno Kowalska, aposto\u0142ko Bo\u017cego Mi\u0142osierdzia \u2013 m\u00f3dl si\u0119 za nami.<\/em> \u201eNasz Dziennik\u201d 2014, 6 pa\u017adziernika, s. 10.<\/li>\n<li style=\"text-align: justify\"><strong>Kadzi\u0144ski \u0141ukasz ks.,<\/strong> <em>Jezu niesko\u0144czenie mi\u0142osierny, zmi\u0142uj si\u0119 nad nami.<\/em> \u201eNasz Dziennik\u201d 2014, 5 wrze\u015bnia, s. 9.<\/li>\n<li style=\"text-align: justify\"><strong>Kapica Wanda,<\/strong> <em>Dusze czy\u015b\u0107cowe wo\u0142aj\u0105 o pomoc.<\/em> \u201eNasz Dziennik\u201d 2014, 31 pa\u017adziernika, s. 16.<\/li>\n<li style=\"text-align: justify\"><strong>Kasper<\/strong> <strong>Walter kard., <\/strong><em>Mi\u0142osierdzie.<\/em> ,, Tygodnik Powszechny\u201d 2014, 30 marca, s. 18.<\/li>\n<li style=\"text-align: justify\"><strong>Kasper Walter kard.,<\/strong> <em>Tratwa dla rozwiedzionych.<\/em> \u201eTygodnik Powszechny\u201d 2014, 28 wrzesie\u0144, s. 32.<\/li>\n<li style=\"text-align: justify\"><strong>Kluba Mi\u0142osz, <\/strong><em>Doktorzy Ko\u015bcio\u0142a dawniej i dzi\u015b. \u201e<\/em>Go\u015b\u0107 Niedzielny Krakowski\u201d 2014, 16 listopad, s. VII.<\/li>\n<li style=\"text-align: justify\"><strong>Kluba Mi\u0142osz<\/strong>, <em>Pos\u0142uga bez zmian.<\/em> \u201eGo\u015b\u0107 Niedzielny Krakowski\u201d 2014, 19 pa\u017adziernika, s. III.<\/li>\n<li style=\"text-align: justify\"><strong>Kluba Mi\u0142osz,<\/strong> <em>Jest na wyci\u0105gni\u0119cie r\u0119ki.<\/em> ,,Go\u015b\u0107 Niedzielny\u201d 2014, 18 maja, s. VII.<\/li>\n<li style=\"text-align: justify\"><strong>Kluba Mi\u0142osz<\/strong>, <em>Przyje\u017cd\u017caj\u0105, by dotkn\u0105\u0107 \u015bwi\u0119to\u015bci.<\/em> \u201eGo\u015b\u0107 Niedzielny Krakowski\u201d 2014, 7 grudnia, s. VI.<\/li>\n<li style=\"text-align: justify\"><strong>Knabit Leon OSB,<\/strong> <em>Mi\u0142osierdzie czy s\u0105d?<\/em>. \u201eDziennik Polski\u201d 2014, 4 pa\u017adziernika, s. 2.<\/li>\n<li style=\"text-align: justify\"><strong>Ko\u0142akowska Anna,<\/strong> <em>Niebia\u0144skie pogotowie ratunkowe.<\/em> ,,Nasz Dziennik\u2019\u2019 2014, 22 lutego, s. M6.<\/li>\n<li style=\"text-align: justify\"><strong>Konik-Korn Agnieszka,<\/strong> <em>Obraz pe\u0142en \u0142agodno\u015bci.<\/em> \u201eNiedziela\u201d 2014, 12 pa\u017adziernika, s. 28.<\/li>\n<li style=\"text-align: justify\"><strong>Kowalczyk Dariusz ks<\/strong>., <em>Franciszek i Faustyna? <\/em>\u201eGo\u015b\u0107 Niedzielny\u201d 2014, 27 kwietnia, s. 46.<\/li>\n<li style=\"text-align: justify\"><strong>Kowalczyk Dariusz SJ,<\/strong> <em>P\u0142ock mi\u0142osierdzia.<\/em> ,,Go\u015b\u0107 Niedzielny\u201d 2014, 7 wrze\u015bnia, s. 38.<\/li>\n<li style=\"text-align: justify\"><strong>Koz\u0142owska Izabela<\/strong>, <em>Mi\u0142o\u015b\u0107 zmienia \u015bwiat.<\/em> ,,Nasz Dziennik\u201d 2014, 8 kwietnia, s. 15.<\/li>\n<li style=\"text-align: justify\"><strong>Kruczek Adam,<\/strong> <em>Lumen znaczy \u015bwiat\u0142o.<\/em> ,,Nasz Dziennik\u201d 2014, 15 maja, s. 18.<\/li>\n<li style=\"text-align: justify\"><strong>Krzy\u017cak Tomasz,<\/strong> Nowa mapa polskich pielgrzymek. ,,Rzeczpospolita\u201d 2014, 2 sierpnia, s. A4.<\/li>\n<li style=\"text-align: justify\"><em>Kto ufa mi\u0142osierdziu, nie zginie.<\/em> \u201eNiedziela\u201d 2014, 19 pa\u017adziernika, s. 9.<\/li>\n<li style=\"text-align: justify\"><strong>Kucharczyk Franciszek,<\/strong> <em>\u0141aknienie ryzykowne.<\/em> ,,Go\u015b\u0107 Niedzielny\u201d 2014, 29 czerwca, s. 39.<\/li>\n<li style=\"text-align: justify\"><strong>Kucharczyk Franciszek,<\/strong> <em>Haczyk obiektywizmu.<\/em> \u201eGo\u015b\u0107 Niedzielny\u201d 2014, 28 wrze\u015bnia, s. 39.<\/li>\n<li style=\"text-align: justify\"><strong>Kucharczyk Franciszek,<\/strong> <em>I kto tu ma w\u0142adz\u0119?<\/em> \u201eGo\u015b\u0107 Niedzielny\u201d 2014, 7 wrze\u015bnia, s. 39.<\/li>\n<li style=\"text-align: justify\"><strong>List pasterski Episkopatu Polski na Niedziel\u0119 Mi\u0142osierdzia Bo\u017cego 2014.<\/strong> <em>B\u0105d\u017acie aposto\u0142ami Mi\u0142osierdzia. <\/em>,,Nasz Dziennik\u201d 2014, 26 kwietnia, s. 5a.<\/li>\n<li style=\"text-align: justify\"><strong>\u0141aszewski Wincenty, <\/strong><em>Fatima \u2013 objawienie Bo\u017cego Mi\u0142osierdzia.<\/em> ,,Nasz Dziennik\u201d 2014, 4 kwietnia, s. 3.<\/li>\n<li style=\"text-align: justify\"><strong>\u0141ozi\u0144ski Bogumi\u0142, <\/strong><em>Depresja katolika.<\/em> ,,Go\u015b\u0107 Niedzielny\u201d 2014, 13 lipca, s. 30.<\/li>\n<li style=\"text-align: justify\"><strong>\u0141uczek Marek ks.,<\/strong> <em>Mi\u0119dzy mi\u0142osierdziem i sprawiedliwo\u015bci\u0105.<\/em> ,,Niedziela\u201d 2014, 27 kwietnia, s. 52.<\/li>\n<li style=\"text-align: justify\"><strong>Macura Andrzej,<\/strong> <em>Dzienniczek w j\u0119zyku kinyarwanda.<\/em> ,,Go\u015b\u0107 Niedzielny\u201d 2014, 31 sierpnia, s. 6.<\/li>\n<li style=\"text-align: justify\"><strong>Memches Filip,<\/strong> <em>\u015aw. Jan Pawe\u0142 II. <\/em><em>Rado\u015b\u0107 i trudne wyzwanie.<\/em> ,,Rzeczpospolita\u201d 2014, 28 kwietnia, s. A2.<\/li>\n<li style=\"text-align: justify\"><strong>Milczarska Marta<\/strong>, <em>Profanacja w \u0141agiewnikach.<\/em> ,,Nasz Dziennik\u201d 2014, 29 kwietnia, s. 15.<\/li>\n<li style=\"text-align: justify\"><strong>Milczarska Marta,<\/strong> <em>Relikwie dla Norwegii.<\/em> ,,Nasz Dziennik\u201d 2014, 21 sierpnia, s. 10.<\/li>\n<li style=\"text-align: justify\"><strong>Misztal Henryk ks., <\/strong><em>Drogi \u015bwi\u0119to\u015bci Jana Paw\u0142a II.<\/em> ,,Niedziela\u201d 2014, 6 kwietnia, s. 16.<\/li>\n<li style=\"text-align: justify\"><strong>Mokrzycki Mieczys\u0142aw<\/strong> <strong>abp, <\/strong><em>Potrzeba naszego \u015bwiadectwa.<\/em> ,,Nasz Dziennik\u201d 2014, 26 kwietnia, s. 4.<\/li>\n<li style=\"text-align: justify\"><em>Muzyczna modlitwa<\/em>. ,,Go\u015b\u0107 Niedzielny \u2013 Krakowski\u201d 2014, 6 kwietnia, s. II.<\/li>\n<li style=\"text-align: justify\"><strong>Napiera\u0142a Stanis\u0142aw bp,<\/strong><em> Czy zwyk\u0142y Kowalski mo\u017ce by\u0107 \u015bwi\u0119tym? ,,<\/em>Nasz Dziennik\u201d 2014, 22 luty, s. M2.<\/li>\n<li style=\"text-align: justify\"><strong>Napiera\u0142a Stanis\u0142aw bp,<\/strong> <em>Czy zwyk\u0142y Kowalski mo\u017ce zosta\u0107 \u015bwi\u0119tym?<\/em> ,,Nasz Dziennik\u2019\u2019 2014, 22 lutego, s. M2.<\/li>\n<li style=\"text-align: justify\"><em>Nie\u015b\u0107 t\u0119 iskr\u0119! <\/em>\u201eGo\u015b\u0107 Niedzielny Krakowski\u201d 2014, 12 pa\u017adziernika, s. I.<\/li>\n<li style=\"text-align: justify\"><strong>Operacz Joanna,<\/strong> <em>S\u0142uga Mi\u0142osierdzia.<\/em> ,,Niedziela\u201d 2014, 31 sierpnia, s. 26.<\/li>\n<li style=\"text-align: justify\"><strong>Oszajca Wac\u0142aw SJ,<\/strong><em> Nie b\u00f3j si\u0119 ran.<\/em> ,,Tygodnik Powszechny\u201d 2014, 27 kwietnia, s. 24.<\/li>\n<li style=\"text-align: justify\"><strong>Pabis Ma\u0142gorzata,<\/strong> <em>Jednoczy nas \u017cycie<\/em>. ,,Nasz Dziennik\u2018\u2019 2014, 15 stycze\u0144, s. 10.<\/li>\n<li style=\"text-align: justify\"><strong>Pabis Ma\u0142gorzata,<\/strong> <em>\u017bycie otoczone modlitw\u0105<\/em>. ,,Nasz Dziennik\u201d 2014, 31 stycznia, s. 18.<\/li>\n<li style=\"text-align: justify\"><strong>Pabis Ma\u0142gorzata,<\/strong> <em>Aposto\u0142owie mi\u0142osierdzia.<\/em> \u201eNasz Dziennik\u201d 2014, 1 pa\u017adziernika, s. 10.<\/li>\n<li style=\"text-align: justify\"><strong>Pabis Ma\u0142gorzata, <\/strong><em>Doktor Ko\u015bcio\u0142a? <\/em>\u201eNasz Dziennik\u201d 2014, 3 pa\u017adziernika, s. 1.<\/li>\n<li style=\"text-align: justify\"><strong>Pabis Ma\u0142gorzata,<\/strong> <em>Iskra mi\u0142osiernej mi\u0142o\u015bci.<\/em> ,,Nasz Dziennik\u201d 2014, 31 marca, s. 10.<\/li>\n<li style=\"text-align: justify\"><strong>Pabis Ma\u0142gorzata, <\/strong><em>Niedziela dla rodziny<\/em>. ,,Nasz dziennik\u201d 2014, 21 marca, s. 21.<\/li>\n<li style=\"text-align: justify\"><strong>Pabis Ma\u0142gorzata,<\/strong> <em>Ojcowskie przyj\u0119cie. <\/em>,,Nasz Dziennik\u2019\u2019 2014, 10 lutego, s. 11.<\/li>\n<li style=\"text-align: justify\"><strong>Pabis Ma\u0142gorzata, <\/strong><em>Pielgrzymi zawierzenia.<\/em> ,,Nasz dziennik\u201d 2014, 28 czerwca, s. 24.<\/li>\n<li style=\"text-align: justify\"><strong>Pabis Ma\u0142gorzata, <\/strong><em>Tworzymy jedn\u0105 rodzin\u0119.<\/em> ,,Nasz Dziennik\u2019\u2019 2014, 17 lutego, s. 3.<\/li>\n<li style=\"text-align: justify\"><strong>Pabis Ma\u0142gorzata<\/strong>, <em>Ameryka broni \u017cycia<\/em>. ,,Nasz Dziennik\u201d 2014, 23 stycznia, s. 17.<\/li>\n<li style=\"text-align: justify\"><strong>Pabis Ma\u0142gorzata,<\/strong> <em>Balsam Mi\u0142osierdzia.<\/em> ,,Nasz Dziennik\u201d 2014, 18 sierpnia, s.9.<\/li>\n<li style=\"text-align: justify\"><strong>Pabis Ma\u0142gorzata,<\/strong> <em>Czciciela Bo\u017cego Mi\u0142osierdzia.<\/em> ,,Nasz Dziennik\u201d 2014, 13 sierpnia, s. 10.<\/li>\n<li style=\"text-align: justify\"><strong>Pabis Ma\u0142gorzata,<\/strong> <em>Kongres Mi\u0142osierdzia.<\/em> ,,Nasz Dziennik\u201d 2014, 27 sierpnia, s. 10.<\/li>\n<li style=\"text-align: justify\"><strong>Pabis Ma\u0142gorzata,<\/strong> <em>Logo \u015aDM w Krakowie.<\/em> ,,Nasz Dziennik\u201d 2014, 4 lipca, s. 9.<\/li>\n<li style=\"text-align: justify\"><strong>Pabis Ma\u0142gorzata,<\/strong> <em>Mi\u0142osierdzie ratuje cz\u0142owieka. <\/em>\u201eNasz Dziennik\u201d 2014, 18 listopada, s. 9.<\/li>\n<li style=\"text-align: justify\"><strong>Pabis Ma\u0142gorzata, <\/strong><em>Ogie\u0144 mi\u0142osierdzia.<\/em> \u201eNasz Dziennik\u201d 2014, 6 pa\u017adziernika, s. 9.<\/li>\n<li style=\"text-align: justify\"><strong>Pabis Ma\u0142gorzata,<\/strong> P\u0142ockie uroczysto\u015bci. ,,Nasz Dziennik\u2019\u2019 2014, 22 lutego, s. 24.<\/li>\n<li style=\"text-align: justify\"><strong>Pabis Ma\u0142gorzata<\/strong>, <em>Potrzebne \u015bwiadectwo mi\u0142o\u015bci.<\/em> \u201eNasz Dziennik\u201d 2014, 29 grudnia, s. 18.<\/li>\n<li style=\"text-align: justify\"><strong>Pabis Ma\u0142gorzata<\/strong>, <em>W \u0141agiewnikach jak w Rzymie.<\/em> ,,Nasz Dziennik\u201d 2014, 28 kwietnia, s. 12.<\/li>\n<li style=\"text-align: justify\"><strong>Pabis Ma\u0142gorzata,<\/strong> <em>Wezwanie do adoracji.<\/em> ,,Nasz Dziennik\u2019\u2019 2014, 3 marca, s. 9.<\/li>\n<li style=\"text-align: justify\"><strong>Per\u0142owki Marcin,<\/strong> <em>Cierpieniem ocali\u0142a Papie\u017ca.<\/em> ,,Nasz Dziennik\u201d 2014, 31 maja, s. 1.<\/li>\n<li style=\"text-align: justify\"><strong>Per\u0142owski Marcin,<\/strong> <em>Ofiarowa\u0142a \u017cycie za Jana Paw\u0142a II.<\/em> ,,Nasz Dziennik\u201d 2014, 31 maja, s. M3.<\/li>\n<li style=\"text-align: justify\"><strong>Pomierna Weronika,<\/strong> <em>Jak bumerang.<\/em> ,,Go\u015b\u0107 Niedzielny\u201d 2014, 13 lipca, s. 28.<\/li>\n<li style=\"text-align: justify\"><em>Pom\u00f3\u017c roznieci\u0107 iskr\u0119 Bo\u017cego Mi\u0142osierdzia.<\/em> \u201ePrzewodnik Katolicki\u201d 2014, 21 wrze\u015bnia, s. II.<\/li>\n<li style=\"text-align: justify\"><strong>Przeciszewki Marcin, <\/strong><em>Cz\u0142owiek modlitwy.<\/em> ,,Przewodnik Katolicki\u201d2014, 27 kwietnia, s.16.<\/li>\n<li style=\"text-align: justify\"><strong>Przeciszewski Marcin,<\/strong> <em>Rado\u015b\u0107 Ewangelii.<\/em> ,,Niedziela\u201d 2014, 5 stycznia, s. 20.<\/li>\n<li style=\"text-align: justify\"><strong>Przem\u00f3wienie Ojca \u015awi\u0119tego Franciszka wyg\u0142oszone w Korei Po\u0142udniowej.<\/strong> <em>Na skale Bo\u017cego Mi\u0142osierdzia. <\/em>,,Nasz Dziennik\u201d 2014, 22 sierpnia, s. 13.<\/li>\n<li style=\"text-align: justify\"><strong>Przepierski Stanis\u0142aw OP, <\/strong><em>Fatimska lekcja pokuty.<\/em> ,,Nasz Dziennik\u2019\u2019 2014, 5 marca, s. 16.<\/li>\n<li style=\"text-align: justify\"><em>Przy relikwiach \u015bwi\u0119tego papie\u017ca. <\/em>,,Przewodnik Katolicki\u201d 2014, 11 maja, s. II.<\/li>\n<li style=\"text-align: justify\"><em>Relikwie w Telewizji Trwam.<\/em> ,,Nasz Dziennik\u2019\u2019 2014, 12 lutego, s. 1.<\/li>\n<li style=\"text-align: justify\"><em>R\u00f3\u017ca mi\u0142osierdzia<\/em>. ,,Go\u015b\u0107 Niedzielny \u2013 Krakowski\u201d 2014, 20 kwietnia, s. II.<\/li>\n<li style=\"text-align: justify\"><strong>Rydzyk Tadeusz CSsR,<\/strong> <em>Postawili\u015bmy na Maryj\u0119.<\/em> ,,Nasz Dziennik\u2019\u2019 2014, 17 lutego, s. 5.<\/li>\n<li style=\"text-align: justify\"><strong>Rytel Andrianik<\/strong> <strong>Pawe\u0142 ks.,<\/strong> <em>Ksi\u0119\u017ca do \u017byd\u00f3w \u2013 wyniki bada\u0144. ,,<\/em>Przewodnik Katolicki\u2019\u2019 2014, 26 stycznia, s. 26.<\/li>\n<li style=\"text-align: justify\"><em>Ryzykuj albo gi\u0144.<\/em> ,,Go\u015b\u0107 Niedzielny\u201d 2014, 24 sierpnia, s. 39.<\/li>\n<li style=\"text-align: justify\"><strong>Siepak El\u017cbieta ZMBM, <\/strong><em>Siostra Faustyna i iskra, kt\u00f3ra wysz\u0142a z Polski.<\/em><strong> ,,<\/strong>Polska Gazeta Krakowska\u201d 2014, 21 lutego, s. 10.<\/li>\n<li style=\"text-align: justify\"><strong>Skubi\u015b Ireneusz ks., <\/strong><em>Nadzieja na wielkich skrzy\u017cowaniach Ko\u015bcio\u0142a.<\/em> ,,Niedziela\u201d 2014, 9 lutego, s. 6.<\/li>\n<li style=\"text-align: justify\"><strong>Sporniak Artur, <\/strong><em>Wi\u0119cej kultury mi\u0142osierdzia. <\/em>\u201eTygodnik Powszechny\u201d 2014, 5 pa\u017adziernika, s. 8.<\/li>\n<li style=\"text-align: justify\"><strong>Starzak Gra\u017cyna, <\/strong><em>Cuda w \u0141agiewnikach si\u0119 zdarzaj\u0105, cho\u0107 B\u00f3g nie potrzebuje reklamy.<\/em> \u201eDziennik Polski\u201d 2014, 10 pa\u017adziernika, s. 6.<\/li>\n<li style=\"text-align: justify\"><strong>Starzak Gra\u017cyna,<\/strong> <em>Filipi\u0144czyk\u00f3w bardziej interesuj\u0105 \u0141agiewniki ni\u017c Wawel<\/em>. ,,Dziennik Polski\u2019\u2019 2014, 8 lutego, s. 8.<\/li>\n<li style=\"text-align: justify\"><strong>Starzak Gra\u017cyna,<\/strong> <em>Krzy\u017c i ,,Misericordina\u201d to cudowny lek dla duszu.<\/em> ,,Dziennik Polski\u201d 2014, 12 kwietnia, s. A4.<\/li>\n<li style=\"text-align: justify\"><strong>Starzak Gra\u017cyna,<\/strong> <em>\u0141agiewniki s\u0105 drugim Rzymem. <\/em>,,Dziennik Polski\u201d 2014, 28 kwietnia, s.VI.<\/li>\n<li style=\"text-align: justify\"><strong>Starzak Gra\u017cyna,<\/strong> <em>\u0141agiewniki s\u0105 teraz drugim Rzymem.<\/em> ,,Polska Gazeta Krakowska\u201d 2014, 28 kwietnia, s.VI.<\/li>\n<li style=\"text-align: justify\"><strong>Starzak Gra\u017cyna<\/strong>, <em>Prawie jak w Lourdes<\/em>. ,,Dziennik Polski\u2019\u2019 2014, 27 lutego, s. 6.<\/li>\n<li style=\"text-align: justify\"><strong>Starzak Gra\u017cyna<\/strong>, <em>Proroctwa \u015awi\u0119tej z \u0141agiewnik<\/em>. ,,Dziennik Polski\u2019\u2019 2014, 18 lutego, s. 3.<\/li>\n<li style=\"text-align: justify\"><strong>Starzak Gra\u017cyna,<\/strong> <em>S\u0105d zdecyduje o losie kobiet, kt\u00f3ra dopu\u015bci\u0142a si\u0119 profanacji. ,,Dziennik Polski\u201d <\/em>2014, 29 kwietnia, s. 5.<\/li>\n<li style=\"text-align: justify\"><strong>Starzak Gra\u017cyna,<\/strong> <em>\u015aw. Faustyna pokazuje, jak cieszy\u0107 si\u0119 \u017cyciem.<\/em> \u201eDziennik Polski\u201d 2014, 4 pa\u017adziernik, s. 2.<\/li>\n<li style=\"text-align: justify\"><strong>Starzak Gra\u017cyna.<\/strong> <em>\u015aw. Faustyna Polskim Doktorem Ko\u015bcio\u0142a.<\/em> \u201eDziennik Polski\u201d 2014, 6 pa\u017adziernik, s. 7.<\/li>\n<li style=\"text-align: justify\"><strong>Starzak Gra\u017cyna,<\/strong> <em>,,Balsam Mi\u0142osierdzia\u201d b\u0119dzie mia\u0142 zapach Ziemi \u015awi\u0119tej<\/em>. ,,Dziennik Polski\u201d 2014, 14 sierpnia, s. A6.<\/li>\n<li style=\"text-align: justify\"><strong>Starzak Gra\u017cyna<\/strong>, <em>Krakowskie \u0141agiewniki, miasteczko mi\u0142osierdzia. <\/em>,,Dziennik Polski\u201d 2014, 18 sierpnia, s. A3.<\/li>\n<li style=\"text-align: justify\"><strong>Starzak Gra\u017cyna,<\/strong> <em>Nowe \u015bwiadectwa o Bogu mi\u0142osiernym.<\/em> ,,Dziennik Polski\u201d 2014, 23 wrze\u015bnia, s. 5.<\/li>\n<li style=\"text-align: justify\"><strong>Stelmasiak Artur,<\/strong> <em>Urodziny \u015bw. Faustyny.<\/em> ,,Niedziela\u201d 2014, 31 sierpnia, s. IV.<\/li>\n<li style=\"text-align: justify\"><strong>Szewczyk Ma\u0142gorzata,<\/strong> <em>Iskra na kanonizacj\u0119.<\/em> ,,Przewodnik Katolicki\u201d 2014, 23 marca, s. 22.<\/li>\n<li style=\"text-align: justify\"><em>\u015aw. Faustyna doktorem Ko\u015bcio\u0142a?<\/em> \u201ePrzewodnik Katolicki\u201d 2014, 12 pa\u017adziernik, s. 5.<\/li>\n<li style=\"text-align: justify\"><strong>Tobolska Kamila,<\/strong> <em>Roznie\u0107my iskr\u0119!<\/em> \u201ePrzewodnik Katolicki\u201d 2014, 28 wrzesie\u0144, s. 22.<\/li>\n<li style=\"text-align: justify\"><strong>Tobolski B\u0142a\u017cej,<\/strong> <em>B\u0105d\u017amy \u015bwiadkami Mi\u0142osierdzia!<\/em> ,,Przewodnik Katolicki\u201d 2014, 4 maj, s. I.<\/li>\n<li style=\"text-align: justify\"><strong>Tobolski B\u0142a\u017cej, <\/strong><em>Droga do zbawienia. <\/em>\u201ePrzewodnik Katolicki\u201d 2014, 12 pa\u017adziernik, s. 1.<\/li>\n<li style=\"text-align: justify\"><strong>Tomon\u0301 Stanis\u0142aw OSPPE, <\/strong><em>Uwielbiajmy Boga, kt\u00f3rego chwa\u0142a w \u015bwi\u0119tych ja\u015bnieje.<\/em> ,,Niedziela\u201d 2014, 5 stycznia, s. 10.<\/li>\n<li style=\"text-align: justify\"><strong>Tykfer Miros\u0142aw ks.,<\/strong> <em>Mi\u0142osierdzie zamiast odwetu.<\/em> \u201ePrzewodnik Katolicki\u201d 2014, 28 wrzesie\u0144, s. 3.<\/li>\n<li style=\"text-align: justify\"><strong>Warszawski Marcin<\/strong>, <em>Biskupi pytaj\u0105 m\u0142odzie\u017c, jak go\u015bci\u0107 pielgrzym\u00f3w<\/em>. ,,Dziennik Polski\u2019\u2019 2014 8 luty, s. 4.<\/li>\n<li style=\"text-align: justify\"><strong>W\u0119grzyn Przemys\u0142aw ks.,<\/strong> <em>Potrzeba \u015bwiadk\u00f3w mi\u0142o\u015bci.<\/em> ,,Przewodnik Katolicki\u201d 2014, 6 kwietnia, s. 3.<\/li>\n<li style=\"text-align: justify\"><strong>Wojciech ks.,<\/strong> <em>Na s\u0105dzie Bo\u017cym.<\/em> ,,Przewodnik Katolicki\u201d 2014, 31 sierpnia, s. 38.<\/li>\n<li style=\"text-align: justify\"><strong>Wole\u0144ska-Operacz Joanna, <\/strong><em>Kto pomo\u017ce siostrze?<\/em> ,,Niedziela\u201d 2014, 27 kwietnia, s. VIII.<\/li>\n<li style=\"text-align: justify\"><strong>Wole\u0144ska-Operacz Joanna,<\/strong> <em>Operacja ,,Ratowanie Ludzko\u015bci\u201d.<\/em> ,,Niedziela\u201d 2014, 3 sierpnia, s. VIII.<\/li>\n<li style=\"text-align: justify\"><em>Wypleni\u0107 z\u0142o.<\/em> \u201eGo\u015b\u0107 Niedzielny Krakowski\u201d 2014, 16 listopada, s. I.<\/li>\n<li style=\"text-align: justify\"><em>Z nauczania Franciszka<\/em>. ,,Go\u015b\u0107 Niedzielny\u201d 2014, 13 kwietnia s. 5.<\/li>\n<li style=\"text-align: justify\"><em>Z nauczania Papie\u017ca Franciszka Rok \u017cycia konsekrowanego 2015<\/em>. ,,Go\u015b\u0107 Niedzielny\u2019\u2019 2014, 9 lutego, s. 5.<\/li>\n<li style=\"text-align: justify\"><strong>Zaj\u0105c Jan bp,<\/strong> <em>Wie\u017ca Babel pod Wawelem.<\/em> ,,Go\u015b\u0107 Niedzielny Krakowski\u201d 2014, 28 wrzesie\u0144, s. III.<\/li>\n<li style=\"text-align: justify\"><strong>Zaj\u0105c Jan bp, <\/strong><em>Z Janem Paw\u0142em II na spotkanie z Jezusem Mi\u0142osiernym.<\/em> ,,Niedziela\u201d 2014, 20 kwietnia, s. 14.<\/li>\n<li style=\"text-align: justify\"><strong>Zaj\u0105c Maciej<\/strong>, <em>Us\u0142ysza\u0142em t\u0119 melodi\u0119.<\/em> ,,Go\u015b\u0107 Niedzielny\u201d 2014, 24 sierpnia, s .22.<\/li>\n<li style=\"text-align: justify\"><strong>Zaj\u0105c Monika M,<\/strong> <em>Zostawi\u0107 \u015bwiat lepszym.<\/em> \u201eNasz Dziennik\u201d 2014, 31 grudnia, s. 23.<\/li>\n<li style=\"text-align: justify\"><strong>Zawitkowski J\u00f3zef bp,<\/strong> <em>B\u00f3g bogaty w mi\u0142osierdzie. <\/em>,,Nasz Dziennik\u201d 2014, 26 kwietnia, s. 8.<\/li>\n<li style=\"text-align: justify\"><strong>Zawitkowski<\/strong> <strong>J\u00f3zef bp,<\/strong> <em>Zagrzmia\u0142o, b\u0119dzie urodzaj.<\/em> ,,Nasz Dziennik\u201d 2014, 28 maja, s. 8.<\/li>\n<\/ol>\n","protected":false},"excerpt":{"rendered":"<p>BIBLIOGRAFIA CZASOPISM dotycz\u0105ca tajemnicy mi\u0142osierdzia Bo\u017cego i ludzkiego oraz \u015bw. Siostry Faustyny Kowalskiej\u00a0 ze Zgromadzenia Matki Bo\u017cej Mi\u0142osierdzia \u00a02014 2014 Bartnik Czes\u0142aw S. ks. prof. , \u201eReforma\u201d ma\u0142\u017ce\u0144stwa i rodziny?. \u201eNasz Dziennik\u201d 2014, 29 listopada, s. M8. Bartnik Czes\u0142aw S. ks. Dar Boga dla Ko\u015bcio\u0142a i \u015bwiata. ,,Nasz Dziennik\u201d 2014, 26 kwietnia, s. 20. Berny\u015b [&hellip;]<\/p>\n","protected":false},"author":2,"featured_media":0,"parent":0,"menu_order":0,"comment_status":"closed","ping_status":"closed","template":"","meta":{"footnotes":""},"categories":[89],"tags":[],"class_list":["post-19500","page","type-page","status-publish","hentry","category-bibliografia2"],"_links":{"self":[{"href":"https:\/\/www.faustyna.pl\/zmbm\/wp-json\/wp\/v2\/pages\/19500","targetHints":{"allow":["GET"]}}],"collection":[{"href":"https:\/\/www.faustyna.pl\/zmbm\/wp-json\/wp\/v2\/pages"}],"about":[{"href":"https:\/\/www.faustyna.pl\/zmbm\/wp-json\/wp\/v2\/types\/page"}],"author":[{"embeddable":true,"href":"https:\/\/www.faustyna.pl\/zmbm\/wp-json\/wp\/v2\/users\/2"}],"replies":[{"embeddable":true,"href":"https:\/\/www.faustyna.pl\/zmbm\/wp-json\/wp\/v2\/comments?post=19500"}],"version-history":[{"count":9,"href":"https:\/\/www.faustyna.pl\/zmbm\/wp-json\/wp\/v2\/pages\/19500\/revisions"}],"predecessor-version":[{"id":20670,"href":"https:\/\/www.faustyna.pl\/zmbm\/wp-json\/wp\/v2\/pages\/19500\/revisions\/20670"}],"wp:attachment":[{"href":"https:\/\/www.faustyna.pl\/zmbm\/wp-json\/wp\/v2\/media?parent=19500"}],"wp:term":[{"taxonomy":"category","embeddable":true,"href":"https:\/\/www.faustyna.pl\/zmbm\/wp-json\/wp\/v2\/categories?post=19500"},{"taxonomy":"post_tag","embeddable":true,"href":"https:\/\/www.faustyna.pl\/zmbm\/wp-json\/wp\/v2\/tags?post=19500"}],"curies":[{"name":"wp","href":"https:\/\/api.w.org\/{rel}","templated":true}]}}