



{"id":27362,"date":"2023-10-13T20:19:37","date_gmt":"2023-10-13T18:19:37","guid":{"rendered":"https:\/\/www.faustyna.pl\/zmbm\/?page_id=27362"},"modified":"2024-10-11T13:30:27","modified_gmt":"2024-10-11T11:30:27","slug":"pustelnia-milosierdzia-w-walendowie","status":"publish","type":"page","link":"https:\/\/www.faustyna.pl\/zmbm\/pustelnia-milosierdzia-w-walendowie\/","title":{"rendered":"\u201ePustelnia Mi\u0142osierdzia\u201d w Walendowie"},"content":{"rendered":"<p><a href=\"https:\/\/www.faustyna.pl\/zmbm\/wp-content\/uploads\/2023\/10\/Pustelnia.jpg\" data-gallery><img loading=\"lazy\" decoding=\"async\" class=\"size-medium wp-image-27363 alignnone\" src=\"https:\/\/www.faustyna.pl\/zmbm\/wp-content\/uploads\/2023\/10\/Pustelnia-560x333.jpg\" alt=\"\" width=\"560\" height=\"333\" srcset=\"https:\/\/www.faustyna.pl\/zmbm\/wp-content\/uploads\/2023\/10\/Pustelnia-560x333.jpg 560w, https:\/\/www.faustyna.pl\/zmbm\/wp-content\/uploads\/2023\/10\/Pustelnia-140x83.jpg 140w, https:\/\/www.faustyna.pl\/zmbm\/wp-content\/uploads\/2023\/10\/Pustelnia.jpg 1024w\" sizes=\"auto, (max-width: 560px) 100vw, 560px\" \/><\/a><\/p>\n<p style=\"text-align: justify\">Na posesji <a href=\"https:\/\/www.faustyna.pl\/zmbm\/galeria\/?gallery_name=klasztor-zgromadzenia-w-walendowie-jesien-2023&amp;lang=pl\">klasztoru Zgromadzenia Si\u00f3str Matki Bo\u017cej Mi\u0142osierdzia w Walendowie ko\u0142o Warszawy<\/a>, zosta\u0142a otwarta <a href=\"https:\/\/www.faustyna.pl\/zmbm\/galeria\/?gallery_name=pustelnia-milosierdzia-w-walendowie-kolo-warszawy-pazdziernik-2023&amp;lang=pl\">\u201ePustelnia Mi\u0142osierdzia\u201d<\/a>, czyli osobny domek (pok\u00f3j z aneksem, \u0142azienka, oratorium), przeznaczony na indywidualne rekolekcje z Bibli\u0105 i \u201eDzienniczkiem\u201d \u015bw. Siostry Faustyny. Ka\u017cdy, kto pragnie wyciszy\u0107 si\u0119 z dala od gwaru miasta, sp\u0119dzi\u0107 okre\u015blony czas w malowniczym miejscu wype\u0142nionym obecno\u015bci\u0105 Boga oraz \u015bw. Faustyny, mo\u017ce przyjecha\u0107 do tej podwarszawskiej miejscowo\u015bci, wcze\u015bniej uzgadniaj\u0105c z siostrami termin pobytu. W dniach pustyni ka\u017cdej osobie b\u0119dzie towarzyszy\u0107 siostra ze wsp\u00f3lnoty w Walendowie jako duchowy kierownik i przewodnik rekolekcyjny. Mo\u017cna tak\u017ce skorzysta\u0107 z pos\u0142ugi kap\u0142ana oraz uczestniczy\u0107 we wsp\u00f3lnotowej modlitwie si\u00f3str w zakonnej kaplicy.<\/p>\n<p><a href=\"https:\/\/www.faustyna.pl\/zmbm\/galeria\/?gallery_name=pustelnia-milosierdzia-w-walendowie-kolo-warszawy-pazdziernik-2023&amp;lang=pl\">Zobacz zdj\u0119cia w Galerii.<\/a><\/p>\n<p><strong>Rekolekcyjne dni pustyni w Walendowie odbywaj\u0105 si\u0119 wed\u0142ug nast\u0119puj\u0105cych zasad:<\/strong><\/p>\n<ol>\n<li style=\"text-align: justify\">Prowadzone s\u0105\u00a0wed\u0142ug programu zaproponowanego przez\u00a0kierownika duchowego \u2013 siostr\u0119 ze\u00a0Zgromadzenia Matki Bo\u017cej Mi\u0142osierdzia.<\/li>\n<li style=\"text-align: justify\">Prze\u017cywane s\u0105\u00a0w\u00a0pe\u0142nym milczeniu z wy\u0142\u0105czeniem telefonu kom\u00f3rkowego i innych urz\u0105dze\u0144 elektronicznych.<\/li>\n<li style=\"text-align: justify\">Uczestnik tych rekolekcji codziennie spotyka si\u0119 z\u00a0kierownikiem duchowym (20 minut), z\u00a0kt\u00f3rym\u00a0dzieli si\u0119 do\u015bwiadczeniem spotkania z\u00a0 Bogiem oraz\u00a0otrzymuje pomoce do\u00a0modlitwy na\u00a0kolejny dzie\u0144. Istnieje tak\u017ce mo\u017cliwo\u015b\u0107 skorzystania z pos\u0142ugi kap\u0142ana.<\/li>\n<li style=\"text-align: justify\">Uczestnik ma\u00a0zapewniony nocleg oraz\u00a0posi\u0142ki za\u00a0ustalon\u0105 ofiar\u0105.<\/li>\n<li style=\"text-align: justify\">Czas rekolekcji to\u00a0minimum jeden pe\u0142ny dzie\u0144 z\u00a0noclegiem, a\u00a0maksymalnie 8 dni.<\/li>\n<li style=\"text-align: justify\">Przyjazd na\u00a0rekolekcje mo\u017cliwy jest wy\u0142\u0105cznie po\u00a0otrzymaniu potwierdzenia przyj\u0119cia na\u00a0indywidualne rekolekcje.<\/li>\n<li style=\"text-align: justify\">Na te dni pustyni nale\u017cy zabra\u0107 Pismo \u015awi\u0119te, notatnik oraz\u00a0zegarek, najlepiej nie\u00a0w\u00a0telefonie kom\u00f3rkowym.<\/li>\n<li>Przed\u00a0rekolekcjami warto odprawi\u0107 nowenn\u0119 do\u00a0Ducha \u015awi\u0119tego z\u00a0pro\u015bb\u0105 o\u00a0serce otwarte na\u00a0Bo\u017ce dzia\u0142anie!<\/li>\n<\/ol>\n<p style=\"padding-left: 40px\"><strong>KONTAKT<\/strong><\/p>\n<p>s. M. Sebastiana Panu\u015b<br \/>\nul. Nad Utrat\u0105 30<br \/>\n05-830 Nadarzyn<br \/>\ntel.: +48 507 579 521<br \/>\ne-mail: walendow@faustyna.pl<br \/>\n<a href=\"http:\/\/www.walendow.faustyna.pl\">www.walendow.faustyna.pl<\/a><\/p>\n<p style=\"text-align: justify\">Walend\u00f3w to malownicza wie\u015b \u2013 po\u0142o\u017cona 20 km od centrum Warszawy, na terenie kt\u00f3rej \u00a0znajduje si\u0119 kilkana\u015bcie zbiornik\u00f3w wodnych, m.in. Staw Oborowy, Staw M\u0142y\u0144ski. Hrabia Gustaw Prze\u017adziecki podarowa\u0142 Zgromadzeniu Si\u00f3str Matki Bo\u017cej Mi\u0142osierdzia maj\u0105tek, w kt\u00f3rym pobudowano klasztor i obiekty dla dzie\u0142a apostolskiego<\/p>\n<p style=\"text-align: justify\">W\u00a0klasztorze\u00a0 Zgromadzenie Si\u00f3str Matki Bo\u017cej Mi\u0142osierdzia w Walendowie, kt\u00f3ry istnieje od 1913 roku z fundacji hrabiego Gustawa Prze\u017adzieckiego, dwukrotnie przebywa\u0142a \u015bw. Faustyna Kowalska na rekolekcjach w 1932 roku i \u00a0czasie kilkutygodniowego pobytu w <a href=\"https:\/\/pl.wikipedia.org\/wiki\/1936\">1936<\/a> roku. Na terenie klasztoru znajduje si\u0119 tak\u017ce aleja drzew, kt\u00f3re pami\u0119taj\u0105 Aposto\u0142k\u0119 Bo\u017cego Mi\u0142osierdzia i s\u0105 \u015bwiadkami jej spotka\u0144 z Bogiem.<\/p>\n","protected":false},"excerpt":{"rendered":"<p>Na posesji klasztoru Zgromadzenia Si\u00f3str Matki Bo\u017cej Mi\u0142osierdzia w Walendowie ko\u0142o Warszawy, zosta\u0142a otwarta \u201ePustelnia Mi\u0142osierdzia\u201d, czyli osobny domek (pok\u00f3j z aneksem, \u0142azienka, oratorium), przeznaczony na indywidualne rekolekcje z Bibli\u0105 i \u201eDzienniczkiem\u201d \u015bw. Siostry Faustyny. Ka\u017cdy, kto pragnie wyciszy\u0107 si\u0119 z dala od gwaru miasta, sp\u0119dzi\u0107 okre\u015blony czas w malowniczym miejscu wype\u0142nionym obecno\u015bci\u0105 Boga oraz [&hellip;]<\/p>\n","protected":false},"author":2,"featured_media":27363,"parent":0,"menu_order":-1318,"comment_status":"closed","ping_status":"closed","template":"","meta":{"footnotes":""},"categories":[4],"tags":[],"class_list":["post-27362","page","type-page","status-publish","has-post-thumbnail","hentry","category-aktualnosci"],"_links":{"self":[{"href":"https:\/\/www.faustyna.pl\/zmbm\/wp-json\/wp\/v2\/pages\/27362","targetHints":{"allow":["GET"]}}],"collection":[{"href":"https:\/\/www.faustyna.pl\/zmbm\/wp-json\/wp\/v2\/pages"}],"about":[{"href":"https:\/\/www.faustyna.pl\/zmbm\/wp-json\/wp\/v2\/types\/page"}],"author":[{"embeddable":true,"href":"https:\/\/www.faustyna.pl\/zmbm\/wp-json\/wp\/v2\/users\/2"}],"replies":[{"embeddable":true,"href":"https:\/\/www.faustyna.pl\/zmbm\/wp-json\/wp\/v2\/comments?post=27362"}],"version-history":[{"count":4,"href":"https:\/\/www.faustyna.pl\/zmbm\/wp-json\/wp\/v2\/pages\/27362\/revisions"}],"predecessor-version":[{"id":27367,"href":"https:\/\/www.faustyna.pl\/zmbm\/wp-json\/wp\/v2\/pages\/27362\/revisions\/27367"}],"wp:featuredmedia":[{"embeddable":true,"href":"https:\/\/www.faustyna.pl\/zmbm\/wp-json\/wp\/v2\/media\/27363"}],"wp:attachment":[{"href":"https:\/\/www.faustyna.pl\/zmbm\/wp-json\/wp\/v2\/media?parent=27362"}],"wp:term":[{"taxonomy":"category","embeddable":true,"href":"https:\/\/www.faustyna.pl\/zmbm\/wp-json\/wp\/v2\/categories?post=27362"},{"taxonomy":"post_tag","embeddable":true,"href":"https:\/\/www.faustyna.pl\/zmbm\/wp-json\/wp\/v2\/tags?post=27362"}],"curies":[{"name":"wp","href":"https:\/\/api.w.org\/{rel}","templated":true}]}}