



{"id":28114,"date":"2024-02-08T10:12:06","date_gmt":"2024-02-08T09:12:06","guid":{"rendered":"https:\/\/www.faustyna.pl\/zmbm\/?page_id=28114"},"modified":"2024-04-04T10:56:43","modified_gmt":"2024-04-04T08:56:43","slug":"miejsce-ktore-wybral-bog","status":"publish","type":"page","link":"https:\/\/www.faustyna.pl\/zmbm\/miejsce-ktore-wybral-bog\/","title":{"rendered":"Miejsce, kt\u00f3re wybra\u0142 B\u00f3g"},"content":{"rendered":"<p><a href=\"https:\/\/www.faustyna.pl\/zmbm\/wp-content\/uploads\/2024\/02\/Sanktuarium_Bozeg0_Milosierdzia_Krakow-Lagiewniki.jpg\" data-gallery><img loading=\"lazy\" decoding=\"async\" class=\"alignnone wp-image-28170 size-medium\" src=\"https:\/\/www.faustyna.pl\/zmbm\/wp-content\/uploads\/2024\/02\/Sanktuarium_Bozeg0_Milosierdzia_Krakow-Lagiewniki-560x334.jpg\" alt=\"\" width=\"560\" height=\"334\" srcset=\"https:\/\/www.faustyna.pl\/zmbm\/wp-content\/uploads\/2024\/02\/Sanktuarium_Bozeg0_Milosierdzia_Krakow-Lagiewniki-560x334.jpg 560w, https:\/\/www.faustyna.pl\/zmbm\/wp-content\/uploads\/2024\/02\/Sanktuarium_Bozeg0_Milosierdzia_Krakow-Lagiewniki-140x83.jpg 140w, https:\/\/www.faustyna.pl\/zmbm\/wp-content\/uploads\/2024\/02\/Sanktuarium_Bozeg0_Milosierdzia_Krakow-Lagiewniki.jpg 1024w\" sizes=\"auto, (max-width: 560px) 100vw, 560px\" \/><\/a><\/p>\n<p style=\"text-align: right;\"><span style=\"color: #800000;\"><em>Mapa Sanktuarium pod tekstem<\/em><\/span><\/p>\n<p style=\"text-align: justify;\">Serdecznie witamy w stolicy kultu Mi\u0142osierdzia Bo\u017cego \u2013 w Sanktuarium Bo\u017cego Mi\u0142osierdzia w Krakowie-\u0141agiewnikach: miejscu wybranym przez Boga, miejscu objawie\u0144 i cud\u00f3w, miejscu pielgrzymowania ludzi z ca\u0142ego \u015bwiata. Cho\u0107 to Sanktuarium jest stosunkowo m\u0142ode, to jednak zajmuje bardzo wa\u017cne miejsce na mapie religijnej \u015bwiata. Nale\u017cy bowiem do 30 najwi\u0119kszych o\u015brodk\u00f3w kultu wszystkich religii.<\/p>\n<p style=\"text-align: justify;\">Jest to przede wszystkim <strong>miejsce, kt\u00f3re wybra\u0142 sam B\u00f3g<\/strong>, bo tutaj wraz ze \u015bmierci\u0105 Siostry Faustyny Kowalskiej z\u0142o\u017cy\u0142 ca\u0142e jej duchowe dziedzictwo i st\u0105d or\u0119dzie Mi\u0142osierdzia, kt\u00f3re jej przekaza\u0142 Jezus, rozchodzi si\u0119 na ca\u0142y \u015bwiat. <em>Cho\u0107 ka\u017cdy czas i ca\u0142y \u015bwiat mo\u017cna uwa\u017ca\u0107 za Jego \u201e\u015bwi\u0105tyni\u0119\u201d, to jednak s\u0105 czasy i s\u0105 miejsca, kt\u00f3re B\u00f3g obiera, aby w nich w spos\u00f3b szczeg\u00f3lny ludzie do\u015bwiadczali Jego obecno\u015bci i Jego \u0142aski \u2013 <\/em>powiedzia\u0142 \u015bw. Jan Pawe\u0142 II i doda\u0142, \u017ce w\u0142a\u015bnie takim miejscem jest Sanktuarium w \u0141agiewnikach.<\/p>\n<p style=\"text-align: justify;\"><strong>To Sanktuarium jest tak\u017ce miejscem objawie\u0144<\/strong>, gdy\u017c Siostra Faustyna mia\u0142a ich tutaj ponad 280. Tu ka\u017cde miejsce, nawet tak prozaiczne jak zakonna cela, korytarz, furta, ogr\u00f3d\u2026, pami\u0119taj\u0105 jej spotkania z Jezusem, Matk\u0105 Bo\u017c\u0105, anio\u0142ami, \u015bwi\u0119tymi czy duszami cierpi\u0105cymi w czy\u015b\u0107cu. Wystarczy tylko przekroczy\u0107 bramy posesji, by si\u0119 dowiedzie\u0107, \u017ce strzeg\u0142 jej Anio\u0142, gdy przy furcie pracowa\u0142a Siostra Faustyna, a w postaci ubogiego m\u0142odzie\u0144ca przyszed\u0142 do niej sam Jezus, by poprosi\u0107 o ciep\u0142y posi\u0142ek.<\/p>\n<p style=\"text-align: justify;\">Jest to tak\u017ce <strong>miejsce wielu cud\u00f3w<\/strong>, kt\u00f3re tutaj wypraszaj\u0105 ludzie, gdy na modlitwie z ufno\u015bci\u0105 zwracaj\u0105 si\u0119 do Mi\u0142osierdzia Bo\u017cego i prosz\u0105 o wstawiennictwo \u015bw. Siostr\u0119 Faustyn\u0119. \u015awiadcz\u0105 o tym cho\u0107by bardzo liczne wota i \u015bwiadectwa przes\u0142ane na adres klasztoru, kt\u00f3rych ka\u017cdego roku jest kilkadziesi\u0105t tysi\u0119cy. Mo\u017cna wi\u0119c do tego miejsca odnie\u015b\u0107 s\u0142owa Boga, kt\u00f3re wypowiedzia\u0142 do Moj\u017cesza: <em>Zdejm sanda\u0142y, bo ziemia na kt\u00f3rej stoisz, \u015bwi\u0119ta jest<\/em>.<\/p>\n<p style=\"text-align: justify;\">Wreszcie \u0141agiewniki s\u0105 <strong>miejscem, do kt\u00f3rego zd\u0105\u017caj\u0105 pielgrzymki<\/strong> z ca\u0142ego \u015bwiata. Pod wzgl\u0119dem ilo\u015bci kraj\u00f3w to Sanktuarium nale\u017cy do \u015bcis\u0142ej \u015bwiatowej czo\u0142\u00f3wki, gdy\u017c ka\u017cdego roku nawiedzaj\u0105 to miejsce pielgrzymi z oko\u0142o 90-100 kraj\u00f3w ze wszystkich kontynent\u00f3w. A ka\u017cdego tygodnia miliony ludzi pielgrzymuj\u0105 tutaj wirtualnie przez transmisje telewizyjne, radiowe, internetowe i on-line.<\/p>\n<p><a href=\"https:\/\/www.faustyna.pl\/zmbm\/wp-content\/uploads\/2024\/02\/1.jpg\" data-gallery><img loading=\"lazy\" decoding=\"async\" class=\"wp-image-28491 size-medium aligncenter\" src=\"https:\/\/www.faustyna.pl\/zmbm\/wp-content\/uploads\/2024\/02\/1-502x400.jpg\" alt=\"\" width=\"502\" height=\"400\" srcset=\"https:\/\/www.faustyna.pl\/zmbm\/wp-content\/uploads\/2024\/02\/1-502x400.jpg 502w, https:\/\/www.faustyna.pl\/zmbm\/wp-content\/uploads\/2024\/02\/1-1024x816.jpg 1024w, https:\/\/www.faustyna.pl\/zmbm\/wp-content\/uploads\/2024\/02\/1-140x111.jpg 140w, https:\/\/www.faustyna.pl\/zmbm\/wp-content\/uploads\/2024\/02\/1-1536x1223.jpg 1536w, https:\/\/www.faustyna.pl\/zmbm\/wp-content\/uploads\/2024\/02\/1.jpg 2048w\" sizes=\"auto, (max-width: 502px) 100vw, 502px\" \/><\/a><\/p>\n<ol>\n<li><a href=\"https:\/\/www.faustyna.pl\/zmbm\/miejsce-ktore-wybral-bog\/\">G\u0142\u00f3wne wej\u015bcie do Sanktuarium<\/a><\/li>\n<li><a href=\"https:\/\/www.faustyna.pl\/zmbm\/dom-sw-siostry-faustyny-dawna-furta\/\">\u201e<\/a><a href=\"https:\/\/www.faustyna.pl\/zmbm\/dom-sw-siostry-faustyny-dawna-furta\/\">Dom \u015bw. Siostry Faustyny\u201d <\/a>\u2013<a href=\"https:\/\/domsiostryfaustyny.pl\/pokoje-goscinne\/\"> noclegi<\/a>, muzeum<\/li>\n<li><a href=\"https:\/\/www.faustyna.pl\/zmbm\/klasztor\/\">Klasztor<\/a><\/li>\n<li><a href=\"https:\/\/www.faustyna.pl\/zmbm\/antoninek-2\/\">\u201eAntoninek\u201d <\/a>\u2013 <a href=\"https:\/\/www.faustinum.pl\/pl\/pl-2\/\">stowarzyszenie \u201eFaustinum\u201d<\/a><\/li>\n<li>\n<h4><span style=\"color: #800000;\"><a style=\"color: #800000;\" href=\"https:\/\/www.faustyna.pl\/zmbm\/kaplica-jezusa-milosiernego-i-grobu-sw-faustyny\/\">Kaplica Jezusa Mi\u0142osiernego i grobu \u015bw. Faustyny<\/a><\/span><\/h4>\n<\/li>\n<li><a href=\"https:\/\/www.faustyna.pl\/zmbm\/oratorium-miejsce-smierci-sw-faustyny\/\">Oratorium<\/a> \u2013 miejsce \u015bmierci \u015bw. Faustyny<\/li>\n<li><a href=\"https:\/\/www.faustyna.pl\/zmbm\/kaplica-meki-panskiej\/\">Kaplica M\u0119ki Pa\u0144skiej<\/a><\/li>\n<li><a href=\"https:\/\/www.faustyna.pl\/zmbm\/bazylika-bozego-milosierdzia\/\">Bazylika Bo\u017cego Mi\u0142osierdzia<\/a><\/li>\n<li><a href=\"https:\/\/www.faustyna.pl\/zmbm\/kaplica-sw-siostry-faustyny-wloska\/\">Kaplica \u015bw. Siostry Faustyny<\/a> \u2013 w\u0142oska<\/li>\n<li><a href=\"https:\/\/www.faustyna.pl\/zmbm\/kaplica-communio-sanctorum-wegierska\/\">Kaplica Communio Sanctorum<\/a> \u2013 w\u0119gierska<\/li>\n<li><a href=\"https:\/\/www.faustyna.pl\/zmbm\/kaplica-sw-andrzeja-grekokatolicka\/\">Kaplica \u015bw. Andrzeja<\/a> \u2013 grekokatolicka<\/li>\n<li><a href=\"https:\/\/www.faustyna.pl\/zmbm\/kaplica-swietego-krzyza-niemiecka\/\">Kaplica \u015awi\u0119tego Krzy\u017ca<\/a> \u2013 niemiecka<\/li>\n<li><a href=\"https:\/\/www.faustyna.pl\/zmbm\/kaplica-matki-boskiej-siedmiobolesnej-slowacka\/\">Kaplica Matki Boskiej Siedmiobolesnej<\/a> \u2013 s\u0142owacka<\/li>\n<li><a href=\"https:\/\/www.faustyna.pl\/zmbm\/kaplica-wieczystej-adoracji-3\/\">Kaplica Wieczystej Adoracji<\/a><\/li>\n<li><a href=\"https:\/\/www.faustyna.pl\/zmbm\/wieza-widokowa\/\">Wie\u017ca widokowa<\/a><\/li>\n<li><a href=\"https:\/\/www.faustyna.pl\/zmbm\/cmentarz-zakonny\/\">Cmentarz zakonny<\/a><\/li>\n<li><a href=\"https:\/\/www.faustyna.pl\/zmbm\/dom-sw-siostry-faustyny-restauracja\/\">\u201e<\/a><a href=\"https:\/\/domsiostryfaustyny.pl\/restauracja\/\">Dom \u015bw. Siostry Faustyny\u201d \u2013 restauracja<\/a>, pami\u0105tki, prelekcje<\/li>\n<li>Dom duszpasterski \u2013 noclegi, restauracja<\/li>\n<li>M\u0142odzie\u017cowy O\u015brodek Wychowawczy im. \u015bw. Siostry Faustyny<\/li>\n<li>Punkt informacyjny<\/li>\n<li>Pasa\u017c handlowy \u2013 <a href=\"https:\/\/www.misericordia.faustyna.net\/\">sklep wydawnictwa Misericordia<\/a><\/li>\n<li>Aula \u015bw. Jana Paw\u0142a II<\/li>\n<li>Parking \u2013 samochody osobowe<\/li>\n<li>Parking \u2013 autokary i samochody osobowe<\/li>\n<li>Toalety<\/li>\n<li>Most Mi\u0142osierdzia \u2013 przej\u015bcie do Sanktuarium \u015bw. Jana Paw\u0142a II i na przystanek\u00a0\u00a0 tramwajowy.<\/li>\n<\/ol>\n","protected":false},"excerpt":{"rendered":"<p>Mapa Sanktuarium pod tekstem Serdecznie witamy w stolicy kultu Mi\u0142osierdzia Bo\u017cego \u2013 w Sanktuarium Bo\u017cego Mi\u0142osierdzia w Krakowie-\u0141agiewnikach: miejscu wybranym przez Boga, miejscu objawie\u0144 i cud\u00f3w, miejscu pielgrzymowania ludzi z ca\u0142ego \u015bwiata. Cho\u0107 to Sanktuarium jest stosunkowo m\u0142ode, to jednak zajmuje bardzo wa\u017cne miejsce na mapie religijnej \u015bwiata. Nale\u017cy bowiem do 30 najwi\u0119kszych o\u015brodk\u00f3w kultu [&hellip;]<\/p>\n","protected":false},"author":1,"featured_media":0,"parent":0,"menu_order":0,"comment_status":"closed","ping_status":"closed","template":"","meta":{"footnotes":""},"categories":[130643],"tags":[],"class_list":["post-28114","page","type-page","status-publish","hentry","category-qrkod"],"_links":{"self":[{"href":"https:\/\/www.faustyna.pl\/zmbm\/wp-json\/wp\/v2\/pages\/28114","targetHints":{"allow":["GET"]}}],"collection":[{"href":"https:\/\/www.faustyna.pl\/zmbm\/wp-json\/wp\/v2\/pages"}],"about":[{"href":"https:\/\/www.faustyna.pl\/zmbm\/wp-json\/wp\/v2\/types\/page"}],"author":[{"embeddable":true,"href":"https:\/\/www.faustyna.pl\/zmbm\/wp-json\/wp\/v2\/users\/1"}],"replies":[{"embeddable":true,"href":"https:\/\/www.faustyna.pl\/zmbm\/wp-json\/wp\/v2\/comments?post=28114"}],"version-history":[{"count":38,"href":"https:\/\/www.faustyna.pl\/zmbm\/wp-json\/wp\/v2\/pages\/28114\/revisions"}],"predecessor-version":[{"id":28861,"href":"https:\/\/www.faustyna.pl\/zmbm\/wp-json\/wp\/v2\/pages\/28114\/revisions\/28861"}],"wp:attachment":[{"href":"https:\/\/www.faustyna.pl\/zmbm\/wp-json\/wp\/v2\/media?parent=28114"}],"wp:term":[{"taxonomy":"category","embeddable":true,"href":"https:\/\/www.faustyna.pl\/zmbm\/wp-json\/wp\/v2\/categories?post=28114"},{"taxonomy":"post_tag","embeddable":true,"href":"https:\/\/www.faustyna.pl\/zmbm\/wp-json\/wp\/v2\/tags?post=28114"}],"curies":[{"name":"wp","href":"https:\/\/api.w.org\/{rel}","templated":true}]}}