



{"id":28142,"date":"2024-02-08T10:20:44","date_gmt":"2024-02-08T09:20:44","guid":{"rendered":"https:\/\/www.faustyna.pl\/zmbm\/?page_id=28142"},"modified":"2024-04-04T11:06:58","modified_gmt":"2024-04-04T09:06:58","slug":"kaplica-wieczystej-adoracji-3","status":"publish","type":"page","link":"https:\/\/www.faustyna.pl\/zmbm\/kaplica-wieczystej-adoracji-3\/","title":{"rendered":"Kaplica Wieczystej Adoracji"},"content":{"rendered":"<p style=\"text-align: justify;\"><img loading=\"lazy\" decoding=\"async\" class=\"alignnone size-medium wp-image-28217\" src=\"https:\/\/www.faustyna.pl\/zmbm\/wp-content\/uploads\/2024\/02\/Kaplica_Wieczystej_Adoracji_Lagiewniki-560x334.jpg\" alt=\"\" width=\"560\" height=\"334\" srcset=\"https:\/\/www.faustyna.pl\/zmbm\/wp-content\/uploads\/2024\/02\/Kaplica_Wieczystej_Adoracji_Lagiewniki-560x334.jpg 560w, https:\/\/www.faustyna.pl\/zmbm\/wp-content\/uploads\/2024\/02\/Kaplica_Wieczystej_Adoracji_Lagiewniki-140x83.jpg 140w, https:\/\/www.faustyna.pl\/zmbm\/wp-content\/uploads\/2024\/02\/Kaplica_Wieczystej_Adoracji_Lagiewniki.jpg 1024w\" sizes=\"auto, (max-width: 560px) 100vw, 560px\" \/><\/p>\n<p style=\"text-align: right;\"><span style=\"color: #993300;\"><em><strong>Mapa Sanktuarium pod tekstem<\/strong><\/em><\/span><\/p>\n<p style=\"text-align: justify;\">Obok bazyliki znajduje si\u0119 Kaplica Wieczystej Adoracji, zbudowana wed\u0142ug projektu Witolda C\u0119ckiewicza. Przypomina rotund\u0119 z przeszklonymi od g\u00f3ry do do\u0142u oknami witra\u017cowymi z elementami kwiatowymi. W centralnym miejscu ustawiony jest o\u0142tarz w kszta\u0142cie p\u0142on\u0105cego ognia, w kt\u00f3rym jest umieszczona monstrancja. Nad ni\u0105 p\u0142onie wieczysta lampka z ogniem Mi\u0142osierdzia, kt\u00f3ry w 2003 roku zapali\u0142 papie\u017c Jan Pawe\u0142 II na znak rozchodz\u0105cego si\u0119 z tego miejsca na ca\u0142y \u015bwiat or\u0119dzia o Bo\u017cym mi\u0142osierdziu. Kaplica zosta\u0142a po\u015bwi\u0119cona przez kard. Franciszka Macharskiego w \u015awi\u0119to Mi\u0142osierdzia 2004 roku i w\u00f3wczas rozpocz\u0119\u0142a si\u0119 ca\u0142odzienna adoracja Naj\u015bwi\u0119tszego Sakramentu. Rok p\u00f3\u017aniej spe\u0142ni\u0142o si\u0119 pragnienie papie\u017ca Jana Paw\u0142a II, zwi\u0105zane z wieczyst\u0105 adoracj\u0105 Naj\u015bwi\u0119tszego Sakramentu w tym Sanktuarium. W li\u015bcie przygotowanym na \u015awi\u0119to Mi\u0142osierdzia na dwa dni przed swoj\u0105 \u015bmierci\u0105, wi\u0119c jakby w testamencie, napisa\u0142: <em>Ciesz\u0119 si\u0119, \u017ce w t\u0119 niedziel\u0119 rozpocznie si\u0119 wieczysta adoracja Naj\u015bwi\u0119tszego Sakramentu. Nic tak jak eucharystyczna obecno\u015b\u0107 Pana nie uobecnia dzie\u0142a mi\u0142osierdzia, jakie dokona\u0142o si\u0119 przez Krzy\u017c i Zmartwychwstanie. Niech zatem ta obecno\u015b\u0107 b\u0119dzie dla wszystkich pielgrzym\u00f3w \u017ar\u00f3d\u0142em mocy i nadziei<\/em>. Od tamtej pory \u0142agiewnickie Sanktuarium otwarte jest w dzie\u0144 i w nocy, a pielgrzymi modl\u0105 si\u0119 przed Naj\u015bwi\u0119tszym Sakramentem, wypraszaj\u0105c mi\u0142osierdzie Bo\u017ce dla siebie, Ko\u015bcio\u0142a \u015bwi\u0119tego, naszej Ojczyzny i ca\u0142ego \u015bwiata.<\/p>\n<p style=\"text-align: justify;\"><em>Ujrza\u0142am Pana Jezusa wystawionego w monstrancji<\/em>\u00a0\u2013 wyzna\u0142a Siostra Faustyna \u2013\u00a0<em>na miejscu monstrancji widzia\u0142am chwalebne oblicze Pana i powiedzia\u0142 mi Pan: \u201eCo ty widzisz w rzeczywisto\u015bci, dusze te widz\u0105 przez wiar\u0119\u201d<\/em>\u00a0(Dz. 1420). Ka\u017cd\u0105 woln\u0105 chwil\u0119 sp\u0119dza\u0142a wi\u0119c u st\u00f3p Jezusa w Naj\u015bwi\u0119tszym Sakramencie, bo On by\u0142 jej Mistrzem. \u00a0<em>O wszystko si\u0119 Go pytam \u2013 <\/em>pisa\u0142a<em> \u2013 o wszystkim Mu m\u00f3wi\u0119, tu czerpi\u0119 si\u0142\u0119 i \u015bwiat\u0142o, tu ucz\u0119 si\u0119 wszystkiego, tu mi przychodz\u0105 \u015bwiat\u0142a, jak post\u0119powa\u0107 z bli\u017animi<\/em> (Dz. 704).<\/p>\n<p style=\"text-align: justify;\">Do\u015bwiadczenie duchowe \u015bw. Faustyny pozwala lepiej zrozumie\u0107 tajemnic\u0119 mi\u0142osierdzia Bo\u017cego w Eucharystii, sakramentach \u015bw., s\u0142owie Bo\u017cym i Ko\u015bciele \u015bwi\u0119tym, kt\u00f3ry kocha\u0142a jak matk\u0119 i Mistyczne Cia\u0142o Chrystusa. Dlatego m\u00f3wi\u0142a, \u017ce odbija si\u0119 w nim ka\u017cdy dobry gest wierz\u0105cego, nawet tak niewielki jak u\u015bmiech czy poruszenie r\u0119ki, oraz ka\u017cda jego niewierno\u015b\u0107 i grzech. <em>O, jak\u00a0 bardzo kocham\u00a0 Ko\u015bci\u00f3\u0142 \u015bwi\u0119ty i wszystkich w nim \u017cyj\u0105cych<\/em>\u00a0\u2013 wyznawa\u0142a \u2013\u00a0<em>patrz\u0119 na nich jako na \u017cywe cz\u0142onki Chrystusa, kt\u00f3ry\u00a0 jest g\u0142ow\u0105 ich.\u00a0 Zapalam\u00a0 si\u0119 mi\u0142o\u015bci\u0105 z mi\u0142uj\u0105cymi, cierpi\u0119 z cierpi\u0105cymi, b\u00f3l mnie trawi, patrz\u0105c na ozi\u0119b\u0142ych i niewdzi\u0119cznych; wtenczas staram si\u0119 o tak\u0105 mi\u0142o\u015b\u0107 ku Bogu, aby Mu wynagrodzi\u0107 za tych, kt\u00f3rzy Go nie mi\u0142uj\u0105<\/em>\u00a0(Dz. 481).<\/p>\n<p>Od 2021 roku z Kaplicy Wieczystej Adoracji prowadzona jest <a href=\"https:\/\/www.misericordia.eu\/pl\/wieczysta-adoracja-live\/\">ca\u0142odobowa transmisja.<\/a><\/p>\n<p><a href=\"https:\/\/www.faustyna.pl\/zmbm\/wp-content\/uploads\/2024\/02\/14.jpg\" data-gallery><img loading=\"lazy\" decoding=\"async\" class=\"wp-image-28445 size-medium aligncenter\" src=\"https:\/\/www.faustyna.pl\/zmbm\/wp-content\/uploads\/2024\/02\/14-502x400.jpg\" alt=\"\" width=\"502\" height=\"400\" srcset=\"https:\/\/www.faustyna.pl\/zmbm\/wp-content\/uploads\/2024\/02\/14-502x400.jpg 502w, https:\/\/www.faustyna.pl\/zmbm\/wp-content\/uploads\/2024\/02\/14-1024x816.jpg 1024w, https:\/\/www.faustyna.pl\/zmbm\/wp-content\/uploads\/2024\/02\/14-140x111.jpg 140w, https:\/\/www.faustyna.pl\/zmbm\/wp-content\/uploads\/2024\/02\/14-1536x1223.jpg 1536w, https:\/\/www.faustyna.pl\/zmbm\/wp-content\/uploads\/2024\/02\/14.jpg 2048w\" sizes=\"auto, (max-width: 502px) 100vw, 502px\" \/><\/a><\/p>\n<ol>\n<li><a href=\"https:\/\/www.faustyna.pl\/zmbm\/miejsce-ktore-wybral-bog\/\">G\u0142\u00f3wne wej\u015bcie do Sanktuarium<\/a><\/li>\n<li><a href=\"https:\/\/www.faustyna.pl\/zmbm\/dom-sw-siostry-faustyny-dawna-furta\/\">\u201e<\/a><a href=\"https:\/\/www.faustyna.pl\/zmbm\/dom-sw-siostry-faustyny-dawna-furta\/\">Dom \u015bw. Siostry Faustyny<\/a>\u201d \u2013 <a href=\"https:\/\/domsiostryfaustyny.pl\/pokoje-goscinne\/\">noclegi<\/a>, muzeum<\/li>\n<li><a href=\"https:\/\/www.faustyna.pl\/zmbm\/klasztor\/\">Klasztor<\/a><\/li>\n<li><a href=\"https:\/\/www.faustyna.pl\/zmbm\/antoninek-2\/\">\u201eAntoninek\u201d <\/a>\u2013 <a href=\"https:\/\/www.faustinum.pl\/pl\/pl-2\/\">stowarzyszenie \u201eFaustinum\u201d<\/a><\/li>\n<li>\n<h4><span style=\"color: #800000;\"><a style=\"color: #800000;\" href=\"https:\/\/www.faustyna.pl\/zmbm\/kaplica-jezusa-milosiernego-i-grobu-sw-faustyny\/\">Kaplica Jezusa Mi\u0142osiernego i grobu \u015bw. Faustyny<\/a><\/span><\/h4>\n<\/li>\n<li><a href=\"https:\/\/www.faustyna.pl\/zmbm\/oratorium-miejsce-smierci-sw-faustyny\/\">Oratorium<\/a> \u2013 miejsce \u015bmierci \u015bw. Faustyny<\/li>\n<li><a href=\"https:\/\/www.faustyna.pl\/zmbm\/kaplica-meki-panskiej\/\">Kaplica M\u0119ki Pa\u0144skiej<\/a><\/li>\n<li><a href=\"https:\/\/www.faustyna.pl\/zmbm\/bazylika-bozego-milosierdzia\/\">Bazylika Bo\u017cego Mi\u0142osierdzia<\/a><\/li>\n<li><a href=\"https:\/\/www.faustyna.pl\/zmbm\/kaplica-sw-siostry-faustyny-wloska\/\">Kaplica \u015bw. Siostry Faustyny<\/a> \u2013 w\u0142oska<\/li>\n<li><a href=\"https:\/\/www.faustyna.pl\/zmbm\/kaplica-communio-sanctorum-wegierska\/\">Kaplica Communio Sanctorum<\/a> \u2013 w\u0119gierska<\/li>\n<li><a href=\"https:\/\/www.faustyna.pl\/zmbm\/kaplica-sw-andrzeja-grekokatolicka\/\">Kaplica \u015bw. Andrzeja<\/a> \u2013 grekokatolicka<\/li>\n<li><a href=\"https:\/\/www.faustyna.pl\/zmbm\/kaplica-swietego-krzyza-niemiecka\/\">Kaplica \u015awi\u0119tego Krzy\u017ca<\/a> \u2013 niemiecka<\/li>\n<li><a href=\"https:\/\/www.faustyna.pl\/zmbm\/kaplica-matki-boskiej-siedmiobolesnej-slowacka\/\">Kaplica Matki Boskiej Siedmiobolesnej<\/a> \u2013 s\u0142owacka<\/li>\n<li><a href=\"https:\/\/www.faustyna.pl\/zmbm\/kaplica-wieczystej-adoracji-3\/\">Kaplica Wieczystej Adoracji<\/a><\/li>\n<li><a href=\"https:\/\/www.faustyna.pl\/zmbm\/wieza-widokowa\/\">Wie\u017ca widokowa<\/a><\/li>\n<li><a href=\"https:\/\/www.faustyna.pl\/zmbm\/cmentarz-zakonny\/\">Cmentarz zakonny<\/a><\/li>\n<li><a href=\"https:\/\/www.faustyna.pl\/zmbm\/dom-sw-siostry-faustyny-restauracja\/\">\u201e<\/a><a href=\"https:\/\/domsiostryfaustyny.pl\/restauracja\/\">Dom \u015bw. Siostry Faustyny\u201d \u2013 restauracja<\/a>, pami\u0105tki, prelekcje<\/li>\n<li>Dom duszpasterski \u2013 noclegi, restauracja<\/li>\n<li>M\u0142odzie\u017cowy O\u015brodek Wychowawczy im. \u015bw. Siostry Faustyny<\/li>\n<li>Punkt informacyjny<\/li>\n<li>Pasa\u017c handlowy \u2013 <a href=\"https:\/\/www.misericordia.faustyna.net\/\">sklep wydawnictwa Misericordia<\/a><\/li>\n<li>Aula \u015bw. Jana Paw\u0142a II<\/li>\n<li>Parking \u2013 samochody osobowe<\/li>\n<li>Parking \u2013 autokary i samochody osobowe<\/li>\n<li>Toalety<\/li>\n<li>Most Mi\u0142osierdzia \u2013 przej\u015bcie do Sanktuarium \u015bw. Jana Paw\u0142a II i na przystanek\u00a0\u00a0 tramwajowy.<\/li>\n<\/ol>\n","protected":false},"excerpt":{"rendered":"<p>Mapa Sanktuarium pod tekstem Obok bazyliki znajduje si\u0119 Kaplica Wieczystej Adoracji, zbudowana wed\u0142ug projektu Witolda C\u0119ckiewicza. Przypomina rotund\u0119 z przeszklonymi od g\u00f3ry do do\u0142u oknami witra\u017cowymi z elementami kwiatowymi. W centralnym miejscu ustawiony jest o\u0142tarz w kszta\u0142cie p\u0142on\u0105cego ognia, w kt\u00f3rym jest umieszczona monstrancja. Nad ni\u0105 p\u0142onie wieczysta lampka z ogniem Mi\u0142osierdzia, kt\u00f3ry w 2003 [&hellip;]<\/p>\n","protected":false},"author":1,"featured_media":0,"parent":0,"menu_order":0,"comment_status":"closed","ping_status":"closed","template":"","meta":{"footnotes":""},"categories":[130643],"tags":[],"class_list":["post-28142","page","type-page","status-publish","hentry","category-qrkod"],"_links":{"self":[{"href":"https:\/\/www.faustyna.pl\/zmbm\/wp-json\/wp\/v2\/pages\/28142","targetHints":{"allow":["GET"]}}],"collection":[{"href":"https:\/\/www.faustyna.pl\/zmbm\/wp-json\/wp\/v2\/pages"}],"about":[{"href":"https:\/\/www.faustyna.pl\/zmbm\/wp-json\/wp\/v2\/types\/page"}],"author":[{"embeddable":true,"href":"https:\/\/www.faustyna.pl\/zmbm\/wp-json\/wp\/v2\/users\/1"}],"replies":[{"embeddable":true,"href":"https:\/\/www.faustyna.pl\/zmbm\/wp-json\/wp\/v2\/comments?post=28142"}],"version-history":[{"count":12,"href":"https:\/\/www.faustyna.pl\/zmbm\/wp-json\/wp\/v2\/pages\/28142\/revisions"}],"predecessor-version":[{"id":28893,"href":"https:\/\/www.faustyna.pl\/zmbm\/wp-json\/wp\/v2\/pages\/28142\/revisions\/28893"}],"wp:attachment":[{"href":"https:\/\/www.faustyna.pl\/zmbm\/wp-json\/wp\/v2\/media?parent=28142"}],"wp:term":[{"taxonomy":"category","embeddable":true,"href":"https:\/\/www.faustyna.pl\/zmbm\/wp-json\/wp\/v2\/categories?post=28142"},{"taxonomy":"post_tag","embeddable":true,"href":"https:\/\/www.faustyna.pl\/zmbm\/wp-json\/wp\/v2\/tags?post=28142"}],"curies":[{"name":"wp","href":"https:\/\/api.w.org\/{rel}","templated":true}]}}