



{"id":28756,"date":"2024-03-23T16:50:10","date_gmt":"2024-03-23T15:50:10","guid":{"rendered":"https:\/\/www.faustyna.pl\/zmbm\/?page_id=28756"},"modified":"2026-04-30T20:24:01","modified_gmt":"2026-04-30T18:24:01","slug":"nabozenstwa-kwietniowe-4","status":"publish","type":"page","link":"https:\/\/www.faustyna.pl\/zmbm\/nabozenstwa-kwietniowe-4\/","title":{"rendered":"Nabo\u017ce\u0144stwa kwietniowe"},"content":{"rendered":"<p><a href=\"https:\/\/www.faustyna.pl\/zmbm\/wp-content\/uploads\/2025\/03\/Milosierdzie-Wcielone.jpg\" data-gallery><img loading=\"lazy\" decoding=\"async\" class=\"size-medium wp-image-30505 alignnone\" src=\"https:\/\/www.faustyna.pl\/zmbm\/wp-content\/uploads\/2025\/03\/Milosierdzie-Wcielone-560x334.jpg\" alt=\"\" width=\"560\" height=\"334\" srcset=\"https:\/\/www.faustyna.pl\/zmbm\/wp-content\/uploads\/2025\/03\/Milosierdzie-Wcielone-560x334.jpg 560w, https:\/\/www.faustyna.pl\/zmbm\/wp-content\/uploads\/2025\/03\/Milosierdzie-Wcielone-140x83.jpg 140w, https:\/\/www.faustyna.pl\/zmbm\/wp-content\/uploads\/2025\/03\/Milosierdzie-Wcielone.jpg 1024w\" sizes=\"auto, (max-width: 560px) 100vw, 560px\" \/><\/a><\/p>\n<p style=\"text-align: justify\">W kwietniu we wszystkich kaplicach Zgromadzenia Si\u00f3str Matki Bo\u017cej Mi\u0142osierdzia, tak\u017ce w kaplicy z \u0142askami s\u0142yn\u0105cym obrazem Jezusa Mi\u0142osiernego i grobem \u015bw. Faustyny w Sanktuarium w Krakowie-\u0141agiewnikach, odprawiane s\u0105 wieczorne nabo\u017ce\u0144stwa ku czci Mi\u0142osierdzia Bo\u017cego, w czasie kt\u00f3rych \u015bpiewania jest <a href=\"https:\/\/www.faustyna.pl\/zmbm\/litania-do-milosierdzia-bozego\/\">Litania do Mi\u0142osierdzia Bo\u017cego<\/a>. Wezwania litanijne zapisa\u0142a \u015bw. Siostra Faustyna w swym \u201eDzienniczku\u201d i na ich podstawie jej wile\u0144ski spowiednik b\u0142. ks. Micha\u0142 Sopo\u0107ko u\u0142o\u017cy\u0142 t\u0119 Litani\u0119. Modl\u0105c si\u0119 jej s\u0142owami nie tylko uwielbiamy Mi\u0142osierdzie Bo\u017ce, ale tak\u017ce lepiej mo\u017cemy poznawa\u0107 tajemnic\u0119 mi\u0142osiernej mi\u0142o\u015bci Boga, kt\u00f3ra towarzyszy cz\u0142owiekowi we wszystkich wymiarach jego ziemskiego \u017cycia, towarzyszy mu zawsze i wsz\u0119dzie.<\/p>\n<p><a href=\"https:\/\/www.faustyna.pl\/zmbm\/litania-do-milosierdzia-bozego-2\/\">Plik audio &#8211; Litania \u015bpiewana<\/a><\/p>\n","protected":false},"excerpt":{"rendered":"<p>W kwietniu we wszystkich kaplicach Zgromadzenia Si\u00f3str Matki Bo\u017cej Mi\u0142osierdzia, tak\u017ce w kaplicy z \u0142askami s\u0142yn\u0105cym obrazem Jezusa Mi\u0142osiernego i grobem \u015bw. Faustyny w Sanktuarium w Krakowie-\u0141agiewnikach, odprawiane s\u0105 wieczorne nabo\u017ce\u0144stwa ku czci Mi\u0142osierdzia Bo\u017cego, w czasie kt\u00f3rych \u015bpiewania jest Litania do Mi\u0142osierdzia Bo\u017cego. Wezwania litanijne zapisa\u0142a \u015bw. Siostra Faustyna w swym \u201eDzienniczku\u201d i na [&hellip;]<\/p>\n","protected":false},"author":1,"featured_media":30505,"parent":0,"menu_order":-1742,"comment_status":"closed","ping_status":"closed","template":"","meta":{"footnotes":""},"categories":[104],"tags":[],"class_list":["post-28756","page","type-page","status-publish","has-post-thumbnail","hentry","category-archiwum"],"_links":{"self":[{"href":"https:\/\/www.faustyna.pl\/zmbm\/wp-json\/wp\/v2\/pages\/28756","targetHints":{"allow":["GET"]}}],"collection":[{"href":"https:\/\/www.faustyna.pl\/zmbm\/wp-json\/wp\/v2\/pages"}],"about":[{"href":"https:\/\/www.faustyna.pl\/zmbm\/wp-json\/wp\/v2\/types\/page"}],"author":[{"embeddable":true,"href":"https:\/\/www.faustyna.pl\/zmbm\/wp-json\/wp\/v2\/users\/1"}],"replies":[{"embeddable":true,"href":"https:\/\/www.faustyna.pl\/zmbm\/wp-json\/wp\/v2\/comments?post=28756"}],"version-history":[{"count":6,"href":"https:\/\/www.faustyna.pl\/zmbm\/wp-json\/wp\/v2\/pages\/28756\/revisions"}],"predecessor-version":[{"id":30507,"href":"https:\/\/www.faustyna.pl\/zmbm\/wp-json\/wp\/v2\/pages\/28756\/revisions\/30507"}],"wp:featuredmedia":[{"embeddable":true,"href":"https:\/\/www.faustyna.pl\/zmbm\/wp-json\/wp\/v2\/media\/30505"}],"wp:attachment":[{"href":"https:\/\/www.faustyna.pl\/zmbm\/wp-json\/wp\/v2\/media?parent=28756"}],"wp:term":[{"taxonomy":"category","embeddable":true,"href":"https:\/\/www.faustyna.pl\/zmbm\/wp-json\/wp\/v2\/categories?post=28756"},{"taxonomy":"post_tag","embeddable":true,"href":"https:\/\/www.faustyna.pl\/zmbm\/wp-json\/wp\/v2\/tags?post=28756"}],"curies":[{"name":"wp","href":"https:\/\/api.w.org\/{rel}","templated":true}]}}