



{"id":28993,"date":"2024-04-20T14:25:38","date_gmt":"2024-04-20T12:25:38","guid":{"rendered":"https:\/\/www.faustyna.pl\/zmbm\/?page_id=28993"},"modified":"2026-04-28T20:24:37","modified_gmt":"2026-04-28T18:24:37","slug":"rocznica-kanonizacji-sw-siostry-faustyny-2","status":"publish","type":"page","link":"https:\/\/www.faustyna.pl\/zmbm\/rocznica-kanonizacji-sw-siostry-faustyny-2\/","title":{"rendered":"Rocznica kanonizacji \u015bw. Siostry Faustyny"},"content":{"rendered":"<p><a href=\"https:\/\/www.faustyna.pl\/zmbm\/wp-content\/uploads\/2026\/04\/Siostra-Faustyna-i-bazylika-w-watykanie.jpg\" data-gallery><img loading=\"lazy\" decoding=\"async\" class=\"size-medium wp-image-32249 alignnone\" src=\"https:\/\/www.faustyna.pl\/zmbm\/wp-content\/uploads\/2026\/04\/Siostra-Faustyna-i-bazylika-w-watykanie-560x333.jpg\" alt=\"\" width=\"560\" height=\"333\" srcset=\"https:\/\/www.faustyna.pl\/zmbm\/wp-content\/uploads\/2026\/04\/Siostra-Faustyna-i-bazylika-w-watykanie-560x333.jpg 560w, https:\/\/www.faustyna.pl\/zmbm\/wp-content\/uploads\/2026\/04\/Siostra-Faustyna-i-bazylika-w-watykanie-140x83.jpg 140w, https:\/\/www.faustyna.pl\/zmbm\/wp-content\/uploads\/2026\/04\/Siostra-Faustyna-i-bazylika-w-watykanie.jpg 1024w\" sizes=\"auto, (max-width: 560px) 100vw, 560px\" \/><\/a><\/p>\n<p style=\"text-align: justify\">30 kwietnia br. przypada 26. rocznica kanonizacji Siostry Faustyny Kowalskiej ze Zgromadzenia Matki Bo\u017cej Mi\u0142osierdzia. Z tej okazji dzi\u0119kujemy za dar jej \u017cycia, szko\u0142\u0119 duchowo\u015bci i misj\u0119 g\u0142oszenia \u015bwiatu or\u0119dzia Mi\u0142osierdzia.<\/p>\n<p style=\"text-align: justify\">Kanonizacja mia\u0142a miejsce na placu \u015bw. Piotra w Rzymie i w Sanktuarium w Krakowie-\u0141agiewnikach w 2000 roku. Siostra Faustyna opisa\u0142a to wydarzenie z detalami ponad 60 lat wcze\u015bniej, pod koniec marca 1937 roku (Dz. 1044-10480. Kto by\u0142 uczestnikiem tych wydarze\u0144, wie, \u017ce ta wizja dok\u0142adnie si\u0119 spe\u0142ni\u0142a. W tym dniu Ojciec \u015awi\u0119ty Jan Pawe\u0142 II wprowadzi\u0142 \u015bwi\u0119to Mi\u0142osierdzia Bo\u017cego dla ca\u0142ego Ko\u015bcio\u0142a i or\u0119dzie Mi\u0142osierdzia przekazane przez \u015bw. Siostr\u0119 Faustyn\u0119 da\u0142 ca\u0142emu Ko\u015bcio\u0142owi na trzecie tysi\u0105clecie wiary. \u015awiadectwo cudownego uzdrowienia badane do kanonizacji, opis tego wydarzenia oraz kanonizacyjna homilia Ojca\u00a0 \u015awi\u0119tego na stronie: faustyna.pl. Codziennie dzi\u0119kujemy za ten \u201edar Boga dla naszych czas\u00f3w\u201d, jak o \u015bw. Faustynie i or\u0119dziu Mi\u0142osierdzia, kt\u00f3re przekaza\u0142a, powiedzia\u0142 \u015bw. Jan Pawe\u0142 II. W jej prorock\u0105 misj\u0119 g\u0142oszenia \u015bwiatu \u2013 przez \u015bwiadectwo \u017cycia, czyny, s\u0142owa i modlitw\u0119 \u2013 biblijnej prawdy o mi\u0142osiernej mi\u0142o\u015bci Boga w\u0142\u0105czaj\u0105 si\u0119 miliony ludzi na ca\u0142ym \u015bwiecie, tworz\u0105c Apostolski Ruch Bo\u017cego Mi\u0142osierdzia, czyli to \u201enowe zgromadzenie\u201d, kt\u00f3rego za\u0142o\u017cenia \u017c\u0105da\u0142 Jezus. Niech kolejna rocznica kanonizacji Aposto\u0142ki Bo\u017cego Mi\u0142osierdzia b\u0119dzie okazj\u0105 nie tylko do dzi\u0119kczynienia, ale tak\u017ce do zg\u0142\u0119biania jej niezwykle bogatego dziedzictwa.<\/p>\n<p><a href=\"https:\/\/www.faustyna.pl\/zmbm\/swieta-siostra-faustyna\/\">Wi\u0119cej w zak\u0142adce \u015bw. Siostra Faustyna<\/a>, na <a href=\"https:\/\/www.youtube.com\/user\/wwwfaustynapl\">You Tube w kanale: faustyna.pl<\/a><\/p>\n","protected":false},"excerpt":{"rendered":"<p>30 kwietnia br. przypada 26. rocznica kanonizacji Siostry Faustyny Kowalskiej ze Zgromadzenia Matki Bo\u017cej Mi\u0142osierdzia. Z tej okazji dzi\u0119kujemy za dar jej \u017cycia, szko\u0142\u0119 duchowo\u015bci i misj\u0119 g\u0142oszenia \u015bwiatu or\u0119dzia Mi\u0142osierdzia. Kanonizacja mia\u0142a miejsce na placu \u015bw. Piotra w Rzymie i w Sanktuarium w Krakowie-\u0141agiewnikach w 2000 roku. Siostra Faustyna opisa\u0142a to wydarzenie z detalami [&hellip;]<\/p>\n","protected":false},"author":1,"featured_media":32249,"parent":0,"menu_order":-1792,"comment_status":"closed","ping_status":"closed","template":"","meta":{"footnotes":""},"categories":[4],"tags":[],"class_list":["post-28993","page","type-page","status-publish","has-post-thumbnail","hentry","category-aktualnosci"],"_links":{"self":[{"href":"https:\/\/www.faustyna.pl\/zmbm\/wp-json\/wp\/v2\/pages\/28993","targetHints":{"allow":["GET"]}}],"collection":[{"href":"https:\/\/www.faustyna.pl\/zmbm\/wp-json\/wp\/v2\/pages"}],"about":[{"href":"https:\/\/www.faustyna.pl\/zmbm\/wp-json\/wp\/v2\/types\/page"}],"author":[{"embeddable":true,"href":"https:\/\/www.faustyna.pl\/zmbm\/wp-json\/wp\/v2\/users\/1"}],"replies":[{"embeddable":true,"href":"https:\/\/www.faustyna.pl\/zmbm\/wp-json\/wp\/v2\/comments?post=28993"}],"version-history":[{"count":6,"href":"https:\/\/www.faustyna.pl\/zmbm\/wp-json\/wp\/v2\/pages\/28993\/revisions"}],"predecessor-version":[{"id":32261,"href":"https:\/\/www.faustyna.pl\/zmbm\/wp-json\/wp\/v2\/pages\/28993\/revisions\/32261"}],"wp:featuredmedia":[{"embeddable":true,"href":"https:\/\/www.faustyna.pl\/zmbm\/wp-json\/wp\/v2\/media\/32249"}],"wp:attachment":[{"href":"https:\/\/www.faustyna.pl\/zmbm\/wp-json\/wp\/v2\/media?parent=28993"}],"wp:term":[{"taxonomy":"category","embeddable":true,"href":"https:\/\/www.faustyna.pl\/zmbm\/wp-json\/wp\/v2\/categories?post=28993"},{"taxonomy":"post_tag","embeddable":true,"href":"https:\/\/www.faustyna.pl\/zmbm\/wp-json\/wp\/v2\/tags?post=28993"}],"curies":[{"name":"wp","href":"https:\/\/api.w.org\/{rel}","templated":true}]}}