



{"id":6715,"date":"2016-03-07T10:03:35","date_gmt":"2016-03-07T09:03:35","guid":{"rendered":"https:\/\/www.faustyna.pl\/zmbm\/?page_id=6715"},"modified":"2026-03-28T16:23:01","modified_gmt":"2026-03-28T15:23:01","slug":"z-pielgrzymka-do-sw-jozefa","status":"publish","type":"page","link":"https:\/\/www.faustyna.pl\/zmbm\/z-pielgrzymka-do-sw-jozefa\/","title":{"rendered":"Z pielgrzymk\u0105 do \u015bw. J\u00f3zefa"},"content":{"rendered":"<p style=\"text-align: justify\"><a href=\"https:\/\/www.faustyna.pl\/zmbm\/wp-content\/uploads\/2026\/03\/Kalisz_sw_Jozef_obraz_ISMM.jpg\" data-gallery><img loading=\"lazy\" decoding=\"async\" class=\"size-medium wp-image-32067 alignnone\" src=\"https:\/\/www.faustyna.pl\/zmbm\/wp-content\/uploads\/2026\/03\/Kalisz_sw_Jozef_obraz_ISMM-560x333.jpg\" alt=\"\" width=\"560\" height=\"333\" srcset=\"https:\/\/www.faustyna.pl\/zmbm\/wp-content\/uploads\/2026\/03\/Kalisz_sw_Jozef_obraz_ISMM-560x333.jpg 560w, https:\/\/www.faustyna.pl\/zmbm\/wp-content\/uploads\/2026\/03\/Kalisz_sw_Jozef_obraz_ISMM-140x83.jpg 140w, https:\/\/www.faustyna.pl\/zmbm\/wp-content\/uploads\/2026\/03\/Kalisz_sw_Jozef_obraz_ISMM.jpg 1024w\" sizes=\"auto, (max-width: 560px) 100vw, 560px\" \/><\/a><\/p>\n<p style=\"text-align: justify\">28 marca br. odb\u0119dzie si\u0119 tradycyjna, ju\u017c XIX, pielgrzymka Zgromadzenia Si\u00f3str Matki Bo\u017cej Mi\u0142osierdzia do Sanktuarium \u015bw. J\u00f3zefa w Kaliszu, na kt\u00f3r\u0105 przyb\u0119d\u0105 delegacje z wielu klasztor\u00f3w. Uroczystej Eucharystii o godzinie 12.00 przewodniczy\u0107 b\u0119dzie bp \u0141ukasz Buzun z diecezji kaliskiej. Msz\u0119 \u015bw. poprzedzi okoliczno\u015bciowa konferencja, kt\u00f3r\u0105 wyg\u0142osi ks. Bogumi\u0142 Kempa. Po Eucharystii prze\u0142o\u017cona generalna m. Miriam Janiec ponowi akt zawierzenia Zgromadzenia opiece \u015bw. J\u00f3zefa. Po obiedzie spektakl \u201eOcaleni przez \u015bw. J\u00f3zefa\u201d w wykonaniu dziewcz\u0105t z Domu Mi\u0142osierdzia w Kaliszu \u00a0i spotkanie w klasztorze.<\/p>\n<p>&nbsp;<\/p>\n","protected":false},"excerpt":{"rendered":"<p>28 marca br. odb\u0119dzie si\u0119 tradycyjna, ju\u017c XIX, pielgrzymka Zgromadzenia Si\u00f3str Matki Bo\u017cej Mi\u0142osierdzia do Sanktuarium \u015bw. J\u00f3zefa w Kaliszu, na kt\u00f3r\u0105 przyb\u0119d\u0105 delegacje z wielu klasztor\u00f3w. Uroczystej Eucharystii o godzinie 12.00 przewodniczy\u0107 b\u0119dzie bp \u0141ukasz Buzun z diecezji kaliskiej. Msz\u0119 \u015bw. poprzedzi okoliczno\u015bciowa konferencja, kt\u00f3r\u0105 wyg\u0142osi ks. Bogumi\u0142 Kempa. Po Eucharystii prze\u0142o\u017cona generalna m. [&hellip;]<\/p>\n","protected":false},"author":2,"featured_media":32067,"parent":0,"menu_order":-1572,"comment_status":"closed","ping_status":"closed","template":"","meta":{"footnotes":""},"categories":[104],"tags":[],"class_list":["post-6715","page","type-page","status-publish","has-post-thumbnail","hentry","category-archiwum"],"_links":{"self":[{"href":"https:\/\/www.faustyna.pl\/zmbm\/wp-json\/wp\/v2\/pages\/6715","targetHints":{"allow":["GET"]}}],"collection":[{"href":"https:\/\/www.faustyna.pl\/zmbm\/wp-json\/wp\/v2\/pages"}],"about":[{"href":"https:\/\/www.faustyna.pl\/zmbm\/wp-json\/wp\/v2\/types\/page"}],"author":[{"embeddable":true,"href":"https:\/\/www.faustyna.pl\/zmbm\/wp-json\/wp\/v2\/users\/2"}],"replies":[{"embeddable":true,"href":"https:\/\/www.faustyna.pl\/zmbm\/wp-json\/wp\/v2\/comments?post=6715"}],"version-history":[{"count":4,"href":"https:\/\/www.faustyna.pl\/zmbm\/wp-json\/wp\/v2\/pages\/6715\/revisions"}],"predecessor-version":[{"id":32068,"href":"https:\/\/www.faustyna.pl\/zmbm\/wp-json\/wp\/v2\/pages\/6715\/revisions\/32068"}],"wp:featuredmedia":[{"embeddable":true,"href":"https:\/\/www.faustyna.pl\/zmbm\/wp-json\/wp\/v2\/media\/32067"}],"wp:attachment":[{"href":"https:\/\/www.faustyna.pl\/zmbm\/wp-json\/wp\/v2\/media?parent=6715"}],"wp:term":[{"taxonomy":"category","embeddable":true,"href":"https:\/\/www.faustyna.pl\/zmbm\/wp-json\/wp\/v2\/categories?post=6715"},{"taxonomy":"post_tag","embeddable":true,"href":"https:\/\/www.faustyna.pl\/zmbm\/wp-json\/wp\/v2\/tags?post=6715"}],"curies":[{"name":"wp","href":"https:\/\/api.w.org\/{rel}","templated":true}]}}